{"id":44335,"date":"2022-09-01T07:53:14","date_gmt":"2022-09-01T04:53:14","guid":{"rendered":"https:\/\/umfcluj.ro\/universitate\/rectorat\/departament-studenti-internationali\/sederea-legala-a-cetatenilor-straini-in-romania\/"},"modified":"2024-03-27T18:55:01","modified_gmt":"2024-03-27T16:55:01","slug":"sejour-legal-des-citoyens-etrangers-en-roumanie","status":"publish","type":"unv","link":"https:\/\/umfcluj.ro\/fr\/universite\/rectorat\/departement-etudiants-internationaux\/sejour-legal-citoyens-etrangers-roumanie\/","title":{"rendered":"S\u00e9jour l\u00e9gal des citoyens \u00e9trangers en Roumanie"},"content":{"rendered":"<p>Pentru \u0219ederea \u00een Romania pe perioada studiilor trebuie s\u0103 \u00eendeplini\u021bi c\u00e2teva formalit\u0103\u021bi legale, care sunt diferite \u00een fun\u021bie de provenien\u021b\u0103 &#8211; din Uniunea European\u0103 sau din alte \u021b\u0103ri, dupa cum urmeaz\u0103:<\/p>\n<p>&nbsp;<\/p>\n<ol>\n<li><strong>Cet\u0103\u021benii Uniunii Europene, ai SEE \u015fi ai Confedera\u0163iei Elve\u0163iene<\/strong><\/li>\n<\/ol>\n<p>&nbsp;<\/p>\n<p>Dac\u0103 sunte\u021bi cet\u0103\u021bean al unui stat din Uniunea European\u0103, Spa\u021biul Economic European sau Confedera\u021bia Elve\u021bian\u0103 \u0219i a\u021bi fost admis s\u0103 studia\u021bi la Universitatea de Medicin\u0103 \u0219i Farmacie Cluj-Napoca, trebuie s\u0103 v\u0103 \u00eenregistra\u021bi reziden\u021ba la biroul Inspectoratului General pentru Imigr\u0103ri Cluj.<\/p>\n<p>Certificatul de \u00eenregistrare (CNP) se emite \u00een aceea\u0219i zi \u0219i este valabil pentru o perioad\u0103 de p\u00e2n\u0103 la 5 ani, dar nu mai pu\u021bin de un an.<\/p>\n<p>Pentru ob\u021binerea certificatului de \u00eenregistrare trebuie s\u0103 prezenta\u021bi la biroul Inspectoratului General pentru Imigr\u0103ri Cluj, o serie de documente, printre care \u0219i o adeverin\u021b\u0103 care atest\u0103 calitatea dumneavoastr\u0103 de student, eliberat\u0103 de universitate. <a href=\"https:\/\/igi.mai.gov.ro\/wp-content\/uploads\/2021\/10\/adeverinta-studii.pdf\">Adeverin\u021ba<\/a> se elibereaz\u0103 de c\u0103tre Departamentul Studen\u021bi Interna\u021bionali din cadrul Universit\u0103\u021bii de Medicin\u0103 \u0219i Farmacie Iuliu Ha\u021bieganu, din Cluj-Napoca, \u00een temen de 10 zile lucr\u0103toare de la data depunerii cererii.<\/p>\n<p>Pentru mai multe informa\u021bii despre documentele necesare ob\u021binerii certificatului de \u00eenregistrare, v\u0103 rug\u0103m s\u0103 verifica\u021bi linkul urm\u0103tor\u00a0: <a href=\"https:\/\/igi.mai.gov.ro\/cetatenii-din-statele-ue-see\/\">https:\/\/igi.mai.gov.ro\/cetatenii-din-statele-ue-see\/<\/a>.<\/p>\n<p>Informa\u021bii suplimentare despre adres\u0103 \u0219i program de func\u021bionare, g\u0103si\u021bi la urm\u0103torul link\u00a0: <a href=\"https:\/\/igi.mai.gov.ro\/cluj\/\">https:\/\/igi.mai.gov.ro\/cluj\/<\/a>.<\/p>\n<p>&nbsp;<\/p>\n<ol start=\"2\">\n<li><strong>Cet\u0103\u021benii din \u021b\u0103ri ter\u021be UE<\/strong><\/li>\n<\/ol>\n<p>&nbsp;<\/p>\n<p>Dac\u0103 dori\u021bi s\u0103 studia\u021bi \u00een Rom\u00e2nia \u0219i ave\u021bi cet\u0103\u021benia unui stat din afara Uniunii Europene \u0219i a Spa\u021biului Economic European, trebuie s\u0103 urma\u021bi c\u00e2\u021biva pa\u0219i. Pentru \u00eenceput, trebuie s\u0103 v\u0103 \u00eenscrie\u021bi la Universitatea de Medicin\u0103 \u0219i Farmacie Cluj-Napoca \u0219i s\u0103 fi\u021bi admis.<\/p>\n<p>Urm\u0103torul pas este ob\u021binerea vizei de lung\u0103 \u0219edere pentru studii, de la misiunile diplomatice \u0219i oficiile consulare ale Rom\u00e2niei.<\/p>\n<p>Dup\u0103\u00a0intrarea \u00een Rom\u00e2nia, trebuie s\u0103\u00a0obtine\u021bi un permis de \u0219edere. Acesta atest\u0103\u00a0dreptul dumneavoastr\u0103\u00a0de \u0219edere \u00een Rom\u00e2nia \u0219i \u00eel pute\u021bi ob\u021bine de la biroul Inspectoratului General pentru Imigr\u0103ri Cluj.<\/p>\n<p>Pentru ob\u021binerea permisului de \u0219edere ve\u021bi depune personal o serie de documente cu cel pu\u021bin 30 de zile \u00eenainte de expirarea dreptului de \u0219edere acordat de viz\u0103. De asemenea, ave\u021bi posibilitatea de a depune documentele \u0219i prin intermediul aplica\u021biei online, disponibil\u0103\u00a0la adresa\u00a0<a href=\"https:\/\/portaligi.mai.gov.ro\/portaligi\/\">https:\/\/portaligi.mai.gov.ro\/portaligi\/<\/a><\/p>\n<p>Printre documentele necesare se g\u0103se\u0219te \u0219i <a href=\"https:\/\/igi.mai.gov.ro\/wp-content\/uploads\/2021\/10\/adeverinta-studii.pdf\">adeverin\u021ba<\/a> care atest\u0103 calitatea de student, care se eliberaz\u0103 de c\u0103tre Departamentul Studen\u021bi Interna\u021bionali, din cadrul Universit\u0103\u021bii de Medicin\u0103 \u0219i Farmacie Iuliu Ha\u021bieganu Cluj-Napoca, \u00een temen de 10 zile lucr\u0103toare de la data depunerii cererii.<\/p>\n<p>Pentru mai multe informa\u021bii despre documentele necesare v\u0103 rug\u0103m s\u0103 verifica\u021bi linkul urm\u0103tor\u00a0: <a href=\"https:\/\/igi.mai.gov.ro\/studii\/\">https:\/\/igi.mai.gov.ro\/studii\/<\/a><\/p>\n<p>Informa\u021bii suplimentare despre adres\u0103 \u0219i orar, g\u0103si\u021bi la urm\u0103torul link\u00a0: <a href=\"https:\/\/igi.mai.gov.ro\/cluj\/\">https:\/\/igi.mai.gov.ro\/cluj\/<\/a><\/p>\n<p>&nbsp;<\/p>\n","protected":false},"featured_media":32701,"parent":44238,"menu_order":3,"template":"","class_list":["post-44335","unv","type-unv","status-publish","has-post-thumbnail","hentry"],"acf":[],"yoast_head":"<!-- This site is optimized with the Yoast SEO plugin v27.5 - https:\/\/yoast.com\/product\/yoast-seo-wordpress\/ -->\n<title>S\u00e9jour l\u00e9gal des citoyens \u00e9trangers en Roumanie - UMF Cluj<\/title>\n<meta name=\"robots\" content=\"index, follow, max-snippet:-1, max-image-preview:large, max-video-preview:-1\" \/>\n<link rel=\"canonical\" href=\"https:\/\/umfcluj.ro\/fr\/universite\/rectorat\/departement-etudiants-internationaux\/sejour-legal-citoyens-etrangers-roumanie\/\" \/>\n<meta property=\"og:locale\" content=\"fr_FR\" \/>\n<meta property=\"og:type\" content=\"article\" \/>\n<meta property=\"og:title\" content=\"S\u00e9jour l\u00e9gal des citoyens \u00e9trangers en Roumanie - UMF Cluj\" \/>\n<meta property=\"og:description\" content=\"Pentru \u0219ederea \u00een Romania pe perioada studiilor trebuie s\u0103 \u00eendeplini\u021bi c\u00e2teva formalit\u0103\u021bi legale, care sunt diferite \u00een fun\u021bie de provenien\u021b\u0103 &#8211; din Uniunea European\u0103 sau din alte \u021b\u0103ri, dupa cum urmeaz\u0103: &nbsp; Cet\u0103\u021benii Uniunii Europene, ai SEE \u015fi ai Confedera\u0163iei Elve\u0163iene &nbsp; Dac\u0103 sunte\u021bi cet\u0103\u021bean al unui stat din Uniunea European\u0103, Spa\u021biul Economic European sau [&hellip;]\" \/>\n<meta property=\"og:url\" content=\"https:\/\/umfcluj.ro\/fr\/universite\/rectorat\/departement-etudiants-internationaux\/sejour-legal-citoyens-etrangers-roumanie\/\" \/>\n<meta property=\"og:site_name\" content=\"UMF Cluj\" \/>\n<meta property=\"article:modified_time\" content=\"2024-03-27T16:55:01+00:00\" \/>\n<meta property=\"og:image\" content=\"https:\/\/cdn.umfcluj.ro\/uploads\/2021\/09\/asse_15.jpg\" \/>\n\t<meta property=\"og:image:width\" content=\"1300\" \/>\n\t<meta property=\"og:image:height\" content=\"894\" \/>\n\t<meta property=\"og:image:type\" content=\"image\/jpeg\" \/>\n<meta name=\"twitter:card\" content=\"summary_large_image\" \/>\n<meta name=\"twitter:label1\" content=\"Dur\u00e9e de lecture estim\u00e9e\" \/>\n\t<meta name=\"twitter:data1\" content=\"3 minutes\" \/>\n<script type=\"application\/ld+json\" class=\"yoast-schema-graph\">{\"@context\":\"https:\\\/\\\/schema.org\",\"@graph\":[{\"@type\":\"WebPage\",\"@id\":\"https:\\\/\\\/umfcluj.ro\\\/fr\\\/universite\\\/rectorat\\\/departement-etudiants-internationaux\\\/sejour-legal-citoyens-etrangers-roumanie\\\/\",\"url\":\"https:\\\/\\\/umfcluj.ro\\\/fr\\\/universite\\\/rectorat\\\/departement-etudiants-internationaux\\\/sejour-legal-citoyens-etrangers-roumanie\\\/\",\"name\":\"S\u00e9jour l\u00e9gal des citoyens \u00e9trangers en Roumanie - UMF Cluj\",\"isPartOf\":{\"@id\":\"https:\\\/\\\/umfcluj.ro\\\/fr\\\/#website\"},\"primaryImageOfPage\":{\"@id\":\"https:\\\/\\\/umfcluj.ro\\\/fr\\\/universite\\\/rectorat\\\/departement-etudiants-internationaux\\\/sejour-legal-citoyens-etrangers-roumanie\\\/#primaryimage\"},\"image\":{\"@id\":\"https:\\\/\\\/umfcluj.ro\\\/fr\\\/universite\\\/rectorat\\\/departement-etudiants-internationaux\\\/sejour-legal-citoyens-etrangers-roumanie\\\/#primaryimage\"},\"thumbnailUrl\":\"https:\\\/\\\/cdn.umfcluj.ro\\\/uploads\\\/2021\\\/09\\\/asse_15.jpg\",\"datePublished\":\"2022-09-01T04:53:14+00:00\",\"dateModified\":\"2024-03-27T16:55:01+00:00\",\"breadcrumb\":{\"@id\":\"https:\\\/\\\/umfcluj.ro\\\/fr\\\/universite\\\/rectorat\\\/departement-etudiants-internationaux\\\/sejour-legal-citoyens-etrangers-roumanie\\\/#breadcrumb\"},\"inLanguage\":\"fr-FR\",\"potentialAction\":[{\"@type\":\"ReadAction\",\"target\":[\"https:\\\/\\\/umfcluj.ro\\\/fr\\\/universite\\\/rectorat\\\/departement-etudiants-internationaux\\\/sejour-legal-citoyens-etrangers-roumanie\\\/\"]}]},{\"@type\":\"ImageObject\",\"inLanguage\":\"fr-FR\",\"@id\":\"https:\\\/\\\/umfcluj.ro\\\/fr\\\/universite\\\/rectorat\\\/departement-etudiants-internationaux\\\/sejour-legal-citoyens-etrangers-roumanie\\\/#primaryimage\",\"url\":\"https:\\\/\\\/cdn.umfcluj.ro\\\/uploads\\\/2021\\\/09\\\/asse_15.jpg\",\"contentUrl\":\"https:\\\/\\\/cdn.umfcluj.ro\\\/uploads\\\/2021\\\/09\\\/asse_15.jpg\",\"width\":1300,\"height\":894},{\"@type\":\"BreadcrumbList\",\"@id\":\"https:\\\/\\\/umfcluj.ro\\\/fr\\\/universite\\\/rectorat\\\/departement-etudiants-internationaux\\\/sejour-legal-citoyens-etrangers-roumanie\\\/#breadcrumb\",\"itemListElement\":[{\"@type\":\"ListItem\",\"position\":1,\"name\":\"Accueil\",\"item\":\"https:\\\/\\\/umfcluj.ro\\\/fr\\\/\"},{\"@type\":\"ListItem\",\"position\":2,\"name\":\"Universit\u00e9\",\"item\":\"https:\\\/\\\/umfcluj.ro\\\/fr\\\/universite\\\/\"},{\"@type\":\"ListItem\",\"position\":3,\"name\":\"Rectorat\",\"item\":\"https:\\\/\\\/umfcluj.ro\\\/fr\\\/universite\\\/rectorat\\\/\"},{\"@type\":\"ListItem\",\"position\":4,\"name\":\"D\u00e9partement des \u00e9tudiants internationaux\",\"item\":\"https:\\\/\\\/umfcluj.ro\\\/fr\\\/universite\\\/rectorat\\\/departement-etudiants-internationaux\\\/\"},{\"@type\":\"ListItem\",\"position\":5,\"name\":\"S\u00e9jour l\u00e9gal des citoyens \u00e9trangers en Roumanie\"}]},{\"@type\":\"WebSite\",\"@id\":\"https:\\\/\\\/umfcluj.ro\\\/fr\\\/#website\",\"url\":\"https:\\\/\\\/umfcluj.ro\\\/fr\\\/\",\"name\":\"UMF Cluj\",\"description\":\"Universitatea de Medicina si Farmacie Iuliu Ha\u021bieganu Cluj Napoca\",\"publisher\":{\"@id\":\"https:\\\/\\\/umfcluj.ro\\\/fr\\\/#organization\"},\"potentialAction\":[{\"@type\":\"SearchAction\",\"target\":{\"@type\":\"EntryPoint\",\"urlTemplate\":\"https:\\\/\\\/umfcluj.ro\\\/fr\\\/?s={search_term_string}\"},\"query-input\":{\"@type\":\"PropertyValueSpecification\",\"valueRequired\":true,\"valueName\":\"search_term_string\"}}],\"inLanguage\":\"fr-FR\"},{\"@type\":\"Organization\",\"@id\":\"https:\\\/\\\/umfcluj.ro\\\/fr\\\/#organization\",\"name\":\"UMF Cluj\",\"url\":\"https:\\\/\\\/umfcluj.ro\\\/fr\\\/\",\"logo\":{\"@type\":\"ImageObject\",\"inLanguage\":\"fr-FR\",\"@id\":\"https:\\\/\\\/umfcluj.ro\\\/fr\\\/#\\\/schema\\\/logo\\\/image\\\/\",\"url\":\"https:\\\/\\\/cdn.umfcluj.ro\\\/uploads\\\/2021\\\/05\\\/logo-umfcluj.svg\",\"contentUrl\":\"https:\\\/\\\/cdn.umfcluj.ro\\\/uploads\\\/2021\\\/05\\\/logo-umfcluj.svg\",\"width\":170,\"height\":77,\"caption\":\"UMF Cluj\"},\"image\":{\"@id\":\"https:\\\/\\\/umfcluj.ro\\\/fr\\\/#\\\/schema\\\/logo\\\/image\\\/\"}}]}<\/script>\n<!-- \/ Yoast SEO plugin. -->","yoast_head_json":{"title":"S\u00e9jour l\u00e9gal des citoyens \u00e9trangers en Roumanie - UMF Cluj","robots":{"index":"index","follow":"follow","max-snippet":"max-snippet:-1","max-image-preview":"max-image-preview:large","max-video-preview":"max-video-preview:-1"},"canonical":"https:\/\/umfcluj.ro\/fr\/universite\/rectorat\/departement-etudiants-internationaux\/sejour-legal-citoyens-etrangers-roumanie\/","og_locale":"fr_FR","og_type":"article","og_title":"S\u00e9jour l\u00e9gal des citoyens \u00e9trangers en Roumanie - UMF Cluj","og_description":"Pentru \u0219ederea \u00een Romania pe perioada studiilor trebuie s\u0103 \u00eendeplini\u021bi c\u00e2teva formalit\u0103\u021bi legale, care sunt diferite \u00een fun\u021bie de provenien\u021b\u0103 &#8211; din Uniunea European\u0103 sau din alte \u021b\u0103ri, dupa cum urmeaz\u0103: &nbsp; Cet\u0103\u021benii Uniunii Europene, ai SEE \u015fi ai Confedera\u0163iei Elve\u0163iene &nbsp; Dac\u0103 sunte\u021bi cet\u0103\u021bean al unui stat din Uniunea European\u0103, Spa\u021biul Economic European sau [&hellip;]","og_url":"https:\/\/umfcluj.ro\/fr\/universite\/rectorat\/departement-etudiants-internationaux\/sejour-legal-citoyens-etrangers-roumanie\/","og_site_name":"UMF Cluj","article_modified_time":"2024-03-27T16:55:01+00:00","og_image":[{"width":1300,"height":894,"url":"https:\/\/cdn.umfcluj.ro\/uploads\/2021\/09\/asse_15.jpg","type":"image\/jpeg"}],"twitter_card":"summary_large_image","twitter_misc":{"Dur\u00e9e de lecture estim\u00e9e":"3 minutes"},"schema":{"@context":"https:\/\/schema.org","@graph":[{"@type":"WebPage","@id":"https:\/\/umfcluj.ro\/fr\/universite\/rectorat\/departement-etudiants-internationaux\/sejour-legal-citoyens-etrangers-roumanie\/","url":"https:\/\/umfcluj.ro\/fr\/universite\/rectorat\/departement-etudiants-internationaux\/sejour-legal-citoyens-etrangers-roumanie\/","name":"S\u00e9jour l\u00e9gal des citoyens \u00e9trangers en Roumanie - UMF Cluj","isPartOf":{"@id":"https:\/\/umfcluj.ro\/fr\/#website"},"primaryImageOfPage":{"@id":"https:\/\/umfcluj.ro\/fr\/universite\/rectorat\/departement-etudiants-internationaux\/sejour-legal-citoyens-etrangers-roumanie\/#primaryimage"},"image":{"@id":"https:\/\/umfcluj.ro\/fr\/universite\/rectorat\/departement-etudiants-internationaux\/sejour-legal-citoyens-etrangers-roumanie\/#primaryimage"},"thumbnailUrl":"https:\/\/cdn.umfcluj.ro\/uploads\/2021\/09\/asse_15.jpg","datePublished":"2022-09-01T04:53:14+00:00","dateModified":"2024-03-27T16:55:01+00:00","breadcrumb":{"@id":"https:\/\/umfcluj.ro\/fr\/universite\/rectorat\/departement-etudiants-internationaux\/sejour-legal-citoyens-etrangers-roumanie\/#breadcrumb"},"inLanguage":"fr-FR","potentialAction":[{"@type":"ReadAction","target":["https:\/\/umfcluj.ro\/fr\/universite\/rectorat\/departement-etudiants-internationaux\/sejour-legal-citoyens-etrangers-roumanie\/"]}]},{"@type":"ImageObject","inLanguage":"fr-FR","@id":"https:\/\/umfcluj.ro\/fr\/universite\/rectorat\/departement-etudiants-internationaux\/sejour-legal-citoyens-etrangers-roumanie\/#primaryimage","url":"https:\/\/cdn.umfcluj.ro\/uploads\/2021\/09\/asse_15.jpg","contentUrl":"https:\/\/cdn.umfcluj.ro\/uploads\/2021\/09\/asse_15.jpg","width":1300,"height":894},{"@type":"BreadcrumbList","@id":"https:\/\/umfcluj.ro\/fr\/universite\/rectorat\/departement-etudiants-internationaux\/sejour-legal-citoyens-etrangers-roumanie\/#breadcrumb","itemListElement":[{"@type":"ListItem","position":1,"name":"Accueil","item":"https:\/\/umfcluj.ro\/fr\/"},{"@type":"ListItem","position":2,"name":"Universit\u00e9","item":"https:\/\/umfcluj.ro\/fr\/universite\/"},{"@type":"ListItem","position":3,"name":"Rectorat","item":"https:\/\/umfcluj.ro\/fr\/universite\/rectorat\/"},{"@type":"ListItem","position":4,"name":"D\u00e9partement des \u00e9tudiants internationaux","item":"https:\/\/umfcluj.ro\/fr\/universite\/rectorat\/departement-etudiants-internationaux\/"},{"@type":"ListItem","position":5,"name":"S\u00e9jour l\u00e9gal des citoyens \u00e9trangers en Roumanie"}]},{"@type":"WebSite","@id":"https:\/\/umfcluj.ro\/fr\/#website","url":"https:\/\/umfcluj.ro\/fr\/","name":"UMF Cluj","description":"Universitatea de Medicina si Farmacie Iuliu Ha\u021bieganu Cluj Napoca","publisher":{"@id":"https:\/\/umfcluj.ro\/fr\/#organization"},"potentialAction":[{"@type":"SearchAction","target":{"@type":"EntryPoint","urlTemplate":"https:\/\/umfcluj.ro\/fr\/?s={search_term_string}"},"query-input":{"@type":"PropertyValueSpecification","valueRequired":true,"valueName":"search_term_string"}}],"inLanguage":"fr-FR"},{"@type":"Organization","@id":"https:\/\/umfcluj.ro\/fr\/#organization","name":"UMF Cluj","url":"https:\/\/umfcluj.ro\/fr\/","logo":{"@type":"ImageObject","inLanguage":"fr-FR","@id":"https:\/\/umfcluj.ro\/fr\/#\/schema\/logo\/image\/","url":"https:\/\/cdn.umfcluj.ro\/uploads\/2021\/05\/logo-umfcluj.svg","contentUrl":"https:\/\/cdn.umfcluj.ro\/uploads\/2021\/05\/logo-umfcluj.svg","width":170,"height":77,"caption":"UMF Cluj"},"image":{"@id":"https:\/\/umfcluj.ro\/fr\/#\/schema\/logo\/image\/"}}]}},"_links":{"self":[{"href":"https:\/\/umfcluj.ro\/fr\/wp-json\/wp\/v2\/unv\/44335","targetHints":{"allow":["GET"]}}],"collection":[{"href":"https:\/\/umfcluj.ro\/fr\/wp-json\/wp\/v2\/unv"}],"about":[{"href":"https:\/\/umfcluj.ro\/fr\/wp-json\/wp\/v2\/types\/unv"}],"version-history":[{"count":1,"href":"https:\/\/umfcluj.ro\/fr\/wp-json\/wp\/v2\/unv\/44335\/revisions"}],"predecessor-version":[{"id":44382,"href":"https:\/\/umfcluj.ro\/fr\/wp-json\/wp\/v2\/unv\/44335\/revisions\/44382"}],"up":[{"embeddable":true,"href":"https:\/\/umfcluj.ro\/fr\/wp-json\/wp\/v2\/unv\/44238"}],"wp:featuredmedia":[{"embeddable":true,"href":"https:\/\/umfcluj.ro\/fr\/wp-json\/wp\/v2\/media\/32701"}],"wp:attachment":[{"href":"https:\/\/umfcluj.ro\/fr\/wp-json\/wp\/v2\/media?parent=44335"}],"curies":[{"name":"wp","href":"https:\/\/api.w.org\/{rel}","templated":true}]}}