{"id":46119,"date":"2021-12-13T03:44:20","date_gmt":"2021-12-13T01:44:20","guid":{"rendered":"https:\/\/umfcluj.ro\/medicina\/faculte\/departamente\/departamentul-8\/chirurgie-pediatrica\/"},"modified":"2024-07-31T13:18:10","modified_gmt":"2024-07-31T10:18:10","slug":"chirurgie-pediatrique","status":"publish","type":"med","link":"https:\/\/umfcluj.ro\/fr\/medecine\/faculte\/departements\/departement-8\/chirurgie-pediatrique\/","title":{"rendered":"Chirurgie p\u00e9diatrique"},"content":{"rendered":"<p><strong>Chirurgie p\u00e9diatrique<\/strong><\/p>\n<p>Adresse: Rue Mo\u0163ilor, Nr. 66-68, Ortopedie Pediatric\u0103 str. Viilor nr. 46-50<br \/>\nE-mail: <a href=\"mailto:chirpedi@umfcluj.ro\">chirpedi@umfcluj.ro<\/a><\/p>\n<p><strong>Chef de Discipline<\/strong>: Maitre assistant dr. Gocan Hora\u021biu<\/p>\n<p>&nbsp;<\/p>\n<p>Le collectif de la discipline<\/p>\n<p><strong>Assistant des universit\u00e9s Budu\u015fan Anca<\/strong><\/p>\n<p><strong>Assistant des universit\u00e9s Farkas Bela Alexandru<\/strong><\/p>\n<p><strong>Maitre assistant Gocan Hora\u0163iu Viorel<\/strong><\/p>\n<p><strong>Assistant des universit\u00e9s Muresan Rodica Ana<\/strong><\/p>\n<p>&nbsp;<\/p>\n<p><img fetchpriority=\"high\" decoding=\"async\" class=\"alignnone size-medium wp-image-9337\" src=\"https:\/\/cdn.umfcluj.ro\/uploads\/2021\/12\/Negrea-Voicu-Mihai-1-221x300.jpg\" alt=\"\" width=\"221\" height=\"300\" srcset=\"https:\/\/cdn.umfcluj.ro\/uploads\/2021\/12\/Negrea-Voicu-Mihai-1-221x300.jpg 221w, https:\/\/cdn.umfcluj.ro\/uploads\/2021\/12\/Negrea-Voicu-Mihai-1-753x1024.jpg 753w, https:\/\/cdn.umfcluj.ro\/uploads\/2021\/12\/Negrea-Voicu-Mihai-1-768x1044.jpg 768w, https:\/\/cdn.umfcluj.ro\/uploads\/2021\/12\/Negrea-Voicu-Mihai-1.jpg 956w\" sizes=\"(max-width: 221px) 100vw, 221px\" \/><\/p>\n<p><strong>Assistant des universit\u00e9s Negrea Voicu-Mihai<\/strong><\/p>\n<p><strong>Assistant des universit\u00e9s Surd Adrian-Onisim<\/strong><\/p>\n<p><strong>Assistant des universit\u00e9s Timi\u015f Bogdan<\/strong><\/p>\n","protected":false},"featured_media":37349,"parent":46117,"menu_order":1,"template":"","format":"standard","class_list":["post-46119","med","type-med","status-publish","format-standard","has-post-thumbnail","hentry"],"acf":[],"yoast_head":"<!-- This site is optimized with the Yoast SEO plugin v27.5 - https:\/\/yoast.com\/product\/yoast-seo-wordpress\/ -->\n<title>Chirurgie p\u00e9diatrique - UMF Cluj<\/title>\n<meta name=\"robots\" content=\"index, follow, max-snippet:-1, max-image-preview:large, max-video-preview:-1\" \/>\n<link rel=\"canonical\" href=\"https:\/\/umfcluj.ro\/fr\/medecine\/faculte\/departements\/departement-8\/chirurgie-pediatrique\/\" \/>\n<meta property=\"og:locale\" content=\"fr_FR\" \/>\n<meta property=\"og:type\" content=\"article\" \/>\n<meta property=\"og:title\" content=\"Chirurgie p\u00e9diatrique - UMF Cluj\" \/>\n<meta property=\"og:description\" content=\"Chirurgie p\u00e9diatrique Adresse: Rue Mo\u0163ilor, Nr. 66-68, Ortopedie Pediatric\u0103 str. Viilor nr. 46-50 E-mail: chirpedi@umfcluj.ro Chef de Discipline: Maitre assistant dr. Gocan Hora\u021biu &nbsp; Le collectif de la discipline Assistant des universit\u00e9s Budu\u015fan Anca Assistant des universit\u00e9s Farkas Bela Alexandru Maitre assistant Gocan Hora\u0163iu Viorel Assistant des universit\u00e9s Muresan Rodica Ana &nbsp; Assistant des universit\u00e9s [&hellip;]\" \/>\n<meta property=\"og:url\" content=\"https:\/\/umfcluj.ro\/fr\/medecine\/faculte\/departements\/departement-8\/chirurgie-pediatrique\/\" \/>\n<meta property=\"og:site_name\" content=\"UMF Cluj\" \/>\n<meta property=\"article:modified_time\" content=\"2024-07-31T10:18:10+00:00\" \/>\n<meta property=\"og:image\" content=\"https:\/\/cdn.umfcluj.ro\/uploads\/2021\/12\/Chirurgie_pediatrica.jpg\" \/>\n\t<meta property=\"og:image:width\" content=\"1152\" \/>\n\t<meta property=\"og:image:height\" content=\"768\" \/>\n\t<meta property=\"og:image:type\" content=\"image\/jpeg\" \/>\n<meta name=\"twitter:card\" content=\"summary_large_image\" \/>\n<script type=\"application\/ld+json\" class=\"yoast-schema-graph\">{\"@context\":\"https:\\\/\\\/schema.org\",\"@graph\":[{\"@type\":\"WebPage\",\"@id\":\"https:\\\/\\\/umfcluj.ro\\\/fr\\\/medecine\\\/faculte\\\/departements\\\/departement-8\\\/chirurgie-pediatrique\\\/\",\"url\":\"https:\\\/\\\/umfcluj.ro\\\/fr\\\/medecine\\\/faculte\\\/departements\\\/departement-8\\\/chirurgie-pediatrique\\\/\",\"name\":\"Chirurgie p\u00e9diatrique - UMF Cluj\",\"isPartOf\":{\"@id\":\"https:\\\/\\\/umfcluj.ro\\\/fr\\\/#website\"},\"primaryImageOfPage\":{\"@id\":\"https:\\\/\\\/umfcluj.ro\\\/fr\\\/medecine\\\/faculte\\\/departements\\\/departement-8\\\/chirurgie-pediatrique\\\/#primaryimage\"},\"image\":{\"@id\":\"https:\\\/\\\/umfcluj.ro\\\/fr\\\/medecine\\\/faculte\\\/departements\\\/departement-8\\\/chirurgie-pediatrique\\\/#primaryimage\"},\"thumbnailUrl\":\"https:\\\/\\\/cdn.umfcluj.ro\\\/uploads\\\/2021\\\/12\\\/Chirurgie_pediatrica.jpg\",\"datePublished\":\"2021-12-13T01:44:20+00:00\",\"dateModified\":\"2024-07-31T10:18:10+00:00\",\"breadcrumb\":{\"@id\":\"https:\\\/\\\/umfcluj.ro\\\/fr\\\/medecine\\\/faculte\\\/departements\\\/departement-8\\\/chirurgie-pediatrique\\\/#breadcrumb\"},\"inLanguage\":\"fr-FR\",\"potentialAction\":[{\"@type\":\"ReadAction\",\"target\":[\"https:\\\/\\\/umfcluj.ro\\\/fr\\\/medecine\\\/faculte\\\/departements\\\/departement-8\\\/chirurgie-pediatrique\\\/\"]}]},{\"@type\":\"ImageObject\",\"inLanguage\":\"fr-FR\",\"@id\":\"https:\\\/\\\/umfcluj.ro\\\/fr\\\/medecine\\\/faculte\\\/departements\\\/departement-8\\\/chirurgie-pediatrique\\\/#primaryimage\",\"url\":\"https:\\\/\\\/cdn.umfcluj.ro\\\/uploads\\\/2021\\\/12\\\/Chirurgie_pediatrica.jpg\",\"contentUrl\":\"https:\\\/\\\/cdn.umfcluj.ro\\\/uploads\\\/2021\\\/12\\\/Chirurgie_pediatrica.jpg\",\"width\":1152,\"height\":768},{\"@type\":\"BreadcrumbList\",\"@id\":\"https:\\\/\\\/umfcluj.ro\\\/fr\\\/medecine\\\/faculte\\\/departements\\\/departement-8\\\/chirurgie-pediatrique\\\/#breadcrumb\",\"itemListElement\":[{\"@type\":\"ListItem\",\"position\":1,\"name\":\"Accueil\",\"item\":\"https:\\\/\\\/umfcluj.ro\\\/fr\\\/\"},{\"@type\":\"ListItem\",\"position\":2,\"name\":\"Facult\u00e9 de m\u00e9decine\",\"item\":\"https:\\\/\\\/umfcluj.ro\\\/fr\\\/medecine\\\/\"},{\"@type\":\"ListItem\",\"position\":3,\"name\":\"Facult\u00e9\",\"item\":\"https:\\\/\\\/umfcluj.ro\\\/fr\\\/medecine\\\/faculte\\\/\"},{\"@type\":\"ListItem\",\"position\":4,\"name\":\"D\u00e9partements\",\"item\":\"https:\\\/\\\/umfcluj.ro\\\/fr\\\/medecine\\\/faculte\\\/departements\\\/\"},{\"@type\":\"ListItem\",\"position\":5,\"name\":\"D\u00e9partement 8 - M\u00e8re et enfant\",\"item\":\"https:\\\/\\\/umfcluj.ro\\\/fr\\\/medecine\\\/faculte\\\/departements\\\/departement-8\\\/\"},{\"@type\":\"ListItem\",\"position\":6,\"name\":\"Chirurgie p\u00e9diatrique\"}]},{\"@type\":\"WebSite\",\"@id\":\"https:\\\/\\\/umfcluj.ro\\\/fr\\\/#website\",\"url\":\"https:\\\/\\\/umfcluj.ro\\\/fr\\\/\",\"name\":\"UMF Cluj\",\"description\":\"Universitatea de Medicina si Farmacie Iuliu Ha\u021bieganu Cluj Napoca\",\"publisher\":{\"@id\":\"https:\\\/\\\/umfcluj.ro\\\/fr\\\/#organization\"},\"potentialAction\":[{\"@type\":\"SearchAction\",\"target\":{\"@type\":\"EntryPoint\",\"urlTemplate\":\"https:\\\/\\\/umfcluj.ro\\\/fr\\\/?s={search_term_string}\"},\"query-input\":{\"@type\":\"PropertyValueSpecification\",\"valueRequired\":true,\"valueName\":\"search_term_string\"}}],\"inLanguage\":\"fr-FR\"},{\"@type\":\"Organization\",\"@id\":\"https:\\\/\\\/umfcluj.ro\\\/fr\\\/#organization\",\"name\":\"UMF Cluj\",\"url\":\"https:\\\/\\\/umfcluj.ro\\\/fr\\\/\",\"logo\":{\"@type\":\"ImageObject\",\"inLanguage\":\"fr-FR\",\"@id\":\"https:\\\/\\\/umfcluj.ro\\\/fr\\\/#\\\/schema\\\/logo\\\/image\\\/\",\"url\":\"https:\\\/\\\/cdn.umfcluj.ro\\\/uploads\\\/2021\\\/05\\\/logo-umfcluj.svg\",\"contentUrl\":\"https:\\\/\\\/cdn.umfcluj.ro\\\/uploads\\\/2021\\\/05\\\/logo-umfcluj.svg\",\"width\":170,\"height\":77,\"caption\":\"UMF Cluj\"},\"image\":{\"@id\":\"https:\\\/\\\/umfcluj.ro\\\/fr\\\/#\\\/schema\\\/logo\\\/image\\\/\"}}]}<\/script>\n<!-- \/ Yoast SEO plugin. -->","yoast_head_json":{"title":"Chirurgie p\u00e9diatrique - UMF Cluj","robots":{"index":"index","follow":"follow","max-snippet":"max-snippet:-1","max-image-preview":"max-image-preview:large","max-video-preview":"max-video-preview:-1"},"canonical":"https:\/\/umfcluj.ro\/fr\/medecine\/faculte\/departements\/departement-8\/chirurgie-pediatrique\/","og_locale":"fr_FR","og_type":"article","og_title":"Chirurgie p\u00e9diatrique - UMF Cluj","og_description":"Chirurgie p\u00e9diatrique Adresse: Rue Mo\u0163ilor, Nr. 66-68, Ortopedie Pediatric\u0103 str. Viilor nr. 46-50 E-mail: chirpedi@umfcluj.ro Chef de Discipline: Maitre assistant dr. Gocan Hora\u021biu &nbsp; Le collectif de la discipline Assistant des universit\u00e9s Budu\u015fan Anca Assistant des universit\u00e9s Farkas Bela Alexandru Maitre assistant Gocan Hora\u0163iu Viorel Assistant des universit\u00e9s Muresan Rodica Ana &nbsp; Assistant des universit\u00e9s [&hellip;]","og_url":"https:\/\/umfcluj.ro\/fr\/medecine\/faculte\/departements\/departement-8\/chirurgie-pediatrique\/","og_site_name":"UMF Cluj","article_modified_time":"2024-07-31T10:18:10+00:00","og_image":[{"width":1152,"height":768,"url":"https:\/\/cdn.umfcluj.ro\/uploads\/2021\/12\/Chirurgie_pediatrica.jpg","type":"image\/jpeg"}],"twitter_card":"summary_large_image","schema":{"@context":"https:\/\/schema.org","@graph":[{"@type":"WebPage","@id":"https:\/\/umfcluj.ro\/fr\/medecine\/faculte\/departements\/departement-8\/chirurgie-pediatrique\/","url":"https:\/\/umfcluj.ro\/fr\/medecine\/faculte\/departements\/departement-8\/chirurgie-pediatrique\/","name":"Chirurgie p\u00e9diatrique - UMF Cluj","isPartOf":{"@id":"https:\/\/umfcluj.ro\/fr\/#website"},"primaryImageOfPage":{"@id":"https:\/\/umfcluj.ro\/fr\/medecine\/faculte\/departements\/departement-8\/chirurgie-pediatrique\/#primaryimage"},"image":{"@id":"https:\/\/umfcluj.ro\/fr\/medecine\/faculte\/departements\/departement-8\/chirurgie-pediatrique\/#primaryimage"},"thumbnailUrl":"https:\/\/cdn.umfcluj.ro\/uploads\/2021\/12\/Chirurgie_pediatrica.jpg","datePublished":"2021-12-13T01:44:20+00:00","dateModified":"2024-07-31T10:18:10+00:00","breadcrumb":{"@id":"https:\/\/umfcluj.ro\/fr\/medecine\/faculte\/departements\/departement-8\/chirurgie-pediatrique\/#breadcrumb"},"inLanguage":"fr-FR","potentialAction":[{"@type":"ReadAction","target":["https:\/\/umfcluj.ro\/fr\/medecine\/faculte\/departements\/departement-8\/chirurgie-pediatrique\/"]}]},{"@type":"ImageObject","inLanguage":"fr-FR","@id":"https:\/\/umfcluj.ro\/fr\/medecine\/faculte\/departements\/departement-8\/chirurgie-pediatrique\/#primaryimage","url":"https:\/\/cdn.umfcluj.ro\/uploads\/2021\/12\/Chirurgie_pediatrica.jpg","contentUrl":"https:\/\/cdn.umfcluj.ro\/uploads\/2021\/12\/Chirurgie_pediatrica.jpg","width":1152,"height":768},{"@type":"BreadcrumbList","@id":"https:\/\/umfcluj.ro\/fr\/medecine\/faculte\/departements\/departement-8\/chirurgie-pediatrique\/#breadcrumb","itemListElement":[{"@type":"ListItem","position":1,"name":"Accueil","item":"https:\/\/umfcluj.ro\/fr\/"},{"@type":"ListItem","position":2,"name":"Facult\u00e9 de m\u00e9decine","item":"https:\/\/umfcluj.ro\/fr\/medecine\/"},{"@type":"ListItem","position":3,"name":"Facult\u00e9","item":"https:\/\/umfcluj.ro\/fr\/medecine\/faculte\/"},{"@type":"ListItem","position":4,"name":"D\u00e9partements","item":"https:\/\/umfcluj.ro\/fr\/medecine\/faculte\/departements\/"},{"@type":"ListItem","position":5,"name":"D\u00e9partement 8 - M\u00e8re et enfant","item":"https:\/\/umfcluj.ro\/fr\/medecine\/faculte\/departements\/departement-8\/"},{"@type":"ListItem","position":6,"name":"Chirurgie p\u00e9diatrique"}]},{"@type":"WebSite","@id":"https:\/\/umfcluj.ro\/fr\/#website","url":"https:\/\/umfcluj.ro\/fr\/","name":"UMF Cluj","description":"Universitatea de Medicina si Farmacie Iuliu Ha\u021bieganu Cluj Napoca","publisher":{"@id":"https:\/\/umfcluj.ro\/fr\/#organization"},"potentialAction":[{"@type":"SearchAction","target":{"@type":"EntryPoint","urlTemplate":"https:\/\/umfcluj.ro\/fr\/?s={search_term_string}"},"query-input":{"@type":"PropertyValueSpecification","valueRequired":true,"valueName":"search_term_string"}}],"inLanguage":"fr-FR"},{"@type":"Organization","@id":"https:\/\/umfcluj.ro\/fr\/#organization","name":"UMF Cluj","url":"https:\/\/umfcluj.ro\/fr\/","logo":{"@type":"ImageObject","inLanguage":"fr-FR","@id":"https:\/\/umfcluj.ro\/fr\/#\/schema\/logo\/image\/","url":"https:\/\/cdn.umfcluj.ro\/uploads\/2021\/05\/logo-umfcluj.svg","contentUrl":"https:\/\/cdn.umfcluj.ro\/uploads\/2021\/05\/logo-umfcluj.svg","width":170,"height":77,"caption":"UMF Cluj"},"image":{"@id":"https:\/\/umfcluj.ro\/fr\/#\/schema\/logo\/image\/"}}]}},"_links":{"self":[{"href":"https:\/\/umfcluj.ro\/fr\/wp-json\/wp\/v2\/med\/46119","targetHints":{"allow":["GET"]}}],"collection":[{"href":"https:\/\/umfcluj.ro\/fr\/wp-json\/wp\/v2\/med"}],"about":[{"href":"https:\/\/umfcluj.ro\/fr\/wp-json\/wp\/v2\/types\/med"}],"version-history":[{"count":3,"href":"https:\/\/umfcluj.ro\/fr\/wp-json\/wp\/v2\/med\/46119\/revisions"}],"predecessor-version":[{"id":59174,"href":"https:\/\/umfcluj.ro\/fr\/wp-json\/wp\/v2\/med\/46119\/revisions\/59174"}],"up":[{"embeddable":true,"href":"https:\/\/umfcluj.ro\/fr\/wp-json\/wp\/v2\/med\/46117"}],"wp:featuredmedia":[{"embeddable":true,"href":"https:\/\/umfcluj.ro\/fr\/wp-json\/wp\/v2\/media\/37349"}],"wp:attachment":[{"href":"https:\/\/umfcluj.ro\/fr\/wp-json\/wp\/v2\/media?parent=46119"}],"curies":[{"name":"wp","href":"https:\/\/api.w.org\/{rel}","templated":true}]}}