{"id":45980,"date":"2021-12-13T03:42:32","date_gmt":"2021-12-13T01:42:32","guid":{"rendered":"https:\/\/umfcluj.ro\/medicina\/faculte\/departamente\/departamentul-7\/oftalmologie\/"},"modified":"2024-07-31T10:45:51","modified_gmt":"2024-07-31T07:45:51","slug":"oftalmologie","status":"publish","type":"med","link":"https:\/\/umfcluj.ro\/fr\/medecine\/faculte\/departements\/departement-7\/oftalmologie\/","title":{"rendered":"Ophtalmologie"},"content":{"rendered":"<p><strong>Ophtalmologie<\/strong><\/p>\n<p>Adresse: Rue Clinicilor nr. 3-5, Cluj-Napoca<\/p>\n<p><strong>Chef de Discipline<\/strong>: Prof. dr. Simona Nicoar\u0103<\/p>\n<p>&nbsp;<\/p>\n<p>Le collectif de la discipline<\/p>\n<p>&nbsp;<\/p>\n<p><strong>Prof. Dr. Simona Delia Nicoar\u0103<\/strong><br \/>\nE-mail: <a href=\"mailto:stalu@umfcluj.ro\">stalu@umfcluj.ro<\/a><\/p>\n<p><img fetchpriority=\"high\" decoding=\"async\" class=\"alignnone size-medium wp-image-14644\" src=\"https:\/\/cdn.umfcluj.ro\/uploads\/2021\/12\/Simona-Delia-Nicoara-200x300.jpg\" alt=\"\" width=\"200\" height=\"300\" srcset=\"https:\/\/cdn.umfcluj.ro\/uploads\/2021\/12\/Simona-Delia-Nicoara-200x300.jpg 200w, https:\/\/cdn.umfcluj.ro\/uploads\/2021\/12\/Simona-Delia-Nicoara.jpg 569w\" sizes=\"(max-width: 200px) 100vw, 200px\" \/><\/p>\n<p>&nbsp;<\/p>\n<p><strong>Dr. Cristina Stan, MCU<\/strong><\/p>\n<p><img decoding=\"async\" class=\"alignnone size-medium wp-image-14648\" src=\"https:\/\/cdn.umfcluj.ro\/uploads\/2021\/12\/Cristina-Stan-277x300.jpg\" alt=\"\" width=\"277\" height=\"300\" srcset=\"https:\/\/cdn.umfcluj.ro\/uploads\/2021\/12\/Cristina-Stan-277x300.jpg 277w, https:\/\/cdn.umfcluj.ro\/uploads\/2021\/12\/Cristina-Stan.jpg 438w\" sizes=\"(max-width: 277px) 100vw, 277px\" \/><\/p>\n<p>&nbsp;<\/p>\n<p><strong>Maitre assistant dr. Ana Banc<br \/>\n<\/strong>E-mail:\u00a0<a href=\"mailto:ana.banc@umfcluj.ro\">ana.banc@umfcluj.ro<\/a><\/p>\n<p><img decoding=\"async\" class=\"alignnone size-full wp-image-14646\" src=\"https:\/\/cdn.umfcluj.ro\/uploads\/2021\/12\/Ana-Banc.jpg\" alt=\"\" width=\"195\" height=\"240\" \/><\/p>\n<p>&nbsp;<\/p>\n<p><strong>Maitre assistant dr. Dan Mihai C\u0103lug\u0103ru<br \/>\n<\/strong>E-mail:\u00a0<a href=\"mailto:dan.calugaru@umfcluj.ro\">dan.calugaru@umfcluj.ro<\/a><\/p>\n<p><img loading=\"lazy\" decoding=\"async\" class=\"alignnone size-medium wp-image-14649\" src=\"https:\/\/cdn.umfcluj.ro\/uploads\/2021\/12\/Dan-Mihai-Calugaru-245x300.jpg\" alt=\"\" width=\"245\" height=\"300\" srcset=\"https:\/\/cdn.umfcluj.ro\/uploads\/2021\/12\/Dan-Mihai-Calugaru-245x300.jpg 245w, https:\/\/cdn.umfcluj.ro\/uploads\/2021\/12\/Dan-Mihai-Calugaru.jpg 448w\" sizes=\"(max-width: 245px) 100vw, 245px\" \/><\/p>\n<p>&nbsp;<\/p>\n<p><strong>Maitre assistant Dr. Sorin Simion Macarie<br \/>\n<\/strong>E-mail: <a href=\"mailto:Sorin.Macarie@umfcluj.ro\">Sorin.Macarie@umfcluj.ro<\/a><\/p>\n<p><img loading=\"lazy\" decoding=\"async\" class=\"alignnone size-medium wp-image-14645\" src=\"https:\/\/cdn.umfcluj.ro\/uploads\/2021\/12\/Sorin-Simion-Macarie-221x300.jpg\" alt=\"\" width=\"221\" height=\"300\" srcset=\"https:\/\/cdn.umfcluj.ro\/uploads\/2021\/12\/Sorin-Simion-Macarie-221x300.jpg 221w, https:\/\/cdn.umfcluj.ro\/uploads\/2021\/12\/Sorin-Simion-Macarie.jpg 454w\" sizes=\"(max-width: 221px) 100vw, 221px\" \/><\/p>\n<p>&nbsp;<\/p>\n<p><strong>Maitre assistant dr. Ovidiu Samoil\u0103<\/strong><br \/>\nE-mail: <a href=\"mailto:ciprian.samoila@umfcluj.ro\">ciprian.samoila@umfcluj.ro<\/a><\/p>\n<p><img loading=\"lazy\" decoding=\"async\" class=\"alignnone size-medium wp-image-14652\" src=\"https:\/\/cdn.umfcluj.ro\/uploads\/2021\/12\/Ovidiu-Samoila-218x300.jpg\" alt=\"\" width=\"218\" height=\"300\" srcset=\"https:\/\/cdn.umfcluj.ro\/uploads\/2021\/12\/Ovidiu-Samoila-218x300.jpg 218w, https:\/\/cdn.umfcluj.ro\/uploads\/2021\/12\/Ovidiu-Samoila.jpg 458w\" sizes=\"(max-width: 218px) 100vw, 218px\" \/><\/p>\n<p>&nbsp;<\/p>\n<p><strong>Assistant des universit\u00e9s dr. Ioana Damian<br \/>\n<\/strong>E-mail: <a href=\"mailto:ioana.damian@umfcluj.ro\">ioana.damian@umfcluj.ro<\/a><\/p>\n<p><img loading=\"lazy\" decoding=\"async\" class=\"alignnone size-full wp-image-14650\" src=\"https:\/\/cdn.umfcluj.ro\/uploads\/2021\/12\/Ioana-Damian.jpg\" alt=\"\" width=\"200\" height=\"266\" \/><\/p>\n<p>&nbsp;<\/p>\n<p><strong>Assistant des universit\u00e9s dr. Iulia-Andrada Neme\u0219-Dr\u0103gan<\/strong><br \/>\nE-mail: <a href=\"mailto:iulia.nemes@umfcluj.ro\">iulia.nemes@umfcluj.ro<\/a><\/p>\n<p><img loading=\"lazy\" decoding=\"async\" class=\"alignnone size-medium wp-image-14651\" src=\"https:\/\/cdn.umfcluj.ro\/uploads\/2021\/12\/Iulia-Andrada-Nemes-Dragan-225x300.jpg\" alt=\"\" width=\"225\" height=\"300\" srcset=\"https:\/\/cdn.umfcluj.ro\/uploads\/2021\/12\/Iulia-Andrada-Nemes-Dragan-225x300.jpg 225w, https:\/\/cdn.umfcluj.ro\/uploads\/2021\/12\/Iulia-Andrada-Nemes-Dragan.jpg 432w\" sizes=\"(max-width: 225px) 100vw, 225px\" \/><\/p>\n","protected":false},"featured_media":37343,"parent":45978,"menu_order":1,"template":"","format":"standard","class_list":["post-45980","med","type-med","status-publish","format-standard","has-post-thumbnail","hentry"],"acf":[],"yoast_head":"<!-- This site is optimized with the Yoast SEO plugin v27.5 - https:\/\/yoast.com\/product\/yoast-seo-wordpress\/ -->\n<title>Ophtalmologie - UMF Cluj<\/title>\n<meta name=\"robots\" content=\"index, follow, max-snippet:-1, max-image-preview:large, max-video-preview:-1\" \/>\n<link rel=\"canonical\" href=\"https:\/\/umfcluj.ro\/fr\/medecine\/faculte\/departements\/departement-7\/oftalmologie\/\" \/>\n<meta property=\"og:locale\" content=\"fr_FR\" \/>\n<meta property=\"og:type\" content=\"article\" \/>\n<meta property=\"og:title\" content=\"Ophtalmologie - UMF Cluj\" \/>\n<meta property=\"og:description\" content=\"Ophtalmologie Adresse: Rue Clinicilor nr. 3-5, Cluj-Napoca Chef de Discipline: Prof. dr. Simona Nicoar\u0103 &nbsp; Le collectif de la discipline &nbsp; Prof. Dr. Simona Delia Nicoar\u0103 E-mail: stalu@umfcluj.ro &nbsp; Dr. Cristina Stan, MCU &nbsp; Maitre assistant dr. Ana Banc E-mail:\u00a0ana.banc@umfcluj.ro &nbsp; Maitre assistant dr. Dan Mihai C\u0103lug\u0103ru E-mail:\u00a0dan.calugaru@umfcluj.ro &nbsp; Maitre assistant Dr. Sorin Simion Macarie [&hellip;]\" \/>\n<meta property=\"og:url\" content=\"https:\/\/umfcluj.ro\/fr\/medecine\/faculte\/departements\/departement-7\/oftalmologie\/\" \/>\n<meta property=\"og:site_name\" content=\"UMF Cluj\" \/>\n<meta property=\"article:modified_time\" content=\"2024-07-31T07:45:51+00:00\" \/>\n<meta property=\"og:image\" content=\"https:\/\/cdn.umfcluj.ro\/uploads\/2021\/12\/Oftalmologie_.jpg\" \/>\n\t<meta property=\"og:image:width\" content=\"1156\" \/>\n\t<meta property=\"og:image:height\" content=\"768\" \/>\n\t<meta property=\"og:image:type\" content=\"image\/jpeg\" \/>\n<meta name=\"twitter:card\" content=\"summary_large_image\" \/>\n<meta name=\"twitter:label1\" content=\"Dur\u00e9e de lecture estim\u00e9e\" \/>\n\t<meta name=\"twitter:data1\" content=\"1 minute\" \/>\n<script type=\"application\/ld+json\" class=\"yoast-schema-graph\">{\"@context\":\"https:\\\/\\\/schema.org\",\"@graph\":[{\"@type\":\"WebPage\",\"@id\":\"https:\\\/\\\/umfcluj.ro\\\/fr\\\/medecine\\\/faculte\\\/departements\\\/departement-7\\\/oftalmologie\\\/\",\"url\":\"https:\\\/\\\/umfcluj.ro\\\/fr\\\/medecine\\\/faculte\\\/departements\\\/departement-7\\\/oftalmologie\\\/\",\"name\":\"Ophtalmologie - UMF Cluj\",\"isPartOf\":{\"@id\":\"https:\\\/\\\/umfcluj.ro\\\/fr\\\/#website\"},\"primaryImageOfPage\":{\"@id\":\"https:\\\/\\\/umfcluj.ro\\\/fr\\\/medecine\\\/faculte\\\/departements\\\/departement-7\\\/oftalmologie\\\/#primaryimage\"},\"image\":{\"@id\":\"https:\\\/\\\/umfcluj.ro\\\/fr\\\/medecine\\\/faculte\\\/departements\\\/departement-7\\\/oftalmologie\\\/#primaryimage\"},\"thumbnailUrl\":\"https:\\\/\\\/cdn.umfcluj.ro\\\/uploads\\\/2021\\\/12\\\/Oftalmologie_.jpg\",\"datePublished\":\"2021-12-13T01:42:32+00:00\",\"dateModified\":\"2024-07-31T07:45:51+00:00\",\"breadcrumb\":{\"@id\":\"https:\\\/\\\/umfcluj.ro\\\/fr\\\/medecine\\\/faculte\\\/departements\\\/departement-7\\\/oftalmologie\\\/#breadcrumb\"},\"inLanguage\":\"fr-FR\",\"potentialAction\":[{\"@type\":\"ReadAction\",\"target\":[\"https:\\\/\\\/umfcluj.ro\\\/fr\\\/medecine\\\/faculte\\\/departements\\\/departement-7\\\/oftalmologie\\\/\"]}]},{\"@type\":\"ImageObject\",\"inLanguage\":\"fr-FR\",\"@id\":\"https:\\\/\\\/umfcluj.ro\\\/fr\\\/medecine\\\/faculte\\\/departements\\\/departement-7\\\/oftalmologie\\\/#primaryimage\",\"url\":\"https:\\\/\\\/cdn.umfcluj.ro\\\/uploads\\\/2021\\\/12\\\/Oftalmologie_.jpg\",\"contentUrl\":\"https:\\\/\\\/cdn.umfcluj.ro\\\/uploads\\\/2021\\\/12\\\/Oftalmologie_.jpg\",\"width\":1156,\"height\":768},{\"@type\":\"BreadcrumbList\",\"@id\":\"https:\\\/\\\/umfcluj.ro\\\/fr\\\/medecine\\\/faculte\\\/departements\\\/departement-7\\\/oftalmologie\\\/#breadcrumb\",\"itemListElement\":[{\"@type\":\"ListItem\",\"position\":1,\"name\":\"Accueil\",\"item\":\"https:\\\/\\\/umfcluj.ro\\\/fr\\\/\"},{\"@type\":\"ListItem\",\"position\":2,\"name\":\"Facult\u00e9 de m\u00e9decine\",\"item\":\"https:\\\/\\\/umfcluj.ro\\\/fr\\\/medecine\\\/\"},{\"@type\":\"ListItem\",\"position\":3,\"name\":\"Facult\u00e9\",\"item\":\"https:\\\/\\\/umfcluj.ro\\\/fr\\\/medecine\\\/faculte\\\/\"},{\"@type\":\"ListItem\",\"position\":4,\"name\":\"D\u00e9partements\",\"item\":\"https:\\\/\\\/umfcluj.ro\\\/fr\\\/medecine\\\/faculte\\\/departements\\\/\"},{\"@type\":\"ListItem\",\"position\":5,\"name\":\"D\u00e9partement 7 - Sp\u00e9cialit\u00e9s chirurgicales\",\"item\":\"https:\\\/\\\/umfcluj.ro\\\/fr\\\/medecine\\\/faculte\\\/departements\\\/departement-7\\\/\"},{\"@type\":\"ListItem\",\"position\":6,\"name\":\"Ophtalmologie\"}]},{\"@type\":\"WebSite\",\"@id\":\"https:\\\/\\\/umfcluj.ro\\\/fr\\\/#website\",\"url\":\"https:\\\/\\\/umfcluj.ro\\\/fr\\\/\",\"name\":\"UMF Cluj\",\"description\":\"Universitatea de Medicina si Farmacie Iuliu Ha\u021bieganu Cluj Napoca\",\"publisher\":{\"@id\":\"https:\\\/\\\/umfcluj.ro\\\/fr\\\/#organization\"},\"potentialAction\":[{\"@type\":\"SearchAction\",\"target\":{\"@type\":\"EntryPoint\",\"urlTemplate\":\"https:\\\/\\\/umfcluj.ro\\\/fr\\\/?s={search_term_string}\"},\"query-input\":{\"@type\":\"PropertyValueSpecification\",\"valueRequired\":true,\"valueName\":\"search_term_string\"}}],\"inLanguage\":\"fr-FR\"},{\"@type\":\"Organization\",\"@id\":\"https:\\\/\\\/umfcluj.ro\\\/fr\\\/#organization\",\"name\":\"UMF Cluj\",\"url\":\"https:\\\/\\\/umfcluj.ro\\\/fr\\\/\",\"logo\":{\"@type\":\"ImageObject\",\"inLanguage\":\"fr-FR\",\"@id\":\"https:\\\/\\\/umfcluj.ro\\\/fr\\\/#\\\/schema\\\/logo\\\/image\\\/\",\"url\":\"https:\\\/\\\/cdn.umfcluj.ro\\\/uploads\\\/2021\\\/05\\\/logo-umfcluj.svg\",\"contentUrl\":\"https:\\\/\\\/cdn.umfcluj.ro\\\/uploads\\\/2021\\\/05\\\/logo-umfcluj.svg\",\"width\":170,\"height\":77,\"caption\":\"UMF Cluj\"},\"image\":{\"@id\":\"https:\\\/\\\/umfcluj.ro\\\/fr\\\/#\\\/schema\\\/logo\\\/image\\\/\"}}]}<\/script>\n<!-- \/ Yoast SEO plugin. -->","yoast_head_json":{"title":"Ophtalmologie - UMF Cluj","robots":{"index":"index","follow":"follow","max-snippet":"max-snippet:-1","max-image-preview":"max-image-preview:large","max-video-preview":"max-video-preview:-1"},"canonical":"https:\/\/umfcluj.ro\/fr\/medecine\/faculte\/departements\/departement-7\/oftalmologie\/","og_locale":"fr_FR","og_type":"article","og_title":"Ophtalmologie - UMF Cluj","og_description":"Ophtalmologie Adresse: Rue Clinicilor nr. 3-5, Cluj-Napoca Chef de Discipline: Prof. dr. Simona Nicoar\u0103 &nbsp; Le collectif de la discipline &nbsp; Prof. Dr. Simona Delia Nicoar\u0103 E-mail: stalu@umfcluj.ro &nbsp; Dr. Cristina Stan, MCU &nbsp; Maitre assistant dr. Ana Banc E-mail:\u00a0ana.banc@umfcluj.ro &nbsp; Maitre assistant dr. Dan Mihai C\u0103lug\u0103ru E-mail:\u00a0dan.calugaru@umfcluj.ro &nbsp; Maitre assistant Dr. Sorin Simion Macarie [&hellip;]","og_url":"https:\/\/umfcluj.ro\/fr\/medecine\/faculte\/departements\/departement-7\/oftalmologie\/","og_site_name":"UMF Cluj","article_modified_time":"2024-07-31T07:45:51+00:00","og_image":[{"width":1156,"height":768,"url":"https:\/\/cdn.umfcluj.ro\/uploads\/2021\/12\/Oftalmologie_.jpg","type":"image\/jpeg"}],"twitter_card":"summary_large_image","twitter_misc":{"Dur\u00e9e de lecture estim\u00e9e":"1 minute"},"schema":{"@context":"https:\/\/schema.org","@graph":[{"@type":"WebPage","@id":"https:\/\/umfcluj.ro\/fr\/medecine\/faculte\/departements\/departement-7\/oftalmologie\/","url":"https:\/\/umfcluj.ro\/fr\/medecine\/faculte\/departements\/departement-7\/oftalmologie\/","name":"Ophtalmologie - UMF Cluj","isPartOf":{"@id":"https:\/\/umfcluj.ro\/fr\/#website"},"primaryImageOfPage":{"@id":"https:\/\/umfcluj.ro\/fr\/medecine\/faculte\/departements\/departement-7\/oftalmologie\/#primaryimage"},"image":{"@id":"https:\/\/umfcluj.ro\/fr\/medecine\/faculte\/departements\/departement-7\/oftalmologie\/#primaryimage"},"thumbnailUrl":"https:\/\/cdn.umfcluj.ro\/uploads\/2021\/12\/Oftalmologie_.jpg","datePublished":"2021-12-13T01:42:32+00:00","dateModified":"2024-07-31T07:45:51+00:00","breadcrumb":{"@id":"https:\/\/umfcluj.ro\/fr\/medecine\/faculte\/departements\/departement-7\/oftalmologie\/#breadcrumb"},"inLanguage":"fr-FR","potentialAction":[{"@type":"ReadAction","target":["https:\/\/umfcluj.ro\/fr\/medecine\/faculte\/departements\/departement-7\/oftalmologie\/"]}]},{"@type":"ImageObject","inLanguage":"fr-FR","@id":"https:\/\/umfcluj.ro\/fr\/medecine\/faculte\/departements\/departement-7\/oftalmologie\/#primaryimage","url":"https:\/\/cdn.umfcluj.ro\/uploads\/2021\/12\/Oftalmologie_.jpg","contentUrl":"https:\/\/cdn.umfcluj.ro\/uploads\/2021\/12\/Oftalmologie_.jpg","width":1156,"height":768},{"@type":"BreadcrumbList","@id":"https:\/\/umfcluj.ro\/fr\/medecine\/faculte\/departements\/departement-7\/oftalmologie\/#breadcrumb","itemListElement":[{"@type":"ListItem","position":1,"name":"Accueil","item":"https:\/\/umfcluj.ro\/fr\/"},{"@type":"ListItem","position":2,"name":"Facult\u00e9 de m\u00e9decine","item":"https:\/\/umfcluj.ro\/fr\/medecine\/"},{"@type":"ListItem","position":3,"name":"Facult\u00e9","item":"https:\/\/umfcluj.ro\/fr\/medecine\/faculte\/"},{"@type":"ListItem","position":4,"name":"D\u00e9partements","item":"https:\/\/umfcluj.ro\/fr\/medecine\/faculte\/departements\/"},{"@type":"ListItem","position":5,"name":"D\u00e9partement 7 - Sp\u00e9cialit\u00e9s chirurgicales","item":"https:\/\/umfcluj.ro\/fr\/medecine\/faculte\/departements\/departement-7\/"},{"@type":"ListItem","position":6,"name":"Ophtalmologie"}]},{"@type":"WebSite","@id":"https:\/\/umfcluj.ro\/fr\/#website","url":"https:\/\/umfcluj.ro\/fr\/","name":"UMF Cluj","description":"Universitatea de Medicina si Farmacie Iuliu Ha\u021bieganu Cluj Napoca","publisher":{"@id":"https:\/\/umfcluj.ro\/fr\/#organization"},"potentialAction":[{"@type":"SearchAction","target":{"@type":"EntryPoint","urlTemplate":"https:\/\/umfcluj.ro\/fr\/?s={search_term_string}"},"query-input":{"@type":"PropertyValueSpecification","valueRequired":true,"valueName":"search_term_string"}}],"inLanguage":"fr-FR"},{"@type":"Organization","@id":"https:\/\/umfcluj.ro\/fr\/#organization","name":"UMF Cluj","url":"https:\/\/umfcluj.ro\/fr\/","logo":{"@type":"ImageObject","inLanguage":"fr-FR","@id":"https:\/\/umfcluj.ro\/fr\/#\/schema\/logo\/image\/","url":"https:\/\/cdn.umfcluj.ro\/uploads\/2021\/05\/logo-umfcluj.svg","contentUrl":"https:\/\/cdn.umfcluj.ro\/uploads\/2021\/05\/logo-umfcluj.svg","width":170,"height":77,"caption":"UMF Cluj"},"image":{"@id":"https:\/\/umfcluj.ro\/fr\/#\/schema\/logo\/image\/"}}]}},"_links":{"self":[{"href":"https:\/\/umfcluj.ro\/fr\/wp-json\/wp\/v2\/med\/45980","targetHints":{"allow":["GET"]}}],"collection":[{"href":"https:\/\/umfcluj.ro\/fr\/wp-json\/wp\/v2\/med"}],"about":[{"href":"https:\/\/umfcluj.ro\/fr\/wp-json\/wp\/v2\/types\/med"}],"version-history":[{"count":3,"href":"https:\/\/umfcluj.ro\/fr\/wp-json\/wp\/v2\/med\/45980\/revisions"}],"predecessor-version":[{"id":59113,"href":"https:\/\/umfcluj.ro\/fr\/wp-json\/wp\/v2\/med\/45980\/revisions\/59113"}],"up":[{"embeddable":true,"href":"https:\/\/umfcluj.ro\/fr\/wp-json\/wp\/v2\/med\/45978"}],"wp:featuredmedia":[{"embeddable":true,"href":"https:\/\/umfcluj.ro\/fr\/wp-json\/wp\/v2\/media\/37343"}],"wp:attachment":[{"href":"https:\/\/umfcluj.ro\/fr\/wp-json\/wp\/v2\/media?parent=45980"}],"curies":[{"name":"wp","href":"https:\/\/api.w.org\/{rel}","templated":true}]}}