{"id":89429,"date":"2025-10-21T00:00:49","date_gmt":"2025-10-20T21:00:49","guid":{"rendered":"https:\/\/umfcluj.ro\/meddent\/ortodontie\/"},"modified":"2025-10-22T15:55:40","modified_gmt":"2025-10-22T12:55:40","slug":"orthodontie","status":"publish","type":"dent","link":"https:\/\/umfcluj.ro\/fr\/medecine-dentaire\/orthodontie\/","title":{"rendered":"Orthodontie"},"content":{"rendered":"<p><strong>Orthodontie et orthop\u00e9die dento-faciale<\/strong><\/p>\n<p><strong>Chef de Discipline <\/strong>: Ma\u00eetre de Conf\u00e9rences Dr. Dana Fe\u0219til\u0103<br \/>\nE-mail: <a href=\"mailto:dana.festila@umfcluj.ro\">dana.festila@umfcluj.ro<\/a><\/p>\n<p><strong>Secr\u00e9tariat de la discipline Orthodontie\u00a0<\/strong><br \/>\nAdresse : Cluj-Napoca, rue Avram Iancu n\u00b0 31, 1er \u00e9tage<br \/>\nE-mail : <a href=\"mailto:ortodontie@umfcluj.ro\">ortodontie@umfcluj.ro<\/a><\/p>\n<p>&nbsp;<\/p>\n<p>\u201c<em><strong>L\u2019orthodontie<\/strong> est une sp\u00e9cialit\u00e9 biologique, m\u00e9dicale et technique qui se diff\u00e9rencie de la stomatologie g\u00e9n\u00e9rale par son contenu, ses m\u00e9thodes d\u2019investigation et ses traitements sp\u00e9cifiques, tout en \u00e9tant en corr\u00e9lation avec d\u2019autre sp\u00e9cialit\u00e9s, biologiques, m\u00e9dicales, techniques etstomatologiques, et par ses perspectives de d\u00e9veloppement<\/em>\u201d (P. Firu)<\/p>\n<p>L\u2019objectif de l\u2019orthodontie est l\u2019\u00e9tude de la croissance et du d\u00e9veloppement de l\u2019appareil dento-maxillaire et des troubles morpho-fonctionnels, connus sous le nom d\u2019anomalies dento-maxillaires.<\/p>\n<p><strong>L\u2019orthodontie et orthop\u00e9die dento-faciale<\/strong>, en tant que sp\u00e9cialit\u00e9 de m\u00e9decine dentaire, est n\u00e9cessaire \u00e0 tout m\u00e9decin stomatologue, chacun ayant l\u2019obligation de: appr\u00e9cier un \u00e9cart \u00e0 la normale de l\u2019appareil dento maxillaire, reconna\u00eetre les facteurs \u00e9tiologiques des anomalies dento maxillaires, conna\u00eetre et appliquer des moyens prophylactiques et des mesures int\u00e9roceptives, orienter en temps utile le patient vers un sp\u00e9cialiste pour stopper l\u2019\u00e9volution non favorable et am\u00e9liorer le prognostic du cas.<\/p>\n<p>En particulier chez l\u2019adulte, le traitement orthodontique fait souvent partie d\u2019un abord complexe pluridisciplinaire du patient, pr\u00e9c\u00e9dant et facilitant le traitement path\u00e9tique parodontale et chirurgical.<\/p>\n<p>&nbsp;<\/p>\n<p><strong>Le collectif de la discipline<\/strong><\/p>\n<p>&nbsp;<\/p>\n<p><strong>Chef de Discipline Ma\u00eetre de Conf\u00e9rences Dr. Dana Fe\u0219til\u0103<\/strong><br \/>\nE-mail : <a href=\"mailto:dana.festila@umfcluj.ro\">dana.festila@umfcluj.ro<\/a><\/p>\n<p><img fetchpriority=\"high\" decoding=\"async\" class=\"alignnone wp-image-89223 size-medium\" src=\"https:\/\/cdn.umfcluj.ro\/uploads\/2023\/01\/Dana-Festila-1-240x300.jpg\" alt=\"\" width=\"240\" height=\"300\" srcset=\"https:\/\/cdn.umfcluj.ro\/uploads\/2023\/01\/Dana-Festila-1-240x300.jpg 240w, https:\/\/cdn.umfcluj.ro\/uploads\/2023\/01\/Dana-Festila-1.jpg 460w\" sizes=\"(max-width: 240px) 100vw, 240px\" \/><\/p>\n<p>Chirurgien-dentiste sp\u00e9cialiste en Orthodontie et Orthop\u00e9die Dento-Faciale, PU-Ph (professeur d\u2019universit\u00e9-praticien hospitalier)<\/p>\n<p>Domaines d\u2019int\u00e9r\u00eat clinique:<\/p>\n<ul>\n<li>Enseignement et activit\u00e9 scientifique dans le domaine de l&rsquo;Orthodontie et de l&rsquo;Orthop\u00e9die dento-faciale.<\/li>\n<li>Orthop\u00e9die dento-faciale influen\u00e7ant la croissance du maxillaire et de la mandibule.<\/li>\n<li>Traitement orthodontique du patient adolescent<\/li>\n<li>Traitement orthodontique pr\u00e9-chirurgical des anomalies dento- maxillaires chez l&rsquo;adulte.<\/li>\n<\/ul>\n<p>Domaines de recherche:<\/p>\n<ul>\n<li>L\u2019influence de la croissance dans le d\u00e9veloppement des anomalies dento-maxillaires<\/li>\n<li>La th\u00e9rapie orthop\u00e9dique fonctionnelle<\/li>\n<li>Le contr\u00f4le de la biologie des mouvements dentaires.<\/li>\n<\/ul>\n<p>&nbsp;<\/p>\n<p><strong>Ma\u00eetre de Conf\u00e9rences Dr. Cristian Olteanu<\/strong><br \/>\nE-mail : <a href=\"mailto:olteanu.cristian@umfcluj.ro\">olteanu.cristian@umfcluj.ro<\/a><\/p>\n<p><img decoding=\"async\" class=\"alignnone wp-image-89220 size-medium\" src=\"https:\/\/cdn.umfcluj.ro\/uploads\/2023\/01\/Cristian-Olteanu-1-225x300.jpg\" alt=\"\" width=\"225\" height=\"300\" srcset=\"https:\/\/cdn.umfcluj.ro\/uploads\/2023\/01\/Cristian-Olteanu-1-225x300.jpg 225w, https:\/\/cdn.umfcluj.ro\/uploads\/2023\/01\/Cristian-Olteanu-1.jpg 468w\" sizes=\"(max-width: 225px) 100vw, 225px\" \/><\/p>\n<p>Chirurgien-dentiste sp\u00e9cialiste en Orthodontie et Orthop\u00e9die Dento-Faciale, PU-Ph<\/p>\n<p><span style=\"text-decoration: underline;\">Domaines d&rsquo;int\u00e9r\u00eat clinique<\/span> :<\/p>\n<p>Enseignement et activit\u00e9 scientifique dans le domaine de l&rsquo;Orthodontie et de l&rsquo;Orthop\u00e9die dento-faciale.<\/p>\n<ul>\n<li>Traitement orthodontique avec des appareils orthodontiques fonctionnels<\/li>\n<li>Traitement orthodontique de l\u2019adulte<\/li>\n<li>Orthodontie interceptive et prophylaxie des anomalies dento- maxillaires.<\/li>\n<\/ul>\n<p><span style=\"text-decoration: underline;\">Domaines de recherche<\/span> :<\/p>\n<ul>\n<li>La pr\u00e9sence du stress oxydatif dans le traitement avec des appareils orthodontiques.<\/li>\n<li>La biologie des mouvements dentaires.<\/li>\n<\/ul>\n<p>&nbsp;<\/p>\n<p><strong>Chef de Travaux Dr. Mircea Ghergie<\/strong><br \/>\nE-mail : <a href=\"mailto:mircea.ghergie@umfcluj.ro\">mircea.ghergie@umfcluj.ro<\/a><\/p>\n<p><img decoding=\"async\" class=\"alignnone wp-image-89214 size-medium\" src=\"https:\/\/cdn.umfcluj.ro\/uploads\/2023\/01\/Mircea-Ghergie-1-240x300.jpg\" alt=\"\" width=\"240\" height=\"300\" srcset=\"https:\/\/cdn.umfcluj.ro\/uploads\/2023\/01\/Mircea-Ghergie-1-240x300.jpg 240w, https:\/\/cdn.umfcluj.ro\/uploads\/2023\/01\/Mircea-Ghergie-1.jpg 448w\" sizes=\"(max-width: 240px) 100vw, 240px\" \/><\/p>\n<p>Chirurgien-dentiste sp\u00e9cialiste en Orthodontie et Orthop\u00e9die Dento-Faciale, PU-Ph<\/p>\n<p><span style=\"text-decoration: underline;\">Domaines d&rsquo;int\u00e9r\u00eat clinique<\/span> :<\/p>\n<ul>\n<li>Enseignement et activit\u00e9 scientifique dans le domaine de l&rsquo;Orthodontie et de l&rsquo;Orthop\u00e9die dento-faciale<\/li>\n<li>Traitement orthodontique pr\u00e9-chirurgical des anomalies dento- maxillaires chez l&rsquo;adulte<\/li>\n<li>Moyens d&rsquo;ancrage squelettique en orthodontie<\/li>\n<li>Biom\u00e9canique orthodontique<\/li>\n<\/ul>\n<p><span style=\"text-decoration: underline;\">Domaines de recherche<\/span> :<\/p>\n<ul>\n<li>Les facteurs g\u00e9n\u00e9tiques impliqu\u00e9s dans l\u2019\u00e9tiologie et le traitement des anomalies dento-maxillaires.<\/li>\n<li>Corr\u00e9lation ortho-parodontologie.<\/li>\n<\/ul>\n<p>&nbsp;<\/p>\n<p><strong>Chef de Travaux Dr. Olimpia Bunta<\/strong><br \/>\nE-mail : <a href=\"mailto:nemes.olimpia@umfcluj.ro\">nemes.olimpia@umfcluj.ro<\/a><\/p>\n<p><img loading=\"lazy\" decoding=\"async\" class=\"alignnone size-medium wp-image-89217\" src=\"https:\/\/cdn.umfcluj.ro\/uploads\/2023\/01\/Olimpia-Bunta-1-213x300.jpg\" alt=\"\" width=\"213\" height=\"300\" srcset=\"https:\/\/cdn.umfcluj.ro\/uploads\/2023\/01\/Olimpia-Bunta-1-213x300.jpg 213w, https:\/\/cdn.umfcluj.ro\/uploads\/2023\/01\/Olimpia-Bunta-1.jpg 386w\" sizes=\"(max-width: 213px) 100vw, 213px\" \/><\/p>\n<p>Chirurgien-dentiste sp\u00e9cialiste en Orthodontie Orthop\u00e9die dento-faciale, PU- Ph<\/p>\n<p><span style=\"text-decoration: underline;\">Domaines d&rsquo;int\u00e9r\u00eat clinique<\/span> :<\/p>\n<ul>\n<li>Enseignement et activit\u00e9 scientifique dans le domaine de l&rsquo;Orthodontie et de l&rsquo;Orthop\u00e9die dento-faciale.<\/li>\n<li>Traitement orthodontique de l\u2019adulte et de l\u2019enfant<\/li>\n<li>Prophylaxie et interception des anomalies dento-maxillaires.<\/li>\n<\/ul>\n<p><span style=\"text-decoration: underline;\">Domaines de recherche<\/span> :<\/p>\n<ul>\n<li>Mod\u00e8le analogique et simulation num\u00e9rique des d\u00e9placements dentaires dans les traitements orthodontiques et ortho-chirurgicales.<\/li>\n<li>\u00c9tudes sur l&rsquo;am\u00e9lioration biom\u00e9canique des d\u00e9placements dentaires dans les traitements orthodontiques et ortho-chirurgicales.<\/li>\n<\/ul>\n<p>&nbsp;<\/p>\n<p><strong>Assistant Universitaire Dr. Mihaela P\u0103strav<\/strong><br \/>\nE-mail : <a href=\"mailto:mihaela.pastrav@umfcluj.ro\">mihaela.pastrav@umfcluj.ro<\/a><\/p>\n<p><img loading=\"lazy\" decoding=\"async\" class=\"alignnone wp-image-89226 size-medium\" src=\"https:\/\/cdn.umfcluj.ro\/uploads\/2023\/01\/Mihaela-Pastrav-1-224x300.jpg\" alt=\"\" width=\"224\" height=\"300\" srcset=\"https:\/\/cdn.umfcluj.ro\/uploads\/2023\/01\/Mihaela-Pastrav-1-224x300.jpg 224w, https:\/\/cdn.umfcluj.ro\/uploads\/2023\/01\/Mihaela-Pastrav-1.jpg 454w\" sizes=\"(max-width: 224px) 100vw, 224px\" \/><\/p>\n<p>Chirurgien-dentiste sp\u00e9cialiste en&rsquo;Orthodontie et Orthop\u00e9die Dento-Faciale, PU-Ph<\/p>\n<p><span style=\"text-decoration: underline;\">Domaines d&rsquo;int\u00e9r\u00eat clinique<\/span> :<\/p>\n<ul>\n<li>Enseignement et activit\u00e9 scientifique dans le domaine de l&rsquo;Orthodontie et de l&rsquo;Orthop\u00e9die dento-faciale<\/li>\n<li>Traitement orthodontique de l\u2019adulte et de l\u2019enfant<\/li>\n<li>Prophylaxie et interception des anomalies dento-maxillaires.<\/li>\n<\/ul>\n<p><span style=\"text-decoration: underline;\">Domaines de recherche<\/span> :<\/p>\n<ul>\n<li>\u00c9tat dentaire de la molaire de six ans pendant la deuxi\u00e8me phase de la dentition mixte. Implications orthodontiques.<\/li>\n<\/ul>\n<p>&nbsp;<\/p>\n<p><strong>Assistant Universitaire Dr. Amalia Chi\u0219<\/strong><br \/>\nE-mail : <a href=\"mailto:amalia.chis@umfcluj.ro\">amalia.chis@umfcluj.ro<\/a><\/p>\n<p><img loading=\"lazy\" decoding=\"async\" class=\"alignnone size-medium wp-image-12532\" src=\"https:\/\/cdn.umfcluj.ro\/uploads\/2023\/01\/Amalia-Chis-237x300.jpg\" alt=\"\" width=\"237\" height=\"300\" srcset=\"https:\/\/cdn.umfcluj.ro\/uploads\/2023\/01\/Amalia-Chis-237x300.jpg 237w, https:\/\/cdn.umfcluj.ro\/uploads\/2023\/01\/Amalia-Chis.jpg 383w\" sizes=\"(max-width: 237px) 100vw, 237px\" \/><\/p>\n<p>Chirurgien-dentiste sp\u00e9cialiste en Orthodontie et Orthop\u00e9die Dento-Faciale, PU-Ph<\/p>\n<p><span style=\"text-decoration: underline;\">Domaines d&rsquo;int\u00e9r\u00eat clinique<\/span> :<\/p>\n<ul>\n<li>Enseignement et activit\u00e9 scientifique dans le domaine de l&rsquo;Orthodontie et de l&rsquo;Orthop\u00e9die dento-faciale.<\/li>\n<li>Traitement orthodontique de l\u2019enfant et de l\u2019adulte.<\/li>\n<\/ul>\n<p><span style=\"text-decoration: underline;\">Domaines de recherche<\/span> :<\/p>\n<ul>\n<li>Indices d&rsquo;\u00e9valuation orthodontique dans le diagnostic et le traitement des anomalies dento-maxillaires.<\/li>\n<\/ul>\n<p>&nbsp;<\/p>\n<p><strong>Assistant Universitaire Dr. \u0218imon-Colceriu Ioana Maria<\/strong><br \/>\nE-mail : <a href=\"mailto:simon.ioana@umfcluj.ro\">simon.ioana@umfcluj.ro<\/a><\/p>\n<p><img loading=\"lazy\" decoding=\"async\" class=\"alignnone wp-image-89229 size-medium\" src=\"https:\/\/cdn.umfcluj.ro\/uploads\/2023\/01\/Simon-Colceriu-Ioana-Maria-218x300.jpg\" alt=\"\" width=\"218\" height=\"300\" srcset=\"https:\/\/cdn.umfcluj.ro\/uploads\/2023\/01\/Simon-Colceriu-Ioana-Maria-218x300.jpg 218w, https:\/\/cdn.umfcluj.ro\/uploads\/2023\/01\/Simon-Colceriu-Ioana-Maria-745x1024.jpg 745w, https:\/\/cdn.umfcluj.ro\/uploads\/2023\/01\/Simon-Colceriu-Ioana-Maria-768x1055.jpg 768w, https:\/\/cdn.umfcluj.ro\/uploads\/2023\/01\/Simon-Colceriu-Ioana-Maria.jpg 1029w\" sizes=\"(max-width: 218px) 100vw, 218px\" \/><\/p>\n<p>Chirurgien-dentiste sp\u00e9cialiste en Orthodontie et Orthop\u00e9die Dento-Faciale, PU-Ph<\/p>\n<p><span style=\"text-decoration: underline;\">Domaines d&rsquo;int\u00e9r\u00eat clinique<\/span> :<\/p>\n<ul>\n<li>Enseignement et activit\u00e9 scientifique dans le domaine de l&rsquo;Orthodontie et de l&rsquo;Orthop\u00e9die dento-faciale.<\/li>\n<li>Prophylaxie et interception des anomalies dento-maxillaires<\/li>\n<li>Traitement orthodontique de l\u2019enfant et de l\u2019adult<\/li>\n<\/ul>\n<p><span style=\"text-decoration: underline;\">Domaines de recherche<\/span> :<\/p>\n<ul>\n<li>Recherches visant \u00e0 am\u00e9liorer le diagnostic et les r\u00e9sultats des traitements en orthodontie et en orthop\u00e9die dento-faciale.<\/li>\n<\/ul>\n<p>&nbsp;<\/p>\n<p><strong>Assistant Universitaire Dr. Tudor Suciu<\/strong><br \/>\nE-mail:\u00a0 <a href=\"mailto:tudor.suciu@umfcluj.ro\">tudor.suciu@umfcluj.ro<\/a><\/p>\n<p><img loading=\"lazy\" decoding=\"async\" class=\"alignnone size-medium wp-image-89233\" src=\"https:\/\/cdn.umfcluj.ro\/uploads\/2023\/01\/Tudor-Suciu-234x300.jpg\" alt=\"\" width=\"234\" height=\"300\" srcset=\"https:\/\/cdn.umfcluj.ro\/uploads\/2023\/01\/Tudor-Suciu-234x300.jpg 234w, https:\/\/cdn.umfcluj.ro\/uploads\/2023\/01\/Tudor-Suciu-768x984.jpg 768w, https:\/\/cdn.umfcluj.ro\/uploads\/2023\/01\/Tudor-Suciu.jpg 772w\" sizes=\"(max-width: 234px) 100vw, 234px\" \/><\/p>\n<p>Chirurgien-dentiste sp\u00e9cialiste en Orthodontie et Orthop\u00e9die Dento-Faciale<\/p>\n<p><span style=\"text-decoration: underline;\">Domaines d&rsquo;int\u00e9r\u00eat clinique<\/span> :<\/p>\n<ul>\n<li>Activit\u00e9 didactique et scientifique dans le domaine de l&rsquo;Orthodontie et de l&rsquo;Orthop\u00e9die dento-faciale.<\/li>\n<li>Traitement orthodontique de l\u2019enfant et de l\u2019adulte.<\/li>\n<\/ul>\n<p><span style=\"text-decoration: underline;\">Domaines de recherche<\/span> :<\/p>\n<ul>\n<li>Progr\u00e8s dans la mise en place des protocoles th\u00e9rapeutiques orthodontiques et ortho-chirurgicales.<\/li>\n<\/ul>\n<p>&nbsp;<\/p>\n<p><strong>Assistant Universitaire Dr. Cristina Ciobotaru<\/strong><br \/>\nE-mail : <a href=\"mailto:cristina.ciobotaru@umfcluj.ro\">cristina.ciobotaru@umfcluj.ro<\/a><\/p>\n<p><img loading=\"lazy\" decoding=\"async\" class=\"alignnone size-medium wp-image-89236\" src=\"https:\/\/cdn.umfcluj.ro\/uploads\/2023\/01\/Cristina-Ciobotaru-227x300.png\" alt=\"\" width=\"227\" height=\"300\" srcset=\"https:\/\/cdn.umfcluj.ro\/uploads\/2023\/01\/Cristina-Ciobotaru-227x300.png 227w, https:\/\/cdn.umfcluj.ro\/uploads\/2023\/01\/Cristina-Ciobotaru.png 469w\" sizes=\"(max-width: 227px) 100vw, 227px\" \/><\/p>\n<p>Chirurgien-dentiste sp\u00e9cialiste en Orthodontie et Orthop\u00e9die Dento-Faciale<\/p>\n<p><span style=\"text-decoration: underline;\">Domaines d\u2019int\u00e9r\u00eat clinique<\/span> :<\/p>\n<ul>\n<li>Activit\u00e9 didactique et scientifique dans le domaine de l\u2019orthodontie et de l\u2019orthop\u00e9die dento-faciales Orthop\u00e9die dentaire-faciale.<\/li>\n<li>Influencer la croissance de la m\u00e2choire par le traitement orthodontique et orthop\u00e9dique<\/li>\n<li>Traitement orthodontique chez les enfants et les adultes<\/li>\n<\/ul>\n<p><span style=\"text-decoration: underline;\">Domaines de recherche<\/span> :<\/p>\n<ul>\n<li>Recherche sur les applications de substances m\u00e9dicinales utilis\u00e9es en orthodontie dans le but d\u2019acc\u00e9l\u00e9rer le mouvement dentaire orthodontique<\/li>\n<li>Progr\u00e8s dans la fondation des protocoles th\u00e9rapeutiques orthodontiques et orthognatiques<\/li>\n<\/ul>\n<p>&nbsp;<\/p>\n<p><strong>Proth\u00e9sist Claudia Suma\u0219<\/strong><\/p>\n<p><img loading=\"lazy\" decoding=\"async\" class=\"alignnone wp-image-89239\" src=\"https:\/\/cdn.umfcluj.ro\/uploads\/2023\/01\/Claudia-Sumas-297x300.jpg\" alt=\"\" width=\"218\" height=\"220\" srcset=\"https:\/\/cdn.umfcluj.ro\/uploads\/2023\/01\/Claudia-Sumas-297x300.jpg 297w, https:\/\/cdn.umfcluj.ro\/uploads\/2023\/01\/Claudia-Sumas-150x150.jpg 150w, https:\/\/cdn.umfcluj.ro\/uploads\/2023\/01\/Claudia-Sumas.jpg 404w\" sizes=\"(max-width: 218px) 100vw, 218px\" \/><\/p>\n<p><strong>Proth\u00e9sist G\u0103ncean C\u0103t\u0103lin<\/strong><\/p>\n<p>&nbsp;<\/p>\n<p><strong>Laborant Sorina Buz<\/strong><\/p>\n<p><img loading=\"lazy\" decoding=\"async\" class=\"alignnone wp-image-89242\" src=\"https:\/\/cdn.umfcluj.ro\/uploads\/2023\/01\/Sorina-Buz-270x300.jpg\" alt=\"\" width=\"222\" height=\"247\" srcset=\"https:\/\/cdn.umfcluj.ro\/uploads\/2023\/01\/Sorina-Buz-270x300.jpg 270w, https:\/\/cdn.umfcluj.ro\/uploads\/2023\/01\/Sorina-Buz.jpg 429w\" sizes=\"(max-width: 222px) 100vw, 222px\" \/><\/p>\n<p>&nbsp;<\/p>\n<p><strong>Daniela Ciglenean<\/strong><br \/>\nSecr\u00e9taire de discipline<br \/>\nE-mail : <a href=\"mailto:daniela.ciglenean@umfcluj.ro\">daniela.ciglenean@umfcluj.ro<\/a><\/p>\n<p><img loading=\"lazy\" decoding=\"async\" class=\"alignnone size-medium wp-image-89245\" src=\"https:\/\/cdn.umfcluj.ro\/uploads\/2023\/01\/Daniela-Ciglenean-225x300.jpg\" alt=\"\" width=\"225\" height=\"300\" srcset=\"https:\/\/cdn.umfcluj.ro\/uploads\/2023\/01\/Daniela-Ciglenean-225x300.jpg 225w, https:\/\/cdn.umfcluj.ro\/uploads\/2023\/01\/Daniela-Ciglenean-768x1024.jpg 768w, https:\/\/cdn.umfcluj.ro\/uploads\/2023\/01\/Daniela-Ciglenean.jpg 954w\" sizes=\"(max-width: 225px) 100vw, 225px\" \/><\/p>\n","protected":false},"featured_media":37631,"parent":0,"menu_order":2,"template":"","class_list":["post-89429","dent","type-dent","status-publish","has-post-thumbnail","hentry"],"acf":[],"yoast_head":"<!-- This site is optimized with the Yoast SEO plugin v27.5 - https:\/\/yoast.com\/product\/yoast-seo-wordpress\/ -->\n<title>Orthodontie - UMF Cluj<\/title>\n<meta name=\"robots\" content=\"index, follow, max-snippet:-1, max-image-preview:large, max-video-preview:-1\" \/>\n<link rel=\"canonical\" href=\"https:\/\/umfcluj.ro\/fr\/medecine-dentaire\/orthodontie\/\" \/>\n<meta property=\"og:locale\" content=\"fr_FR\" \/>\n<meta property=\"og:type\" content=\"article\" \/>\n<meta property=\"og:title\" content=\"Orthodontie - UMF Cluj\" \/>\n<meta property=\"og:description\" content=\"Orthodontie et orthop\u00e9die dento-faciale Chef de Discipline : Ma\u00eetre de Conf\u00e9rences Dr. Dana Fe\u0219til\u0103 E-mail: dana.festila@umfcluj.ro Secr\u00e9tariat de la discipline Orthodontie\u00a0 Adresse : Cluj-Napoca, rue Avram Iancu n\u00b0 31, 1er \u00e9tage E-mail : ortodontie@umfcluj.ro &nbsp; \u201cL\u2019orthodontie est une sp\u00e9cialit\u00e9 biologique, m\u00e9dicale et technique qui se diff\u00e9rencie de la stomatologie g\u00e9n\u00e9rale par son contenu, ses m\u00e9thodes [&hellip;]\" \/>\n<meta property=\"og:url\" content=\"https:\/\/umfcluj.ro\/fr\/medecine-dentaire\/orthodontie\/\" \/>\n<meta property=\"og:site_name\" content=\"UMF Cluj\" \/>\n<meta property=\"article:modified_time\" content=\"2025-10-22T12:55:40+00:00\" \/>\n<meta property=\"og:image\" content=\"https:\/\/cdn.umfcluj.ro\/uploads\/2021\/12\/DSC09118-scaled.jpg\" \/>\n\t<meta property=\"og:image:width\" content=\"2560\" \/>\n\t<meta property=\"og:image:height\" content=\"1707\" \/>\n\t<meta property=\"og:image:type\" content=\"image\/jpeg\" \/>\n<meta name=\"twitter:card\" content=\"summary_large_image\" \/>\n<meta name=\"twitter:label1\" content=\"Dur\u00e9e de lecture estim\u00e9e\" \/>\n\t<meta name=\"twitter:data1\" content=\"5 minutes\" \/>\n<script type=\"application\/ld+json\" class=\"yoast-schema-graph\">{\"@context\":\"https:\\\/\\\/schema.org\",\"@graph\":[{\"@type\":\"WebPage\",\"@id\":\"https:\\\/\\\/umfcluj.ro\\\/fr\\\/medecine-dentaire\\\/orthodontie\\\/\",\"url\":\"https:\\\/\\\/umfcluj.ro\\\/fr\\\/medecine-dentaire\\\/orthodontie\\\/\",\"name\":\"Orthodontie - UMF Cluj\",\"isPartOf\":{\"@id\":\"https:\\\/\\\/umfcluj.ro\\\/fr\\\/#website\"},\"primaryImageOfPage\":{\"@id\":\"https:\\\/\\\/umfcluj.ro\\\/fr\\\/medecine-dentaire\\\/orthodontie\\\/#primaryimage\"},\"image\":{\"@id\":\"https:\\\/\\\/umfcluj.ro\\\/fr\\\/medecine-dentaire\\\/orthodontie\\\/#primaryimage\"},\"thumbnailUrl\":\"https:\\\/\\\/cdn.umfcluj.ro\\\/uploads\\\/2021\\\/12\\\/DSC09118-scaled.jpg\",\"datePublished\":\"2025-10-20T21:00:49+00:00\",\"dateModified\":\"2025-10-22T12:55:40+00:00\",\"breadcrumb\":{\"@id\":\"https:\\\/\\\/umfcluj.ro\\\/fr\\\/medecine-dentaire\\\/orthodontie\\\/#breadcrumb\"},\"inLanguage\":\"fr-FR\",\"potentialAction\":[{\"@type\":\"ReadAction\",\"target\":[\"https:\\\/\\\/umfcluj.ro\\\/fr\\\/medecine-dentaire\\\/orthodontie\\\/\"]}]},{\"@type\":\"ImageObject\",\"inLanguage\":\"fr-FR\",\"@id\":\"https:\\\/\\\/umfcluj.ro\\\/fr\\\/medecine-dentaire\\\/orthodontie\\\/#primaryimage\",\"url\":\"https:\\\/\\\/cdn.umfcluj.ro\\\/uploads\\\/2021\\\/12\\\/DSC09118-scaled.jpg\",\"contentUrl\":\"https:\\\/\\\/cdn.umfcluj.ro\\\/uploads\\\/2021\\\/12\\\/DSC09118-scaled.jpg\",\"width\":2560,\"height\":1707},{\"@type\":\"BreadcrumbList\",\"@id\":\"https:\\\/\\\/umfcluj.ro\\\/fr\\\/medecine-dentaire\\\/orthodontie\\\/#breadcrumb\",\"itemListElement\":[{\"@type\":\"ListItem\",\"position\":1,\"name\":\"Accueil\",\"item\":\"https:\\\/\\\/umfcluj.ro\\\/fr\\\/\"},{\"@type\":\"ListItem\",\"position\":2,\"name\":\"Facult\u00e9 de m\u00e9decine dentaire\",\"item\":\"https:\\\/\\\/umfcluj.ro\\\/fr\\\/medecine-dentaire\\\/\"},{\"@type\":\"ListItem\",\"position\":3,\"name\":\"Orthodontie\"}]},{\"@type\":\"WebSite\",\"@id\":\"https:\\\/\\\/umfcluj.ro\\\/fr\\\/#website\",\"url\":\"https:\\\/\\\/umfcluj.ro\\\/fr\\\/\",\"name\":\"UMF Cluj\",\"description\":\"Universitatea de Medicina si Farmacie Iuliu Ha\u021bieganu Cluj Napoca\",\"publisher\":{\"@id\":\"https:\\\/\\\/umfcluj.ro\\\/fr\\\/#organization\"},\"potentialAction\":[{\"@type\":\"SearchAction\",\"target\":{\"@type\":\"EntryPoint\",\"urlTemplate\":\"https:\\\/\\\/umfcluj.ro\\\/fr\\\/?s={search_term_string}\"},\"query-input\":{\"@type\":\"PropertyValueSpecification\",\"valueRequired\":true,\"valueName\":\"search_term_string\"}}],\"inLanguage\":\"fr-FR\"},{\"@type\":\"Organization\",\"@id\":\"https:\\\/\\\/umfcluj.ro\\\/fr\\\/#organization\",\"name\":\"UMF Cluj\",\"url\":\"https:\\\/\\\/umfcluj.ro\\\/fr\\\/\",\"logo\":{\"@type\":\"ImageObject\",\"inLanguage\":\"fr-FR\",\"@id\":\"https:\\\/\\\/umfcluj.ro\\\/fr\\\/#\\\/schema\\\/logo\\\/image\\\/\",\"url\":\"https:\\\/\\\/cdn.umfcluj.ro\\\/uploads\\\/2021\\\/05\\\/logo-umfcluj.svg\",\"contentUrl\":\"https:\\\/\\\/cdn.umfcluj.ro\\\/uploads\\\/2021\\\/05\\\/logo-umfcluj.svg\",\"width\":170,\"height\":77,\"caption\":\"UMF Cluj\"},\"image\":{\"@id\":\"https:\\\/\\\/umfcluj.ro\\\/fr\\\/#\\\/schema\\\/logo\\\/image\\\/\"}}]}<\/script>\n<!-- \/ Yoast SEO plugin. -->","yoast_head_json":{"title":"Orthodontie - UMF Cluj","robots":{"index":"index","follow":"follow","max-snippet":"max-snippet:-1","max-image-preview":"max-image-preview:large","max-video-preview":"max-video-preview:-1"},"canonical":"https:\/\/umfcluj.ro\/fr\/medecine-dentaire\/orthodontie\/","og_locale":"fr_FR","og_type":"article","og_title":"Orthodontie - UMF Cluj","og_description":"Orthodontie et orthop\u00e9die dento-faciale Chef de Discipline : Ma\u00eetre de Conf\u00e9rences Dr. Dana Fe\u0219til\u0103 E-mail: dana.festila@umfcluj.ro Secr\u00e9tariat de la discipline Orthodontie\u00a0 Adresse : Cluj-Napoca, rue Avram Iancu n\u00b0 31, 1er \u00e9tage E-mail : ortodontie@umfcluj.ro &nbsp; \u201cL\u2019orthodontie est une sp\u00e9cialit\u00e9 biologique, m\u00e9dicale et technique qui se diff\u00e9rencie de la stomatologie g\u00e9n\u00e9rale par son contenu, ses m\u00e9thodes [&hellip;]","og_url":"https:\/\/umfcluj.ro\/fr\/medecine-dentaire\/orthodontie\/","og_site_name":"UMF Cluj","article_modified_time":"2025-10-22T12:55:40+00:00","og_image":[{"width":2560,"height":1707,"url":"https:\/\/cdn.umfcluj.ro\/uploads\/2021\/12\/DSC09118-scaled.jpg","type":"image\/jpeg"}],"twitter_card":"summary_large_image","twitter_misc":{"Dur\u00e9e de lecture estim\u00e9e":"5 minutes"},"schema":{"@context":"https:\/\/schema.org","@graph":[{"@type":"WebPage","@id":"https:\/\/umfcluj.ro\/fr\/medecine-dentaire\/orthodontie\/","url":"https:\/\/umfcluj.ro\/fr\/medecine-dentaire\/orthodontie\/","name":"Orthodontie - UMF Cluj","isPartOf":{"@id":"https:\/\/umfcluj.ro\/fr\/#website"},"primaryImageOfPage":{"@id":"https:\/\/umfcluj.ro\/fr\/medecine-dentaire\/orthodontie\/#primaryimage"},"image":{"@id":"https:\/\/umfcluj.ro\/fr\/medecine-dentaire\/orthodontie\/#primaryimage"},"thumbnailUrl":"https:\/\/cdn.umfcluj.ro\/uploads\/2021\/12\/DSC09118-scaled.jpg","datePublished":"2025-10-20T21:00:49+00:00","dateModified":"2025-10-22T12:55:40+00:00","breadcrumb":{"@id":"https:\/\/umfcluj.ro\/fr\/medecine-dentaire\/orthodontie\/#breadcrumb"},"inLanguage":"fr-FR","potentialAction":[{"@type":"ReadAction","target":["https:\/\/umfcluj.ro\/fr\/medecine-dentaire\/orthodontie\/"]}]},{"@type":"ImageObject","inLanguage":"fr-FR","@id":"https:\/\/umfcluj.ro\/fr\/medecine-dentaire\/orthodontie\/#primaryimage","url":"https:\/\/cdn.umfcluj.ro\/uploads\/2021\/12\/DSC09118-scaled.jpg","contentUrl":"https:\/\/cdn.umfcluj.ro\/uploads\/2021\/12\/DSC09118-scaled.jpg","width":2560,"height":1707},{"@type":"BreadcrumbList","@id":"https:\/\/umfcluj.ro\/fr\/medecine-dentaire\/orthodontie\/#breadcrumb","itemListElement":[{"@type":"ListItem","position":1,"name":"Accueil","item":"https:\/\/umfcluj.ro\/fr\/"},{"@type":"ListItem","position":2,"name":"Facult\u00e9 de m\u00e9decine dentaire","item":"https:\/\/umfcluj.ro\/fr\/medecine-dentaire\/"},{"@type":"ListItem","position":3,"name":"Orthodontie"}]},{"@type":"WebSite","@id":"https:\/\/umfcluj.ro\/fr\/#website","url":"https:\/\/umfcluj.ro\/fr\/","name":"UMF Cluj","description":"Universitatea de Medicina si Farmacie Iuliu Ha\u021bieganu Cluj Napoca","publisher":{"@id":"https:\/\/umfcluj.ro\/fr\/#organization"},"potentialAction":[{"@type":"SearchAction","target":{"@type":"EntryPoint","urlTemplate":"https:\/\/umfcluj.ro\/fr\/?s={search_term_string}"},"query-input":{"@type":"PropertyValueSpecification","valueRequired":true,"valueName":"search_term_string"}}],"inLanguage":"fr-FR"},{"@type":"Organization","@id":"https:\/\/umfcluj.ro\/fr\/#organization","name":"UMF Cluj","url":"https:\/\/umfcluj.ro\/fr\/","logo":{"@type":"ImageObject","inLanguage":"fr-FR","@id":"https:\/\/umfcluj.ro\/fr\/#\/schema\/logo\/image\/","url":"https:\/\/cdn.umfcluj.ro\/uploads\/2021\/05\/logo-umfcluj.svg","contentUrl":"https:\/\/cdn.umfcluj.ro\/uploads\/2021\/05\/logo-umfcluj.svg","width":170,"height":77,"caption":"UMF Cluj"},"image":{"@id":"https:\/\/umfcluj.ro\/fr\/#\/schema\/logo\/image\/"}}]}},"_links":{"self":[{"href":"https:\/\/umfcluj.ro\/fr\/wp-json\/wp\/v2\/dent\/89429","targetHints":{"allow":["GET"]}}],"collection":[{"href":"https:\/\/umfcluj.ro\/fr\/wp-json\/wp\/v2\/dent"}],"about":[{"href":"https:\/\/umfcluj.ro\/fr\/wp-json\/wp\/v2\/types\/dent"}],"version-history":[{"count":3,"href":"https:\/\/umfcluj.ro\/fr\/wp-json\/wp\/v2\/dent\/89429\/revisions"}],"predecessor-version":[{"id":89469,"href":"https:\/\/umfcluj.ro\/fr\/wp-json\/wp\/v2\/dent\/89429\/revisions\/89469"}],"wp:featuredmedia":[{"embeddable":true,"href":"https:\/\/umfcluj.ro\/fr\/wp-json\/wp\/v2\/media\/37631"}],"wp:attachment":[{"href":"https:\/\/umfcluj.ro\/fr\/wp-json\/wp\/v2\/media?parent=89429"}],"curies":[{"name":"wp","href":"https:\/\/api.w.org\/{rel}","templated":true}]}}