{"id":46694,"date":"2024-07-31T09:00:41","date_gmt":"2024-07-31T06:00:41","guid":{"rendered":"https:\/\/umfcluj.ro\/meddent\/educatie\/studenti\/mobilitati\/transferuri\/"},"modified":"2025-07-29T16:05:27","modified_gmt":"2025-07-29T13:05:27","slug":"transferts","status":"publish","type":"dent","link":"https:\/\/umfcluj.ro\/fr\/medecine-dentaire\/formation\/etudiants\/mobilite\/transferts\/","title":{"rendered":"Transferts"},"content":{"rendered":"<p><strong style=\"color: red;\">Pour l&rsquo;ann\u00e9e acad\u00e9mique 2025-2026, la session de transfert \u00e0 la Facult\u00e9 de M\u00e9decine Dentaire a lieu du 01.09.2025 au 12.09.2025, 12 heures, \u00e0 la Doyenn\u00e9 de la Facult\u00e9 de M\u00e9decine Dentaire, 4 rue Louis Pasteur, 2e \u00e9tage, bureau 8, entre 11h00 et 15h00.<\/strong><\/p>\n<p>&nbsp;<\/p>\n<p><strong>Les documents n\u00e9cessaires<\/strong>\u00a0au dossier de mobilit\u00e9 scolaire permanente :<\/p>\n<ol>\n<li>Demande (document annex\u00e9)<\/li>\n<li>Relev\u00e9 des notes sign\u00e9e par la facult\u00e9;<\/li>\n<li>Le plan d\u2019enseignement<\/li>\n<li>Syllabus;<\/li>\n<li>Certificat de comp\u00e9tence linguistique, si c\u2019est le cas;<\/li>\n<li>Certificat m\u00e9dical selon les sp\u00e9cificit\u00e9s du programme d\u2019\u00e9tudes<\/li>\n<li>Lettre de recommandation d\u2019un enseignant, contresign\u00e9e par le doyen de la facult\u00e9;<\/li>\n<li>Copie de la photocopie du certificat de naissance et du passeport;<\/li>\n<li>Copie du dipl\u00f4me et de la feuille matricielle du dipl\u00f4me d\u2019\u00e9tudes secondaires;<\/li>\n<li>Attestation CNRED sur la reconnaissance des \u00e9tudes ant\u00e9rieures (citoyens roumains dipl\u00f4m\u00e9s \u00e0 l\u2019\u00e9tranger, citoyens de l\u2019UE, de l\u2019EEE et de la Conf\u00e9d\u00e9ration suisse;<\/li>\n<li>Lettre d\u2019acceptation pour des \u00e9tudes en Roumanie (ressortissants de pays tiers de l\u2019UE enregistr\u00e9s sous le r\u00e9gime CPV);<\/li>\n<li>Avis psychologique assortie de tests sp\u00e9cifiques pour la Facult\u00e9 de M\u00e9decine Dentaire<\/li>\n<li>Copie de l\u2019ordonnance du ministre sur l\u2019inscription \u00e0 l\u2019\u00e9tablissement d\u2019origine (\u00e9tudiants roumains partout, citoyens roumains r\u00e9sidant \u00e0 l\u2019\u00e9tranger ou citoyens roumains r\u00e9sidant \u00e0 l\u2019\u00e9tranger qui b\u00e9n\u00e9ficient du statut de \u00ab boursier de l\u2019\u00c9tat roumain \u00bb).<\/li>\n<li>Lettre de motivation<\/li>\n<li>Certificat indiquant si l\u2019\u00e9tudiant a \u00e9t\u00e9 sanctionn\u00e9 ou non au cours de ses \u00e9tudes<\/li>\n<li>Preuve du paiement de la taxe de transfert<\/li>\n<\/ol>\n<p>&nbsp;<\/p>\n<p>En ce qui concerne le point 12,\u00a0<strong>l\u2019avis psychologique<\/strong>, les candidats soumettront un avis psychologique, obtenu aupr\u00e8s d\u2019un psychologue ext\u00e9rieur \u00e0 l\u2019universit\u00e9, comprenant une description de la personnalit\u00e9.<\/p>\n<p>En outre, les candidats passeront un entretien d\u2019orientation professionnelle en ligne au centre d\u2019orientation professionnelle. Les entretiens se d\u00e9rouleront strictement du 1 au 11 septembre 2025, du lundi au vendredi, sur rendez-vous \u00e0\u00a0<a href=\"mailto:psychology@elearn.umfcluj.ro\">psychology@elearn.umfcluj.ro<\/a><\/p>\n<p>&nbsp;<\/p>\n<p>Par rapport au point 16,\u00a0<strong>Frais de transfert<\/strong>, les frais de transfert des autres universit\u00e9s \u00e0 l\u2019U.M.F. \u00ab Iuliu Ha\u021bieganu \u00bb de Cluj-Napoca sont de 500 lei. Les frais de transfert peuvent \u00eatre pay\u00e9s \u00e0 la caisse de l\u2019universit\u00e9, 4, rue Louis Pasteur, rez-de-chauss\u00e9e, ou par virement bancaire sur le compte (<strong>les frais doivent \u00eatre pay\u00e9s en LEI)<\/strong>\u00a0:<\/p>\n<p>Beneficiary \/ B\u00e9n\u00e9ficiaire :\u00a0<strong>UNIVERSITATEA DE MEDICINA SI FARMACIE ,,IULIU HATIEGANU\u00a0\u00bb<br \/>\n<\/strong>ADDRESS \/ Adresse : Cluj-Napoca, Rom\u00e2nia Beneficiary account number \/ Num\u00e9ro de compte du b\u00e9n\u00e9ficiaire<br \/>\n<strong>CONT IBAN : RO10BTRL01301202964565XX<br \/>\nCOD SWIFT\/BIC : BTRLRO22<br \/>\n<\/strong>Beneficiary\u2019s bank \/ Banque du b\u00e9n\u00e9ficiaire : BANCA TRANSILVANIA<br \/>\nADRESS OF THE BANK\/ L\u2019ADRESSE DE LA BANQUE: Str. Eroilor Nr. 36, Cod 400129, Cluj-Napoca, Rom\u00e2nia.<br \/>\nREPRESENTING\/Repr\u00e9sentation :\u00a0<strong>taxa transfer<\/strong>\u00a0\u2013\u00a0NOM DE L\u2019\u00c9TUDIANT, FACULT\u00c9.<\/p>\n<p>&nbsp;<\/p>\n<p><span style=\"color: red;\">Les r\u00e9sultats seront communiqu\u00e9s le\u00a0<strong>19.09.2025<\/strong>.<\/span><\/p>\n<p>&nbsp;<\/p>\n<p><strong>!!! IMPORTANT :<\/strong><\/p>\n<ul>\n<li>\u00c0 l\u2019Universit\u00e9 de M\u00e9decine et de Pharmacie \u00ab\u00a0Iuliu Hatieganu\u00a0\u00bb de Cluj-Napoca, peuvent \u00eatre transf\u00e9r\u00e9s les \u00e9tudiants des \u00e9tablissements d\u2019enseignement sup\u00e9rieur agr\u00e9\u00e9s par l\u2019\u00c9tat, conform\u00e9ment \u00e0 la Loi sur l\u2019 \u00c9ducation n\u00b0 199 de 2023 et la R\u00e9glementer de l\u2019Universit\u00e9 en vigueur.<\/li>\n<\/ul>\n<ul>\n<li>Il peut y avoir transfert \u00e0 la Facult\u00e9 de M\u00e9decine Dentaire des <strong>\u00e9tudiants int\u00e9gristes<\/strong>\u00a0(sans aucun examen en retard). Pour l\u2019\u00e9valuation du dossier, le demandeur doit avoir une\u00a0<strong>moyenne g\u00e9nerale minimale de 9,00<\/strong>.<\/li>\n<\/ul>\n<ul>\n<li>La mobilit\u00e9 acad\u00e9mique finale de l\u2019\u00e9tudiant peut s\u2019effectuer au sein de l\u2019UMFIH d\u2019un programme d\u2019\u00e9tudes avec un nombre de cr\u00e9dits ECTS plus \u00e9lev\u00e9 vers un programme d\u2019\u00e9tudes avec un nombre de cr\u00e9dits ECTS plus bas (et non l\u2019inverse) selon la R\u00e9glementer de l\u2019UMFIH ou d\u2019une universit\u00e9 publique accr\u00e9dit\u00e9e, de la m\u00eame branche scientifique en tenant compte de la compatibilit\u00e9 des sp\u00e9cialisations, des programmes d\u2019\u00e9tudes et de l\u2019application du Guide ECTS.<\/li>\n<\/ul>\n<ul>\n<li>Les candidats d\u00e9clar\u00e9s admis apr\u00e8s le concours d\u2019admission et inscrits par la suite dans des programmes d\u2019\u00e9tudes avec le m\u00eame nombre de cr\u00e9dits ECTS pourront changer de programme d\u2019\u00e9tudes, uniquement sur la base d\u2019un nouvel examen d\u2019admission.<\/li>\n<\/ul>\n<p><strong>\u00a0<\/strong><\/p>\n<p><strong>Le nombre de places disponibles pour un transfert \u00e0 la Facult\u00e9 de M\u00e9decine Dentaire, Section fran\u00e7aise pour l&rsquo;ann\u00e9e acad\u00e9mique 2025-2026, est le suivant\u00a0:<\/strong><\/p>\n<table>\n<thead>\n<tr>\n<th>Programme d&rsquo;\u00e9tudes<\/th>\n<th>Ann\u00e9e<\/th>\n<th>Nombre de places<br \/>\nplaces disponibles<\/th>\n<\/tr>\n<\/thead>\n<tbody>\n<tr>\n<td style=\"text-align: left;\">M\u00e9decine Dentaire en fran\u00e7ais<\/td>\n<td style=\"text-align: center;\">II<\/td>\n<td style=\"text-align: center;\">3<\/td>\n<\/tr>\n<\/tbody>\n<\/table>\n<p>&nbsp;<\/p>\n<p><strong>D\u00e9tails de contact<\/strong> :<br \/>\nSecr\u00e9taire en chef de la facult\u00e9,<br \/>\nAlexandra Tolnai<br \/>\nT\u00e9l\u00e9phone : 0374834115<\/p>\n","protected":false},"featured_media":32701,"parent":46690,"menu_order":1,"template":"","class_list":["post-46694","dent","type-dent","status-publish","has-post-thumbnail","hentry"],"acf":[],"yoast_head":"<!-- This site is optimized with the Yoast SEO plugin v27.5 - https:\/\/yoast.com\/product\/yoast-seo-wordpress\/ -->\n<title>Transferts - UMF Cluj<\/title>\n<meta name=\"robots\" content=\"index, follow, max-snippet:-1, max-image-preview:large, max-video-preview:-1\" \/>\n<link rel=\"canonical\" href=\"https:\/\/umfcluj.ro\/fr\/medecine-dentaire\/formation\/etudiants\/mobilite\/transferts\/\" \/>\n<meta property=\"og:locale\" content=\"fr_FR\" \/>\n<meta property=\"og:type\" content=\"article\" \/>\n<meta property=\"og:title\" content=\"Transferts - UMF Cluj\" \/>\n<meta property=\"og:description\" content=\"Pour l&rsquo;ann\u00e9e acad\u00e9mique 2025-2026, la session de transfert \u00e0 la Facult\u00e9 de M\u00e9decine Dentaire a lieu du 01.09.2025 au 12.09.2025, 12 heures, \u00e0 la Doyenn\u00e9 de la Facult\u00e9 de M\u00e9decine Dentaire, 4 rue Louis Pasteur, 2e \u00e9tage, bureau 8, entre 11h00 et 15h00. &nbsp; Les documents n\u00e9cessaires\u00a0au dossier de mobilit\u00e9 scolaire permanente : Demande (document [&hellip;]\" \/>\n<meta property=\"og:url\" content=\"https:\/\/umfcluj.ro\/fr\/medecine-dentaire\/formation\/etudiants\/mobilite\/transferts\/\" \/>\n<meta property=\"og:site_name\" content=\"UMF Cluj\" \/>\n<meta property=\"article:modified_time\" content=\"2025-07-29T13:05:27+00:00\" \/>\n<meta property=\"og:image\" content=\"https:\/\/cdn.umfcluj.ro\/uploads\/2021\/09\/asse_15.jpg\" \/>\n\t<meta property=\"og:image:width\" content=\"1300\" \/>\n\t<meta property=\"og:image:height\" content=\"894\" \/>\n\t<meta property=\"og:image:type\" content=\"image\/jpeg\" \/>\n<meta name=\"twitter:card\" content=\"summary_large_image\" \/>\n<meta name=\"twitter:label1\" content=\"Dur\u00e9e de lecture estim\u00e9e\" \/>\n\t<meta name=\"twitter:data1\" content=\"4 minutes\" \/>\n<script type=\"application\/ld+json\" class=\"yoast-schema-graph\">{\"@context\":\"https:\\\/\\\/schema.org\",\"@graph\":[{\"@type\":\"WebPage\",\"@id\":\"https:\\\/\\\/umfcluj.ro\\\/fr\\\/medecine-dentaire\\\/formation\\\/etudiants\\\/mobilite\\\/transferts\\\/\",\"url\":\"https:\\\/\\\/umfcluj.ro\\\/fr\\\/medecine-dentaire\\\/formation\\\/etudiants\\\/mobilite\\\/transferts\\\/\",\"name\":\"Transferts - UMF Cluj\",\"isPartOf\":{\"@id\":\"https:\\\/\\\/umfcluj.ro\\\/fr\\\/#website\"},\"primaryImageOfPage\":{\"@id\":\"https:\\\/\\\/umfcluj.ro\\\/fr\\\/medecine-dentaire\\\/formation\\\/etudiants\\\/mobilite\\\/transferts\\\/#primaryimage\"},\"image\":{\"@id\":\"https:\\\/\\\/umfcluj.ro\\\/fr\\\/medecine-dentaire\\\/formation\\\/etudiants\\\/mobilite\\\/transferts\\\/#primaryimage\"},\"thumbnailUrl\":\"https:\\\/\\\/cdn.umfcluj.ro\\\/uploads\\\/2021\\\/09\\\/asse_15.jpg\",\"datePublished\":\"2024-07-31T06:00:41+00:00\",\"dateModified\":\"2025-07-29T13:05:27+00:00\",\"breadcrumb\":{\"@id\":\"https:\\\/\\\/umfcluj.ro\\\/fr\\\/medecine-dentaire\\\/formation\\\/etudiants\\\/mobilite\\\/transferts\\\/#breadcrumb\"},\"inLanguage\":\"fr-FR\",\"potentialAction\":[{\"@type\":\"ReadAction\",\"target\":[\"https:\\\/\\\/umfcluj.ro\\\/fr\\\/medecine-dentaire\\\/formation\\\/etudiants\\\/mobilite\\\/transferts\\\/\"]}]},{\"@type\":\"ImageObject\",\"inLanguage\":\"fr-FR\",\"@id\":\"https:\\\/\\\/umfcluj.ro\\\/fr\\\/medecine-dentaire\\\/formation\\\/etudiants\\\/mobilite\\\/transferts\\\/#primaryimage\",\"url\":\"https:\\\/\\\/cdn.umfcluj.ro\\\/uploads\\\/2021\\\/09\\\/asse_15.jpg\",\"contentUrl\":\"https:\\\/\\\/cdn.umfcluj.ro\\\/uploads\\\/2021\\\/09\\\/asse_15.jpg\",\"width\":1300,\"height\":894},{\"@type\":\"BreadcrumbList\",\"@id\":\"https:\\\/\\\/umfcluj.ro\\\/fr\\\/medecine-dentaire\\\/formation\\\/etudiants\\\/mobilite\\\/transferts\\\/#breadcrumb\",\"itemListElement\":[{\"@type\":\"ListItem\",\"position\":1,\"name\":\"Accueil\",\"item\":\"https:\\\/\\\/umfcluj.ro\\\/fr\\\/\"},{\"@type\":\"ListItem\",\"position\":2,\"name\":\"Facult\u00e9 de m\u00e9decine dentaire\",\"item\":\"https:\\\/\\\/umfcluj.ro\\\/fr\\\/medecine-dentaire\\\/\"},{\"@type\":\"ListItem\",\"position\":3,\"name\":\"Formation\",\"item\":\"https:\\\/\\\/umfcluj.ro\\\/fr\\\/medecine-dentaire\\\/formation\\\/\"},{\"@type\":\"ListItem\",\"position\":4,\"name\":\"\u00c9tudiants\",\"item\":\"https:\\\/\\\/umfcluj.ro\\\/fr\\\/medecine-dentaire\\\/formation\\\/etudiants\\\/\"},{\"@type\":\"ListItem\",\"position\":5,\"name\":\"Mobilit\u00e9\",\"item\":\"https:\\\/\\\/umfcluj.ro\\\/fr\\\/medecine-dentaire\\\/formation\\\/etudiants\\\/mobilite\\\/\"},{\"@type\":\"ListItem\",\"position\":6,\"name\":\"Transferts\"}]},{\"@type\":\"WebSite\",\"@id\":\"https:\\\/\\\/umfcluj.ro\\\/fr\\\/#website\",\"url\":\"https:\\\/\\\/umfcluj.ro\\\/fr\\\/\",\"name\":\"UMF Cluj\",\"description\":\"Universitatea de Medicina si Farmacie Iuliu Ha\u021bieganu Cluj Napoca\",\"publisher\":{\"@id\":\"https:\\\/\\\/umfcluj.ro\\\/fr\\\/#organization\"},\"potentialAction\":[{\"@type\":\"SearchAction\",\"target\":{\"@type\":\"EntryPoint\",\"urlTemplate\":\"https:\\\/\\\/umfcluj.ro\\\/fr\\\/?s={search_term_string}\"},\"query-input\":{\"@type\":\"PropertyValueSpecification\",\"valueRequired\":true,\"valueName\":\"search_term_string\"}}],\"inLanguage\":\"fr-FR\"},{\"@type\":\"Organization\",\"@id\":\"https:\\\/\\\/umfcluj.ro\\\/fr\\\/#organization\",\"name\":\"UMF Cluj\",\"url\":\"https:\\\/\\\/umfcluj.ro\\\/fr\\\/\",\"logo\":{\"@type\":\"ImageObject\",\"inLanguage\":\"fr-FR\",\"@id\":\"https:\\\/\\\/umfcluj.ro\\\/fr\\\/#\\\/schema\\\/logo\\\/image\\\/\",\"url\":\"https:\\\/\\\/cdn.umfcluj.ro\\\/uploads\\\/2021\\\/05\\\/logo-umfcluj.svg\",\"contentUrl\":\"https:\\\/\\\/cdn.umfcluj.ro\\\/uploads\\\/2021\\\/05\\\/logo-umfcluj.svg\",\"width\":170,\"height\":77,\"caption\":\"UMF Cluj\"},\"image\":{\"@id\":\"https:\\\/\\\/umfcluj.ro\\\/fr\\\/#\\\/schema\\\/logo\\\/image\\\/\"}}]}<\/script>\n<!-- \/ Yoast SEO plugin. -->","yoast_head_json":{"title":"Transferts - UMF Cluj","robots":{"index":"index","follow":"follow","max-snippet":"max-snippet:-1","max-image-preview":"max-image-preview:large","max-video-preview":"max-video-preview:-1"},"canonical":"https:\/\/umfcluj.ro\/fr\/medecine-dentaire\/formation\/etudiants\/mobilite\/transferts\/","og_locale":"fr_FR","og_type":"article","og_title":"Transferts - UMF Cluj","og_description":"Pour l&rsquo;ann\u00e9e acad\u00e9mique 2025-2026, la session de transfert \u00e0 la Facult\u00e9 de M\u00e9decine Dentaire a lieu du 01.09.2025 au 12.09.2025, 12 heures, \u00e0 la Doyenn\u00e9 de la Facult\u00e9 de M\u00e9decine Dentaire, 4 rue Louis Pasteur, 2e \u00e9tage, bureau 8, entre 11h00 et 15h00. &nbsp; Les documents n\u00e9cessaires\u00a0au dossier de mobilit\u00e9 scolaire permanente : Demande (document [&hellip;]","og_url":"https:\/\/umfcluj.ro\/fr\/medecine-dentaire\/formation\/etudiants\/mobilite\/transferts\/","og_site_name":"UMF Cluj","article_modified_time":"2025-07-29T13:05:27+00:00","og_image":[{"width":1300,"height":894,"url":"https:\/\/cdn.umfcluj.ro\/uploads\/2021\/09\/asse_15.jpg","type":"image\/jpeg"}],"twitter_card":"summary_large_image","twitter_misc":{"Dur\u00e9e de lecture estim\u00e9e":"4 minutes"},"schema":{"@context":"https:\/\/schema.org","@graph":[{"@type":"WebPage","@id":"https:\/\/umfcluj.ro\/fr\/medecine-dentaire\/formation\/etudiants\/mobilite\/transferts\/","url":"https:\/\/umfcluj.ro\/fr\/medecine-dentaire\/formation\/etudiants\/mobilite\/transferts\/","name":"Transferts - UMF Cluj","isPartOf":{"@id":"https:\/\/umfcluj.ro\/fr\/#website"},"primaryImageOfPage":{"@id":"https:\/\/umfcluj.ro\/fr\/medecine-dentaire\/formation\/etudiants\/mobilite\/transferts\/#primaryimage"},"image":{"@id":"https:\/\/umfcluj.ro\/fr\/medecine-dentaire\/formation\/etudiants\/mobilite\/transferts\/#primaryimage"},"thumbnailUrl":"https:\/\/cdn.umfcluj.ro\/uploads\/2021\/09\/asse_15.jpg","datePublished":"2024-07-31T06:00:41+00:00","dateModified":"2025-07-29T13:05:27+00:00","breadcrumb":{"@id":"https:\/\/umfcluj.ro\/fr\/medecine-dentaire\/formation\/etudiants\/mobilite\/transferts\/#breadcrumb"},"inLanguage":"fr-FR","potentialAction":[{"@type":"ReadAction","target":["https:\/\/umfcluj.ro\/fr\/medecine-dentaire\/formation\/etudiants\/mobilite\/transferts\/"]}]},{"@type":"ImageObject","inLanguage":"fr-FR","@id":"https:\/\/umfcluj.ro\/fr\/medecine-dentaire\/formation\/etudiants\/mobilite\/transferts\/#primaryimage","url":"https:\/\/cdn.umfcluj.ro\/uploads\/2021\/09\/asse_15.jpg","contentUrl":"https:\/\/cdn.umfcluj.ro\/uploads\/2021\/09\/asse_15.jpg","width":1300,"height":894},{"@type":"BreadcrumbList","@id":"https:\/\/umfcluj.ro\/fr\/medecine-dentaire\/formation\/etudiants\/mobilite\/transferts\/#breadcrumb","itemListElement":[{"@type":"ListItem","position":1,"name":"Accueil","item":"https:\/\/umfcluj.ro\/fr\/"},{"@type":"ListItem","position":2,"name":"Facult\u00e9 de m\u00e9decine dentaire","item":"https:\/\/umfcluj.ro\/fr\/medecine-dentaire\/"},{"@type":"ListItem","position":3,"name":"Formation","item":"https:\/\/umfcluj.ro\/fr\/medecine-dentaire\/formation\/"},{"@type":"ListItem","position":4,"name":"\u00c9tudiants","item":"https:\/\/umfcluj.ro\/fr\/medecine-dentaire\/formation\/etudiants\/"},{"@type":"ListItem","position":5,"name":"Mobilit\u00e9","item":"https:\/\/umfcluj.ro\/fr\/medecine-dentaire\/formation\/etudiants\/mobilite\/"},{"@type":"ListItem","position":6,"name":"Transferts"}]},{"@type":"WebSite","@id":"https:\/\/umfcluj.ro\/fr\/#website","url":"https:\/\/umfcluj.ro\/fr\/","name":"UMF Cluj","description":"Universitatea de Medicina si Farmacie Iuliu Ha\u021bieganu Cluj Napoca","publisher":{"@id":"https:\/\/umfcluj.ro\/fr\/#organization"},"potentialAction":[{"@type":"SearchAction","target":{"@type":"EntryPoint","urlTemplate":"https:\/\/umfcluj.ro\/fr\/?s={search_term_string}"},"query-input":{"@type":"PropertyValueSpecification","valueRequired":true,"valueName":"search_term_string"}}],"inLanguage":"fr-FR"},{"@type":"Organization","@id":"https:\/\/umfcluj.ro\/fr\/#organization","name":"UMF Cluj","url":"https:\/\/umfcluj.ro\/fr\/","logo":{"@type":"ImageObject","inLanguage":"fr-FR","@id":"https:\/\/umfcluj.ro\/fr\/#\/schema\/logo\/image\/","url":"https:\/\/cdn.umfcluj.ro\/uploads\/2021\/05\/logo-umfcluj.svg","contentUrl":"https:\/\/cdn.umfcluj.ro\/uploads\/2021\/05\/logo-umfcluj.svg","width":170,"height":77,"caption":"UMF Cluj"},"image":{"@id":"https:\/\/umfcluj.ro\/fr\/#\/schema\/logo\/image\/"}}]}},"_links":{"self":[{"href":"https:\/\/umfcluj.ro\/fr\/wp-json\/wp\/v2\/dent\/46694","targetHints":{"allow":["GET"]}}],"collection":[{"href":"https:\/\/umfcluj.ro\/fr\/wp-json\/wp\/v2\/dent"}],"about":[{"href":"https:\/\/umfcluj.ro\/fr\/wp-json\/wp\/v2\/types\/dent"}],"version-history":[{"count":13,"href":"https:\/\/umfcluj.ro\/fr\/wp-json\/wp\/v2\/dent\/46694\/revisions"}],"predecessor-version":[{"id":84059,"href":"https:\/\/umfcluj.ro\/fr\/wp-json\/wp\/v2\/dent\/46694\/revisions\/84059"}],"up":[{"embeddable":true,"href":"https:\/\/umfcluj.ro\/fr\/wp-json\/wp\/v2\/dent\/46690"}],"wp:featuredmedia":[{"embeddable":true,"href":"https:\/\/umfcluj.ro\/fr\/wp-json\/wp\/v2\/media\/32701"}],"wp:attachment":[{"href":"https:\/\/umfcluj.ro\/fr\/wp-json\/wp\/v2\/media?parent=46694"}],"curies":[{"name":"wp","href":"https:\/\/api.w.org\/{rel}","templated":true}]}}