{"id":46593,"date":"2022-02-22T10:29:34","date_gmt":"2022-02-22T08:29:34","guid":{"rendered":"https:\/\/umfcluj.ro\/meddent\/facultate\/organizare\/consiliul-facultatii\/"},"modified":"2024-05-20T14:21:29","modified_gmt":"2024-05-20T11:21:29","slug":"conseil-de-la-faculte","status":"publish","type":"dent","link":"https:\/\/umfcluj.ro\/fr\/medecine-dentaire\/faculte\/organisation\/conseil-faculte\/","title":{"rendered":"Conseil de la Facult\u00e9"},"content":{"rendered":"<p id=\"tw-target-text\" class=\"tw-data-text tw-text-large tw-ta\" dir=\"ltr\" data-placeholder=\"Traducere\" aria-label=\"Text tradus\" data-ved=\"2ahUKEwjLhpGawZuGAxUl8AIHHctXB-0Q3ewLegQIBRAU\"><span class=\"Y2IQFc\" lang=\"fr\">Le Conseil de la Facult\u00e9 de m\u00e9decine dentaire d\u00e9finit la mission, les objectifs et la strat\u00e9gie de la facult\u00e9, conform\u00e9ment \u00e0 la mission, aux objectifs et \u00e0 la strat\u00e9gie de d\u00e9veloppement de l&rsquo;Universit\u00e9. <\/span><\/p>\n<p class=\"tw-data-text tw-text-large tw-ta\" dir=\"ltr\" data-placeholder=\"Traducere\" aria-label=\"Text tradus\" data-ved=\"2ahUKEwjLhpGawZuGAxUl8AIHHctXB-0Q3ewLegQIBRAU\"><span class=\"Y2IQFc\" lang=\"fr\">Elle compte 15 enseignants et 5 \u00e9tudiants \u00e9lus selon le r\u00e8glement \u00e9lectoral. <\/span><\/p>\n<p class=\"tw-data-text tw-text-large tw-ta\" dir=\"ltr\" data-placeholder=\"Traducere\" aria-label=\"Text tradus\" data-ved=\"2ahUKEwjLhpGawZuGAxUl8AIHHctXB-0Q3ewLegQIBRAU\"><span class=\"Y2IQFc\" lang=\"fr\">Les repr\u00e9sentants des \u00e9tudiants \u00e9trangers, la direction de la facult\u00e9, le personnel enseignant ou d&rsquo;autres personnes directement li\u00e9es \u00e0 l&rsquo;ordre du jour peuvent \u00eatre invit\u00e9s aux r\u00e9unions du Conseil de mani\u00e8re occasionnelle ou permanente. Le Conseil de Facult\u00e9 est pr\u00e9sid\u00e9 par le doyen de la facult\u00e9.<\/span><\/p>\n<p>&nbsp;<\/p>\n<table>\n<tbody>\n<tr>\n<td>Nr.crt.<\/td>\n<td>\n<p id=\"tw-target-text\" class=\"tw-data-text tw-text-large tw-ta\" dir=\"ltr\" data-placeholder=\"Traducere\" aria-label=\"Text tradus\" data-ved=\"2ahUKEwjLhpGawZuGAxUl8AIHHctXB-0Q3ewLegQIBRAU\"><span class=\"Y2IQFc\" lang=\"fr\">Nom et surnom<\/span><\/p>\n<\/td>\n<td>Function<\/td>\n<\/tr>\n<tr>\n<td>1.<\/td>\n<td>Prof. dr. Ondine Lucaciu<\/td>\n<td>membre<\/td>\n<\/tr>\n<tr>\n<td>2.<\/td>\n<td>Prof. dr. M\u00e2ndra Badea<\/td>\n<td>membre<\/td>\n<\/tr>\n<tr>\n<td>3.<\/td>\n<td>Prof. dr. Mihaela B\u0103ciu\u021b<\/td>\n<td>membre<\/td>\n<\/tr>\n<tr>\n<td>4.<\/td>\n<td>Prof. dr.Simion Bran<\/td>\n<td>membre<\/td>\n<\/tr>\n<tr>\n<td>5.<\/td>\n<td>Prof. dr. Smaranda Buduru<\/td>\n<td>membre<\/td>\n<\/tr>\n<tr>\n<td>6.<\/td>\n<td>Prof. dr. Diana Dudea<\/td>\n<td>membre<\/td>\n<\/tr>\n<tr>\n<td>7.<\/td>\n<td>Prof. dr. Mihaela Hede\u0219iu<\/td>\n<td>membre<\/td>\n<\/tr>\n<tr>\n<td>8.<\/td>\n<td>Prof. dr. Alexandra Roman<\/td>\n<td>membru<\/td>\n<\/tr>\n<tr>\n<td>9.<\/td>\n<td>Conf. Dr. Cristian Dinu<\/td>\n<td>membre<\/td>\n<\/tr>\n<tr>\n<td>10.<\/td>\n<td>Conf. dr. Ada Delean<\/td>\n<td>membre<\/td>\n<\/tr>\n<tr>\n<td>11.<\/td>\n<td>Conf. dr. Dana Fe\u0219til\u0103<\/td>\n<td>membre<\/td>\n<\/tr>\n<tr>\n<td>12.<\/td>\n<td>\u0218ef. Lucr. dr. Sanda C\u00e2mpean<\/td>\n<td>membre<\/td>\n<\/tr>\n<tr>\n<td>13.<\/td>\n<td>\u0218ef Lucr. dr. Cristian Olteanu<\/td>\n<td>membre<\/td>\n<\/tr>\n<tr>\n<td>14.<\/td>\n<td>\u0218ef Lucr. dr. Lauren\u021biu Pascu<\/td>\n<td>membre<\/td>\n<\/tr>\n<tr>\n<td>15.<\/td>\n<td>Asist. Univ. dr. Marius Bud<\/td>\n<td>membre<\/td>\n<\/tr>\n<tr>\n<td>16.<\/td>\n<td>Rare\u0219 Bor\u0219a<\/td>\n<td><span class=\"Y2IQFc\" lang=\"fr\">\u00e9tudiant<\/span><\/td>\n<\/tr>\n<tr>\n<td>17.<\/td>\n<td>Paul Trofin<\/td>\n<td><span class=\"Y2IQFc\" lang=\"fr\">\u00e9tudiant<\/span><\/td>\n<\/tr>\n<tr>\n<td>18.<\/td>\n<td>Ancu\u021ba Negre<\/td>\n<td><span class=\"Y2IQFc\" lang=\"fr\">\u00e9tudiante<\/span><\/td>\n<\/tr>\n<tr>\n<td>19.<\/td>\n<td>Roxana Covaciu<\/td>\n<td><span class=\"Y2IQFc\" lang=\"fr\">\u00e9tudiante<\/span><\/td>\n<\/tr>\n<tr>\n<td>20.<\/td>\n<td>Raul Dunca<\/td>\n<td><span class=\"Y2IQFc\" lang=\"fr\">\u00e9tudiant<\/span><\/td>\n<\/tr>\n<\/tbody>\n<\/table>\n<p>&nbsp;<\/p>\n","protected":false},"featured_media":37761,"parent":46589,"menu_order":2,"template":"","class_list":["post-46593","dent","type-dent","status-publish","has-post-thumbnail","hentry"],"acf":[],"yoast_head":"<!-- This site is optimized with the Yoast SEO plugin v27.5 - https:\/\/yoast.com\/product\/yoast-seo-wordpress\/ -->\n<title>Conseil de la Facult\u00e9 - UMF Cluj<\/title>\n<meta name=\"robots\" content=\"index, follow, max-snippet:-1, max-image-preview:large, max-video-preview:-1\" \/>\n<link rel=\"canonical\" href=\"https:\/\/umfcluj.ro\/fr\/medecine-dentaire\/faculte\/organisation\/conseil-faculte\/\" \/>\n<meta property=\"og:locale\" content=\"fr_FR\" \/>\n<meta property=\"og:type\" content=\"article\" \/>\n<meta property=\"og:title\" content=\"Conseil de la Facult\u00e9 - UMF Cluj\" \/>\n<meta property=\"og:description\" content=\"Le Conseil de la Facult\u00e9 de m\u00e9decine dentaire d\u00e9finit la mission, les objectifs et la strat\u00e9gie de la facult\u00e9, conform\u00e9ment \u00e0 la mission, aux objectifs et \u00e0 la strat\u00e9gie de d\u00e9veloppement de l&rsquo;Universit\u00e9. Elle compte 15 enseignants et 5 \u00e9tudiants \u00e9lus selon le r\u00e8glement \u00e9lectoral. Les repr\u00e9sentants des \u00e9tudiants \u00e9trangers, la direction de la facult\u00e9, [&hellip;]\" \/>\n<meta property=\"og:url\" content=\"https:\/\/umfcluj.ro\/fr\/medecine-dentaire\/faculte\/organisation\/conseil-faculte\/\" \/>\n<meta property=\"og:site_name\" content=\"UMF Cluj\" \/>\n<meta property=\"article:modified_time\" content=\"2024-05-20T11:21:29+00:00\" \/>\n<meta property=\"og:image\" content=\"https:\/\/cdn.umfcluj.ro\/uploads\/2022\/02\/DSC09002-scaled.jpg\" \/>\n\t<meta property=\"og:image:width\" content=\"2560\" \/>\n\t<meta property=\"og:image:height\" content=\"1707\" \/>\n\t<meta property=\"og:image:type\" content=\"image\/jpeg\" \/>\n<meta name=\"twitter:card\" content=\"summary_large_image\" \/>\n<meta name=\"twitter:label1\" content=\"Dur\u00e9e de lecture estim\u00e9e\" \/>\n\t<meta name=\"twitter:data1\" content=\"1 minute\" \/>\n<script type=\"application\/ld+json\" class=\"yoast-schema-graph\">{\"@context\":\"https:\\\/\\\/schema.org\",\"@graph\":[{\"@type\":\"WebPage\",\"@id\":\"https:\\\/\\\/umfcluj.ro\\\/fr\\\/medecine-dentaire\\\/faculte\\\/organisation\\\/conseil-faculte\\\/\",\"url\":\"https:\\\/\\\/umfcluj.ro\\\/fr\\\/medecine-dentaire\\\/faculte\\\/organisation\\\/conseil-faculte\\\/\",\"name\":\"Conseil de la Facult\u00e9 - UMF Cluj\",\"isPartOf\":{\"@id\":\"https:\\\/\\\/umfcluj.ro\\\/fr\\\/#website\"},\"primaryImageOfPage\":{\"@id\":\"https:\\\/\\\/umfcluj.ro\\\/fr\\\/medecine-dentaire\\\/faculte\\\/organisation\\\/conseil-faculte\\\/#primaryimage\"},\"image\":{\"@id\":\"https:\\\/\\\/umfcluj.ro\\\/fr\\\/medecine-dentaire\\\/faculte\\\/organisation\\\/conseil-faculte\\\/#primaryimage\"},\"thumbnailUrl\":\"https:\\\/\\\/cdn.umfcluj.ro\\\/uploads\\\/2022\\\/02\\\/DSC09002-scaled.jpg\",\"datePublished\":\"2022-02-22T08:29:34+00:00\",\"dateModified\":\"2024-05-20T11:21:29+00:00\",\"breadcrumb\":{\"@id\":\"https:\\\/\\\/umfcluj.ro\\\/fr\\\/medecine-dentaire\\\/faculte\\\/organisation\\\/conseil-faculte\\\/#breadcrumb\"},\"inLanguage\":\"fr-FR\",\"potentialAction\":[{\"@type\":\"ReadAction\",\"target\":[\"https:\\\/\\\/umfcluj.ro\\\/fr\\\/medecine-dentaire\\\/faculte\\\/organisation\\\/conseil-faculte\\\/\"]}]},{\"@type\":\"ImageObject\",\"inLanguage\":\"fr-FR\",\"@id\":\"https:\\\/\\\/umfcluj.ro\\\/fr\\\/medecine-dentaire\\\/faculte\\\/organisation\\\/conseil-faculte\\\/#primaryimage\",\"url\":\"https:\\\/\\\/cdn.umfcluj.ro\\\/uploads\\\/2022\\\/02\\\/DSC09002-scaled.jpg\",\"contentUrl\":\"https:\\\/\\\/cdn.umfcluj.ro\\\/uploads\\\/2022\\\/02\\\/DSC09002-scaled.jpg\",\"width\":2560,\"height\":1707},{\"@type\":\"BreadcrumbList\",\"@id\":\"https:\\\/\\\/umfcluj.ro\\\/fr\\\/medecine-dentaire\\\/faculte\\\/organisation\\\/conseil-faculte\\\/#breadcrumb\",\"itemListElement\":[{\"@type\":\"ListItem\",\"position\":1,\"name\":\"Accueil\",\"item\":\"https:\\\/\\\/umfcluj.ro\\\/fr\\\/\"},{\"@type\":\"ListItem\",\"position\":2,\"name\":\"Facult\u00e9 de m\u00e9decine dentaire\",\"item\":\"https:\\\/\\\/umfcluj.ro\\\/fr\\\/medecine-dentaire\\\/\"},{\"@type\":\"ListItem\",\"position\":3,\"name\":\"Facult\u00e9\",\"item\":\"https:\\\/\\\/umfcluj.ro\\\/fr\\\/medecine-dentaire\\\/faculte\\\/\"},{\"@type\":\"ListItem\",\"position\":4,\"name\":\"Organisation\",\"item\":\"https:\\\/\\\/umfcluj.ro\\\/fr\\\/medecine-dentaire\\\/faculte\\\/organisation\\\/\"},{\"@type\":\"ListItem\",\"position\":5,\"name\":\"Conseil de la Facult\u00e9\"}]},{\"@type\":\"WebSite\",\"@id\":\"https:\\\/\\\/umfcluj.ro\\\/fr\\\/#website\",\"url\":\"https:\\\/\\\/umfcluj.ro\\\/fr\\\/\",\"name\":\"UMF Cluj\",\"description\":\"Universitatea de Medicina si Farmacie Iuliu Ha\u021bieganu Cluj Napoca\",\"publisher\":{\"@id\":\"https:\\\/\\\/umfcluj.ro\\\/fr\\\/#organization\"},\"potentialAction\":[{\"@type\":\"SearchAction\",\"target\":{\"@type\":\"EntryPoint\",\"urlTemplate\":\"https:\\\/\\\/umfcluj.ro\\\/fr\\\/?s={search_term_string}\"},\"query-input\":{\"@type\":\"PropertyValueSpecification\",\"valueRequired\":true,\"valueName\":\"search_term_string\"}}],\"inLanguage\":\"fr-FR\"},{\"@type\":\"Organization\",\"@id\":\"https:\\\/\\\/umfcluj.ro\\\/fr\\\/#organization\",\"name\":\"UMF Cluj\",\"url\":\"https:\\\/\\\/umfcluj.ro\\\/fr\\\/\",\"logo\":{\"@type\":\"ImageObject\",\"inLanguage\":\"fr-FR\",\"@id\":\"https:\\\/\\\/umfcluj.ro\\\/fr\\\/#\\\/schema\\\/logo\\\/image\\\/\",\"url\":\"https:\\\/\\\/cdn.umfcluj.ro\\\/uploads\\\/2021\\\/05\\\/logo-umfcluj.svg\",\"contentUrl\":\"https:\\\/\\\/cdn.umfcluj.ro\\\/uploads\\\/2021\\\/05\\\/logo-umfcluj.svg\",\"width\":170,\"height\":77,\"caption\":\"UMF Cluj\"},\"image\":{\"@id\":\"https:\\\/\\\/umfcluj.ro\\\/fr\\\/#\\\/schema\\\/logo\\\/image\\\/\"}}]}<\/script>\n<!-- \/ Yoast SEO plugin. -->","yoast_head_json":{"title":"Conseil de la Facult\u00e9 - UMF Cluj","robots":{"index":"index","follow":"follow","max-snippet":"max-snippet:-1","max-image-preview":"max-image-preview:large","max-video-preview":"max-video-preview:-1"},"canonical":"https:\/\/umfcluj.ro\/fr\/medecine-dentaire\/faculte\/organisation\/conseil-faculte\/","og_locale":"fr_FR","og_type":"article","og_title":"Conseil de la Facult\u00e9 - UMF Cluj","og_description":"Le Conseil de la Facult\u00e9 de m\u00e9decine dentaire d\u00e9finit la mission, les objectifs et la strat\u00e9gie de la facult\u00e9, conform\u00e9ment \u00e0 la mission, aux objectifs et \u00e0 la strat\u00e9gie de d\u00e9veloppement de l&rsquo;Universit\u00e9. Elle compte 15 enseignants et 5 \u00e9tudiants \u00e9lus selon le r\u00e8glement \u00e9lectoral. Les repr\u00e9sentants des \u00e9tudiants \u00e9trangers, la direction de la facult\u00e9, [&hellip;]","og_url":"https:\/\/umfcluj.ro\/fr\/medecine-dentaire\/faculte\/organisation\/conseil-faculte\/","og_site_name":"UMF Cluj","article_modified_time":"2024-05-20T11:21:29+00:00","og_image":[{"width":2560,"height":1707,"url":"https:\/\/cdn.umfcluj.ro\/uploads\/2022\/02\/DSC09002-scaled.jpg","type":"image\/jpeg"}],"twitter_card":"summary_large_image","twitter_misc":{"Dur\u00e9e de lecture estim\u00e9e":"1 minute"},"schema":{"@context":"https:\/\/schema.org","@graph":[{"@type":"WebPage","@id":"https:\/\/umfcluj.ro\/fr\/medecine-dentaire\/faculte\/organisation\/conseil-faculte\/","url":"https:\/\/umfcluj.ro\/fr\/medecine-dentaire\/faculte\/organisation\/conseil-faculte\/","name":"Conseil de la Facult\u00e9 - UMF Cluj","isPartOf":{"@id":"https:\/\/umfcluj.ro\/fr\/#website"},"primaryImageOfPage":{"@id":"https:\/\/umfcluj.ro\/fr\/medecine-dentaire\/faculte\/organisation\/conseil-faculte\/#primaryimage"},"image":{"@id":"https:\/\/umfcluj.ro\/fr\/medecine-dentaire\/faculte\/organisation\/conseil-faculte\/#primaryimage"},"thumbnailUrl":"https:\/\/cdn.umfcluj.ro\/uploads\/2022\/02\/DSC09002-scaled.jpg","datePublished":"2022-02-22T08:29:34+00:00","dateModified":"2024-05-20T11:21:29+00:00","breadcrumb":{"@id":"https:\/\/umfcluj.ro\/fr\/medecine-dentaire\/faculte\/organisation\/conseil-faculte\/#breadcrumb"},"inLanguage":"fr-FR","potentialAction":[{"@type":"ReadAction","target":["https:\/\/umfcluj.ro\/fr\/medecine-dentaire\/faculte\/organisation\/conseil-faculte\/"]}]},{"@type":"ImageObject","inLanguage":"fr-FR","@id":"https:\/\/umfcluj.ro\/fr\/medecine-dentaire\/faculte\/organisation\/conseil-faculte\/#primaryimage","url":"https:\/\/cdn.umfcluj.ro\/uploads\/2022\/02\/DSC09002-scaled.jpg","contentUrl":"https:\/\/cdn.umfcluj.ro\/uploads\/2022\/02\/DSC09002-scaled.jpg","width":2560,"height":1707},{"@type":"BreadcrumbList","@id":"https:\/\/umfcluj.ro\/fr\/medecine-dentaire\/faculte\/organisation\/conseil-faculte\/#breadcrumb","itemListElement":[{"@type":"ListItem","position":1,"name":"Accueil","item":"https:\/\/umfcluj.ro\/fr\/"},{"@type":"ListItem","position":2,"name":"Facult\u00e9 de m\u00e9decine dentaire","item":"https:\/\/umfcluj.ro\/fr\/medecine-dentaire\/"},{"@type":"ListItem","position":3,"name":"Facult\u00e9","item":"https:\/\/umfcluj.ro\/fr\/medecine-dentaire\/faculte\/"},{"@type":"ListItem","position":4,"name":"Organisation","item":"https:\/\/umfcluj.ro\/fr\/medecine-dentaire\/faculte\/organisation\/"},{"@type":"ListItem","position":5,"name":"Conseil de la Facult\u00e9"}]},{"@type":"WebSite","@id":"https:\/\/umfcluj.ro\/fr\/#website","url":"https:\/\/umfcluj.ro\/fr\/","name":"UMF Cluj","description":"Universitatea de Medicina si Farmacie Iuliu Ha\u021bieganu Cluj Napoca","publisher":{"@id":"https:\/\/umfcluj.ro\/fr\/#organization"},"potentialAction":[{"@type":"SearchAction","target":{"@type":"EntryPoint","urlTemplate":"https:\/\/umfcluj.ro\/fr\/?s={search_term_string}"},"query-input":{"@type":"PropertyValueSpecification","valueRequired":true,"valueName":"search_term_string"}}],"inLanguage":"fr-FR"},{"@type":"Organization","@id":"https:\/\/umfcluj.ro\/fr\/#organization","name":"UMF Cluj","url":"https:\/\/umfcluj.ro\/fr\/","logo":{"@type":"ImageObject","inLanguage":"fr-FR","@id":"https:\/\/umfcluj.ro\/fr\/#\/schema\/logo\/image\/","url":"https:\/\/cdn.umfcluj.ro\/uploads\/2021\/05\/logo-umfcluj.svg","contentUrl":"https:\/\/cdn.umfcluj.ro\/uploads\/2021\/05\/logo-umfcluj.svg","width":170,"height":77,"caption":"UMF Cluj"},"image":{"@id":"https:\/\/umfcluj.ro\/fr\/#\/schema\/logo\/image\/"}}]}},"_links":{"self":[{"href":"https:\/\/umfcluj.ro\/fr\/wp-json\/wp\/v2\/dent\/46593","targetHints":{"allow":["GET"]}}],"collection":[{"href":"https:\/\/umfcluj.ro\/fr\/wp-json\/wp\/v2\/dent"}],"about":[{"href":"https:\/\/umfcluj.ro\/fr\/wp-json\/wp\/v2\/types\/dent"}],"version-history":[{"count":3,"href":"https:\/\/umfcluj.ro\/fr\/wp-json\/wp\/v2\/dent\/46593\/revisions"}],"predecessor-version":[{"id":52284,"href":"https:\/\/umfcluj.ro\/fr\/wp-json\/wp\/v2\/dent\/46593\/revisions\/52284"}],"up":[{"embeddable":true,"href":"https:\/\/umfcluj.ro\/fr\/wp-json\/wp\/v2\/dent\/46589"}],"wp:featuredmedia":[{"embeddable":true,"href":"https:\/\/umfcluj.ro\/fr\/wp-json\/wp\/v2\/media\/37761"}],"wp:attachment":[{"href":"https:\/\/umfcluj.ro\/fr\/wp-json\/wp\/v2\/media?parent=46593"}],"curies":[{"name":"wp","href":"https:\/\/api.w.org\/{rel}","templated":true}]}}