{"id":46591,"date":"2022-02-22T10:29:11","date_gmt":"2022-02-22T08:29:11","guid":{"rendered":"https:\/\/umfcluj.ro\/meddent\/facultate\/organizare\/conducerea\/"},"modified":"2024-05-27T10:19:35","modified_gmt":"2024-05-27T07:19:35","slug":"direction","status":"publish","type":"dent","link":"https:\/\/umfcluj.ro\/fr\/medecine-dentaire\/faculte\/organisation\/direction\/","title":{"rendered":"Direction"},"content":{"rendered":"<p>GESTION ACAD\u00c9MIQUE DE LA FACULT\u00c9<\/p>\n<p>&nbsp;<\/p>\n<p><strong>Dr. Cristian Mihail Dinu, MCU <\/strong>&#8211; Doyen<\/p>\n<p><img fetchpriority=\"high\" decoding=\"async\" class=\"alignnone size-medium wp-image-15899\" src=\"https:\/\/cdn.umfcluj.ro\/uploads\/2022\/02\/Cristian-Dinu-199x300.jpg\" alt=\"\" width=\"199\" height=\"300\" srcset=\"https:\/\/cdn.umfcluj.ro\/uploads\/2022\/02\/Cristian-Dinu-199x300.jpg 199w, https:\/\/cdn.umfcluj.ro\/uploads\/2022\/02\/Cristian-Dinu-681x1024.jpg 681w, https:\/\/cdn.umfcluj.ro\/uploads\/2022\/02\/Cristian-Dinu-768x1156.jpg 768w, https:\/\/cdn.umfcluj.ro\/uploads\/2022\/02\/Cristian-Dinu.jpg 975w\" sizes=\"(max-width: 199px) 100vw, 199px\" \/><\/p>\n<p id=\"tw-target-text\" class=\"tw-data-text tw-text-large tw-ta\" dir=\"ltr\" data-placeholder=\"Traducere\" aria-label=\"Text tradus\" data-ved=\"2ahUKEwjLhpGawZuGAxUl8AIHHctXB-0Q3ewLegQIBRAU\"><span class=\"Y2IQFc\" lang=\"fr\">T\u00e9l\u00e9phone <\/span>: 0264 597256 interior 2105<br \/>\nE-mail: <a href=\"mailto:cristian.dinu@umfcluj.ro\">cristian.dinu@umfcluj.ro<\/a><\/p>\n<p>&nbsp;<\/p>\n<p><strong>Prof. dr. Aranka Ilea<\/strong> \u2013 <span class=\"Y2IQFc\" lang=\"fr\">Vice-doyen recherche\u00a0<\/span><\/p>\n<p><img decoding=\"async\" class=\"alignnone size-full wp-image-15910\" src=\"https:\/\/cdn.umfcluj.ro\/uploads\/2022\/02\/Aranka-Ilea.jpg\" alt=\"\" width=\"220\" height=\"260\" \/><\/p>\n<p>E-mail: <a href=\"mailto:aranka.ilea@umfcluj.ro\">aranka.ilea@umfcluj.ro<\/a><\/p>\n<p>&nbsp;<\/p>\n<p><strong>Prof. dr. Ondine Lucaciu<\/strong> \u2013<span class=\"Y2IQFc\" lang=\"fr\">Vice-doyen didactique<\/span><\/p>\n<p><img decoding=\"async\" class=\"alignnone wp-image-16300 size-medium\" src=\"https:\/\/cdn.umfcluj.ro\/uploads\/2022\/02\/Ondine-Lucaciu-199x300.jpg\" alt=\"\" width=\"199\" height=\"300\" srcset=\"https:\/\/cdn.umfcluj.ro\/uploads\/2022\/02\/Ondine-Lucaciu-199x300.jpg 199w, https:\/\/cdn.umfcluj.ro\/uploads\/2022\/02\/Ondine-Lucaciu-679x1024.jpg 679w, https:\/\/cdn.umfcluj.ro\/uploads\/2022\/02\/Ondine-Lucaciu-768x1159.jpg 768w, https:\/\/cdn.umfcluj.ro\/uploads\/2022\/02\/Ondine-Lucaciu-1018x1536.jpg 1018w, https:\/\/cdn.umfcluj.ro\/uploads\/2022\/02\/Ondine-Lucaciu.jpg 1312w\" sizes=\"(max-width: 199px) 100vw, 199px\" \/><\/p>\n<p>E-mail: <a href=\"mailto:patricia.lucaciu@umfcluj.ro\">patricia.lucaciu@umfcluj.ro<\/a><\/p>\n<p>&nbsp;<\/p>\n<p><strong>Dr. Marius Manole, MCU<\/strong> \u2013<span class=\"Y2IQFc\" lang=\"fr\">Vice-doyen management et d\u00e9veloppement<\/span><\/p>\n<p><img loading=\"lazy\" decoding=\"async\" class=\"alignnone size-medium wp-image-15908\" src=\"https:\/\/cdn.umfcluj.ro\/uploads\/2022\/02\/Marius-Manole-200x300.jpg\" alt=\"\" width=\"200\" height=\"300\" srcset=\"https:\/\/cdn.umfcluj.ro\/uploads\/2022\/02\/Marius-Manole-200x300.jpg 200w, https:\/\/cdn.umfcluj.ro\/uploads\/2022\/02\/Marius-Manole-683x1024.jpg 683w, https:\/\/cdn.umfcluj.ro\/uploads\/2022\/02\/Marius-Manole-768x1152.jpg 768w, https:\/\/cdn.umfcluj.ro\/uploads\/2022\/02\/Marius-Manole-1024x1536.jpg 1024w, https:\/\/cdn.umfcluj.ro\/uploads\/2022\/02\/Marius-Manole.jpg 1320w\" sizes=\"(max-width: 200px) 100vw, 200px\" \/><\/p>\n<p>E-mail: <a href=\"mailto:marius.manole@umfcluj.ro\">marius.manole@umfcluj.ro<\/a><\/p>\n<p>&nbsp;<\/p>\n","protected":false},"featured_media":36611,"parent":46589,"menu_order":1,"template":"","class_list":["post-46591","dent","type-dent","status-publish","has-post-thumbnail","hentry"],"acf":[],"yoast_head":"<!-- This site is optimized with the Yoast SEO plugin v27.5 - https:\/\/yoast.com\/product\/yoast-seo-wordpress\/ -->\n<title>Direction - UMF Cluj<\/title>\n<meta name=\"robots\" content=\"index, follow, max-snippet:-1, max-image-preview:large, max-video-preview:-1\" \/>\n<link rel=\"canonical\" href=\"https:\/\/umfcluj.ro\/fr\/medecine-dentaire\/faculte\/organisation\/direction\/\" \/>\n<meta property=\"og:locale\" content=\"fr_FR\" \/>\n<meta property=\"og:type\" content=\"article\" \/>\n<meta property=\"og:title\" content=\"Direction - UMF Cluj\" \/>\n<meta property=\"og:description\" content=\"GESTION ACAD\u00c9MIQUE DE LA FACULT\u00c9 &nbsp; Dr. Cristian Mihail Dinu, MCU &#8211; Doyen T\u00e9l\u00e9phone : 0264 597256 interior 2105 E-mail: cristian.dinu@umfcluj.ro &nbsp; Prof. dr. Aranka Ilea \u2013 Vice-doyen recherche\u00a0 E-mail: aranka.ilea@umfcluj.ro &nbsp; Prof. dr. Ondine Lucaciu \u2013Vice-doyen didactique E-mail: patricia.lucaciu@umfcluj.ro &nbsp; Dr. Marius Manole, MCU \u2013Vice-doyen management et d\u00e9veloppement E-mail: marius.manole@umfcluj.ro &nbsp;\" \/>\n<meta property=\"og:url\" content=\"https:\/\/umfcluj.ro\/fr\/medecine-dentaire\/faculte\/organisation\/direction\/\" \/>\n<meta property=\"og:site_name\" content=\"UMF Cluj\" \/>\n<meta property=\"article:modified_time\" content=\"2024-05-27T07:19:35+00:00\" \/>\n<meta property=\"og:image\" content=\"https:\/\/cdn.umfcluj.ro\/uploads\/2021\/11\/DSC07435-scaled.jpg\" \/>\n\t<meta property=\"og:image:width\" content=\"2560\" \/>\n\t<meta property=\"og:image:height\" content=\"1702\" \/>\n\t<meta property=\"og:image:type\" content=\"image\/jpeg\" \/>\n<meta name=\"twitter:card\" content=\"summary_large_image\" \/>\n<script type=\"application\/ld+json\" class=\"yoast-schema-graph\">{\"@context\":\"https:\\\/\\\/schema.org\",\"@graph\":[{\"@type\":\"WebPage\",\"@id\":\"https:\\\/\\\/umfcluj.ro\\\/fr\\\/medecine-dentaire\\\/faculte\\\/organisation\\\/direction\\\/\",\"url\":\"https:\\\/\\\/umfcluj.ro\\\/fr\\\/medecine-dentaire\\\/faculte\\\/organisation\\\/direction\\\/\",\"name\":\"Direction - UMF Cluj\",\"isPartOf\":{\"@id\":\"https:\\\/\\\/umfcluj.ro\\\/fr\\\/#website\"},\"primaryImageOfPage\":{\"@id\":\"https:\\\/\\\/umfcluj.ro\\\/fr\\\/medecine-dentaire\\\/faculte\\\/organisation\\\/direction\\\/#primaryimage\"},\"image\":{\"@id\":\"https:\\\/\\\/umfcluj.ro\\\/fr\\\/medecine-dentaire\\\/faculte\\\/organisation\\\/direction\\\/#primaryimage\"},\"thumbnailUrl\":\"https:\\\/\\\/cdn.umfcluj.ro\\\/uploads\\\/2021\\\/11\\\/DSC07435-scaled.jpg\",\"datePublished\":\"2022-02-22T08:29:11+00:00\",\"dateModified\":\"2024-05-27T07:19:35+00:00\",\"breadcrumb\":{\"@id\":\"https:\\\/\\\/umfcluj.ro\\\/fr\\\/medecine-dentaire\\\/faculte\\\/organisation\\\/direction\\\/#breadcrumb\"},\"inLanguage\":\"fr-FR\",\"potentialAction\":[{\"@type\":\"ReadAction\",\"target\":[\"https:\\\/\\\/umfcluj.ro\\\/fr\\\/medecine-dentaire\\\/faculte\\\/organisation\\\/direction\\\/\"]}]},{\"@type\":\"ImageObject\",\"inLanguage\":\"fr-FR\",\"@id\":\"https:\\\/\\\/umfcluj.ro\\\/fr\\\/medecine-dentaire\\\/faculte\\\/organisation\\\/direction\\\/#primaryimage\",\"url\":\"https:\\\/\\\/cdn.umfcluj.ro\\\/uploads\\\/2021\\\/11\\\/DSC07435-scaled.jpg\",\"contentUrl\":\"https:\\\/\\\/cdn.umfcluj.ro\\\/uploads\\\/2021\\\/11\\\/DSC07435-scaled.jpg\",\"width\":2560,\"height\":1702},{\"@type\":\"BreadcrumbList\",\"@id\":\"https:\\\/\\\/umfcluj.ro\\\/fr\\\/medecine-dentaire\\\/faculte\\\/organisation\\\/direction\\\/#breadcrumb\",\"itemListElement\":[{\"@type\":\"ListItem\",\"position\":1,\"name\":\"Accueil\",\"item\":\"https:\\\/\\\/umfcluj.ro\\\/fr\\\/\"},{\"@type\":\"ListItem\",\"position\":2,\"name\":\"Facult\u00e9 de m\u00e9decine dentaire\",\"item\":\"https:\\\/\\\/umfcluj.ro\\\/fr\\\/medecine-dentaire\\\/\"},{\"@type\":\"ListItem\",\"position\":3,\"name\":\"Facult\u00e9\",\"item\":\"https:\\\/\\\/umfcluj.ro\\\/fr\\\/medecine-dentaire\\\/faculte\\\/\"},{\"@type\":\"ListItem\",\"position\":4,\"name\":\"Organisation\",\"item\":\"https:\\\/\\\/umfcluj.ro\\\/fr\\\/medecine-dentaire\\\/faculte\\\/organisation\\\/\"},{\"@type\":\"ListItem\",\"position\":5,\"name\":\"Direction\"}]},{\"@type\":\"WebSite\",\"@id\":\"https:\\\/\\\/umfcluj.ro\\\/fr\\\/#website\",\"url\":\"https:\\\/\\\/umfcluj.ro\\\/fr\\\/\",\"name\":\"UMF Cluj\",\"description\":\"Universitatea de Medicina si Farmacie Iuliu Ha\u021bieganu Cluj Napoca\",\"publisher\":{\"@id\":\"https:\\\/\\\/umfcluj.ro\\\/fr\\\/#organization\"},\"potentialAction\":[{\"@type\":\"SearchAction\",\"target\":{\"@type\":\"EntryPoint\",\"urlTemplate\":\"https:\\\/\\\/umfcluj.ro\\\/fr\\\/?s={search_term_string}\"},\"query-input\":{\"@type\":\"PropertyValueSpecification\",\"valueRequired\":true,\"valueName\":\"search_term_string\"}}],\"inLanguage\":\"fr-FR\"},{\"@type\":\"Organization\",\"@id\":\"https:\\\/\\\/umfcluj.ro\\\/fr\\\/#organization\",\"name\":\"UMF Cluj\",\"url\":\"https:\\\/\\\/umfcluj.ro\\\/fr\\\/\",\"logo\":{\"@type\":\"ImageObject\",\"inLanguage\":\"fr-FR\",\"@id\":\"https:\\\/\\\/umfcluj.ro\\\/fr\\\/#\\\/schema\\\/logo\\\/image\\\/\",\"url\":\"https:\\\/\\\/cdn.umfcluj.ro\\\/uploads\\\/2021\\\/05\\\/logo-umfcluj.svg\",\"contentUrl\":\"https:\\\/\\\/cdn.umfcluj.ro\\\/uploads\\\/2021\\\/05\\\/logo-umfcluj.svg\",\"width\":170,\"height\":77,\"caption\":\"UMF Cluj\"},\"image\":{\"@id\":\"https:\\\/\\\/umfcluj.ro\\\/fr\\\/#\\\/schema\\\/logo\\\/image\\\/\"}}]}<\/script>\n<!-- \/ Yoast SEO plugin. -->","yoast_head_json":{"title":"Direction - UMF Cluj","robots":{"index":"index","follow":"follow","max-snippet":"max-snippet:-1","max-image-preview":"max-image-preview:large","max-video-preview":"max-video-preview:-1"},"canonical":"https:\/\/umfcluj.ro\/fr\/medecine-dentaire\/faculte\/organisation\/direction\/","og_locale":"fr_FR","og_type":"article","og_title":"Direction - UMF Cluj","og_description":"GESTION ACAD\u00c9MIQUE DE LA FACULT\u00c9 &nbsp; Dr. Cristian Mihail Dinu, MCU &#8211; Doyen T\u00e9l\u00e9phone : 0264 597256 interior 2105 E-mail: cristian.dinu@umfcluj.ro &nbsp; Prof. dr. Aranka Ilea \u2013 Vice-doyen recherche\u00a0 E-mail: aranka.ilea@umfcluj.ro &nbsp; Prof. dr. Ondine Lucaciu \u2013Vice-doyen didactique E-mail: patricia.lucaciu@umfcluj.ro &nbsp; Dr. Marius Manole, MCU \u2013Vice-doyen management et d\u00e9veloppement E-mail: marius.manole@umfcluj.ro &nbsp;","og_url":"https:\/\/umfcluj.ro\/fr\/medecine-dentaire\/faculte\/organisation\/direction\/","og_site_name":"UMF Cluj","article_modified_time":"2024-05-27T07:19:35+00:00","og_image":[{"width":2560,"height":1702,"url":"https:\/\/cdn.umfcluj.ro\/uploads\/2021\/11\/DSC07435-scaled.jpg","type":"image\/jpeg"}],"twitter_card":"summary_large_image","schema":{"@context":"https:\/\/schema.org","@graph":[{"@type":"WebPage","@id":"https:\/\/umfcluj.ro\/fr\/medecine-dentaire\/faculte\/organisation\/direction\/","url":"https:\/\/umfcluj.ro\/fr\/medecine-dentaire\/faculte\/organisation\/direction\/","name":"Direction - UMF Cluj","isPartOf":{"@id":"https:\/\/umfcluj.ro\/fr\/#website"},"primaryImageOfPage":{"@id":"https:\/\/umfcluj.ro\/fr\/medecine-dentaire\/faculte\/organisation\/direction\/#primaryimage"},"image":{"@id":"https:\/\/umfcluj.ro\/fr\/medecine-dentaire\/faculte\/organisation\/direction\/#primaryimage"},"thumbnailUrl":"https:\/\/cdn.umfcluj.ro\/uploads\/2021\/11\/DSC07435-scaled.jpg","datePublished":"2022-02-22T08:29:11+00:00","dateModified":"2024-05-27T07:19:35+00:00","breadcrumb":{"@id":"https:\/\/umfcluj.ro\/fr\/medecine-dentaire\/faculte\/organisation\/direction\/#breadcrumb"},"inLanguage":"fr-FR","potentialAction":[{"@type":"ReadAction","target":["https:\/\/umfcluj.ro\/fr\/medecine-dentaire\/faculte\/organisation\/direction\/"]}]},{"@type":"ImageObject","inLanguage":"fr-FR","@id":"https:\/\/umfcluj.ro\/fr\/medecine-dentaire\/faculte\/organisation\/direction\/#primaryimage","url":"https:\/\/cdn.umfcluj.ro\/uploads\/2021\/11\/DSC07435-scaled.jpg","contentUrl":"https:\/\/cdn.umfcluj.ro\/uploads\/2021\/11\/DSC07435-scaled.jpg","width":2560,"height":1702},{"@type":"BreadcrumbList","@id":"https:\/\/umfcluj.ro\/fr\/medecine-dentaire\/faculte\/organisation\/direction\/#breadcrumb","itemListElement":[{"@type":"ListItem","position":1,"name":"Accueil","item":"https:\/\/umfcluj.ro\/fr\/"},{"@type":"ListItem","position":2,"name":"Facult\u00e9 de m\u00e9decine dentaire","item":"https:\/\/umfcluj.ro\/fr\/medecine-dentaire\/"},{"@type":"ListItem","position":3,"name":"Facult\u00e9","item":"https:\/\/umfcluj.ro\/fr\/medecine-dentaire\/faculte\/"},{"@type":"ListItem","position":4,"name":"Organisation","item":"https:\/\/umfcluj.ro\/fr\/medecine-dentaire\/faculte\/organisation\/"},{"@type":"ListItem","position":5,"name":"Direction"}]},{"@type":"WebSite","@id":"https:\/\/umfcluj.ro\/fr\/#website","url":"https:\/\/umfcluj.ro\/fr\/","name":"UMF Cluj","description":"Universitatea de Medicina si Farmacie Iuliu Ha\u021bieganu Cluj Napoca","publisher":{"@id":"https:\/\/umfcluj.ro\/fr\/#organization"},"potentialAction":[{"@type":"SearchAction","target":{"@type":"EntryPoint","urlTemplate":"https:\/\/umfcluj.ro\/fr\/?s={search_term_string}"},"query-input":{"@type":"PropertyValueSpecification","valueRequired":true,"valueName":"search_term_string"}}],"inLanguage":"fr-FR"},{"@type":"Organization","@id":"https:\/\/umfcluj.ro\/fr\/#organization","name":"UMF Cluj","url":"https:\/\/umfcluj.ro\/fr\/","logo":{"@type":"ImageObject","inLanguage":"fr-FR","@id":"https:\/\/umfcluj.ro\/fr\/#\/schema\/logo\/image\/","url":"https:\/\/cdn.umfcluj.ro\/uploads\/2021\/05\/logo-umfcluj.svg","contentUrl":"https:\/\/cdn.umfcluj.ro\/uploads\/2021\/05\/logo-umfcluj.svg","width":170,"height":77,"caption":"UMF Cluj"},"image":{"@id":"https:\/\/umfcluj.ro\/fr\/#\/schema\/logo\/image\/"}}]}},"_links":{"self":[{"href":"https:\/\/umfcluj.ro\/fr\/wp-json\/wp\/v2\/dent\/46591","targetHints":{"allow":["GET"]}}],"collection":[{"href":"https:\/\/umfcluj.ro\/fr\/wp-json\/wp\/v2\/dent"}],"about":[{"href":"https:\/\/umfcluj.ro\/fr\/wp-json\/wp\/v2\/types\/dent"}],"version-history":[{"count":4,"href":"https:\/\/umfcluj.ro\/fr\/wp-json\/wp\/v2\/dent\/46591\/revisions"}],"predecessor-version":[{"id":52838,"href":"https:\/\/umfcluj.ro\/fr\/wp-json\/wp\/v2\/dent\/46591\/revisions\/52838"}],"up":[{"embeddable":true,"href":"https:\/\/umfcluj.ro\/fr\/wp-json\/wp\/v2\/dent\/46589"}],"wp:featuredmedia":[{"embeddable":true,"href":"https:\/\/umfcluj.ro\/fr\/wp-json\/wp\/v2\/media\/36611"}],"wp:attachment":[{"href":"https:\/\/umfcluj.ro\/fr\/wp-json\/wp\/v2\/media?parent=46591"}],"curies":[{"name":"wp","href":"https:\/\/api.w.org\/{rel}","templated":true}]}}