{"id":44257,"date":"2022-09-01T07:57:14","date_gmt":"2022-09-01T04:57:14","guid":{"rendered":"https:\/\/umfcluj.ro\/universitate\/rectorat\/departament-studenti-internationali\/admitere-candidati-internationali\/despre-umf-iuliu-hatieganu\/facultatea-de-medicina-dentara\/"},"modified":"2024-03-28T03:18:44","modified_gmt":"2024-03-28T01:18:44","slug":"faculty-of-dental-medicine","status":"publish","type":"unv","link":"https:\/\/umfcluj.ro\/en\/university\/rectorate\/international-students-department\/admission-international-candidates\/about-umf-iuliu-hatieganu\/faculty-dental-medicine\/","title":{"rendered":"Faculty of Dental Medicine"},"content":{"rendered":"<p>Peste 1350 de studen\u021bi sunt \u00eenscri\u0219i la Facultatea de Medicin\u0103 Dentara dintre care, peste 600 sunt studen\u021bi interna\u021bionali.<\/p>\n<p>\u00cen timp ce culturile \u0219i limbile lor ar putea fi diferite, tuturor studen\u021bilor li se prezint\u0103 secretele unei profesii unice care r\u0103spunde nevoilor pacientului, le restabile\u0219te s\u0103n\u0103tatea \u0219i le red\u0103 z\u00e2mbetul \u0219i fericirea.<\/p>\n<p>Cele 3 linii de studiu, \u00een limbile rom\u00e2n\u0103, francez\u0103 \u0219i englez\u0103, permit studen\u021bilor s\u0103 se integreze rapid \u00een sistemul educa\u021bional specific medicinei dentare.<\/p>\n<p>\u00cenv\u0103\u021b\u0103m\u00e2ntul de Stomatologie se cristalizeaz\u0103 ini\u0163ial \u020bn cadrul acestei Facult\u0103\u0163i de Medicin\u0103, urm\u00e2nd ca apoi s\u0103 evolueze \u015fi s\u0103 se dezvolte ca Facultate bine conturat\u0103.<\/p>\n<p>\u00centemeietorul \u015fi organizatorul \u00eenv\u0103\u0163\u0103m\u00e2ntului de stomatologie din Cluj a fost Prof. dr. Gheorghe Bila\u015fcu, \u00eenv\u0103\u0163am\u00e2nt pe care l-a condus \u020bn perioada 1919 \u2013 1926. Aceast\u0103 catedr\u0103 \u2013 de stomatologie \u2013 a fost prima\u00a0de acest fel\u00a0\u00een cadrul\u00a0\u00eenv\u0103\u0163\u0103m\u00e2ntului medical din Rom\u00e2nia.<\/p>\n<p>\u00cen prezent, Facultatea de Medicin\u0103 Dentar\u0103 acreditat\u0103 european formeaz\u0103, \u00een baza unei curricule europene, speciali\u015fti care asigur\u0103 asisten\u0163\u0103 medical\u0103 de specialitate. Prin activitatea\u00a0de cercetare, speciali\u015ftii no\u015ftri contribuie la dezvoltarea cuno\u015ftin\u0163elor teoretice \u015fi practice \u00een domeniul medicinii dentare.<\/p>\n<p><strong>R\u0103sfoi\u021bi bro\u0219ura de prezentare al Facult\u0103\u021bii de Medicin\u0103 Dentar\u0103<\/strong><\/p>\n<p>&nbsp;<\/p>\n<p><strong>(brosura rasfoibila)<\/strong><\/p>\n<p>&nbsp;<\/p>\n<p><iframe title=\"Facultatea De Medicina Dentara   UMF Cluj-Napoca\" width=\"800\" height=\"450\" src=\"https:\/\/www.youtube.com\/embed\/ZAu79jzHeew?feature=oembed\" frameborder=\"0\" allow=\"accelerometer; autoplay; clipboard-write; encrypted-media; gyroscope; picture-in-picture; web-share\" allowfullscreen><\/iframe><\/p>\n<p>&nbsp;<\/p>\n<p><a href=\"https:\/\/admissions.umfcluj.ro\/auth\/login?return=%2Fcandidat\" target=\"_blank\" rel=\"noopener\"><strong>V\u0102 A\u0218TEPT\u0102M !<\/strong><\/a><\/p>\n<p>&nbsp;<\/p>\n","protected":false},"featured_media":32700,"parent":44253,"menu_order":2,"template":"","class_list":["post-44257","unv","type-unv","status-publish","has-post-thumbnail","hentry"],"acf":[],"yoast_head":"<!-- This site is optimized with the Yoast SEO plugin v27.5 - https:\/\/yoast.com\/product\/yoast-seo-wordpress\/ -->\n<title>Faculty of Dental Medicine - UMF Cluj<\/title>\n<meta name=\"robots\" content=\"index, follow, max-snippet:-1, max-image-preview:large, max-video-preview:-1\" \/>\n<link rel=\"canonical\" href=\"https:\/\/umfcluj.ro\/en\/university\/rectorate\/international-students-department\/admission-international-candidates\/about-umf-iuliu-hatieganu\/faculty-dental-medicine\/\" \/>\n<meta property=\"og:locale\" content=\"en_US\" \/>\n<meta property=\"og:type\" content=\"article\" \/>\n<meta property=\"og:title\" content=\"Faculty of Dental Medicine - UMF Cluj\" \/>\n<meta property=\"og:description\" content=\"Peste 1350 de studen\u021bi sunt \u00eenscri\u0219i la Facultatea de Medicin\u0103 Dentara dintre care, peste 600 sunt studen\u021bi interna\u021bionali. \u00cen timp ce culturile \u0219i limbile lor ar putea fi diferite, tuturor studen\u021bilor li se prezint\u0103 secretele unei profesii unice care r\u0103spunde nevoilor pacientului, le restabile\u0219te s\u0103n\u0103tatea \u0219i le red\u0103 z\u00e2mbetul \u0219i fericirea. Cele 3 linii de [&hellip;]\" \/>\n<meta property=\"og:url\" content=\"https:\/\/umfcluj.ro\/en\/university\/rectorate\/international-students-department\/admission-international-candidates\/about-umf-iuliu-hatieganu\/faculty-dental-medicine\/\" \/>\n<meta property=\"og:site_name\" content=\"UMF Cluj\" \/>\n<meta property=\"article:modified_time\" content=\"2024-03-28T01:18:44+00:00\" \/>\n<meta property=\"og:image\" content=\"https:\/\/cdn.umfcluj.ro\/uploads\/2021\/09\/asse_15.jpg\" \/>\n\t<meta property=\"og:image:width\" content=\"1300\" \/>\n\t<meta property=\"og:image:height\" content=\"894\" \/>\n\t<meta property=\"og:image:type\" content=\"image\/jpeg\" \/>\n<meta name=\"twitter:card\" content=\"summary_large_image\" \/>\n<meta name=\"twitter:label1\" content=\"Est. reading time\" \/>\n\t<meta name=\"twitter:data1\" content=\"2 minutes\" \/>\n<script type=\"application\/ld+json\" class=\"yoast-schema-graph\">{\"@context\":\"https:\\\/\\\/schema.org\",\"@graph\":[{\"@type\":\"WebPage\",\"@id\":\"https:\\\/\\\/umfcluj.ro\\\/en\\\/university\\\/rectorate\\\/international-students-department\\\/admission-international-candidates\\\/about-umf-iuliu-hatieganu\\\/faculty-dental-medicine\\\/\",\"url\":\"https:\\\/\\\/umfcluj.ro\\\/en\\\/university\\\/rectorate\\\/international-students-department\\\/admission-international-candidates\\\/about-umf-iuliu-hatieganu\\\/faculty-dental-medicine\\\/\",\"name\":\"Faculty of Dental Medicine - UMF Cluj\",\"isPartOf\":{\"@id\":\"https:\\\/\\\/umfcluj.ro\\\/en\\\/#website\"},\"primaryImageOfPage\":{\"@id\":\"https:\\\/\\\/umfcluj.ro\\\/en\\\/university\\\/rectorate\\\/international-students-department\\\/admission-international-candidates\\\/about-umf-iuliu-hatieganu\\\/faculty-dental-medicine\\\/#primaryimage\"},\"image\":{\"@id\":\"https:\\\/\\\/umfcluj.ro\\\/en\\\/university\\\/rectorate\\\/international-students-department\\\/admission-international-candidates\\\/about-umf-iuliu-hatieganu\\\/faculty-dental-medicine\\\/#primaryimage\"},\"thumbnailUrl\":\"https:\\\/\\\/cdn.umfcluj.ro\\\/uploads\\\/2021\\\/09\\\/asse_15.jpg\",\"datePublished\":\"2022-09-01T04:57:14+00:00\",\"dateModified\":\"2024-03-28T01:18:44+00:00\",\"breadcrumb\":{\"@id\":\"https:\\\/\\\/umfcluj.ro\\\/en\\\/university\\\/rectorate\\\/international-students-department\\\/admission-international-candidates\\\/about-umf-iuliu-hatieganu\\\/faculty-dental-medicine\\\/#breadcrumb\"},\"inLanguage\":\"en-US\",\"potentialAction\":[{\"@type\":\"ReadAction\",\"target\":[\"https:\\\/\\\/umfcluj.ro\\\/en\\\/university\\\/rectorate\\\/international-students-department\\\/admission-international-candidates\\\/about-umf-iuliu-hatieganu\\\/faculty-dental-medicine\\\/\"]}]},{\"@type\":\"ImageObject\",\"inLanguage\":\"en-US\",\"@id\":\"https:\\\/\\\/umfcluj.ro\\\/en\\\/university\\\/rectorate\\\/international-students-department\\\/admission-international-candidates\\\/about-umf-iuliu-hatieganu\\\/faculty-dental-medicine\\\/#primaryimage\",\"url\":\"https:\\\/\\\/cdn.umfcluj.ro\\\/uploads\\\/2021\\\/09\\\/asse_15.jpg\",\"contentUrl\":\"https:\\\/\\\/cdn.umfcluj.ro\\\/uploads\\\/2021\\\/09\\\/asse_15.jpg\",\"width\":1300,\"height\":894},{\"@type\":\"BreadcrumbList\",\"@id\":\"https:\\\/\\\/umfcluj.ro\\\/en\\\/university\\\/rectorate\\\/international-students-department\\\/admission-international-candidates\\\/about-umf-iuliu-hatieganu\\\/faculty-dental-medicine\\\/#breadcrumb\",\"itemListElement\":[{\"@type\":\"ListItem\",\"position\":1,\"name\":\"Home\",\"item\":\"https:\\\/\\\/umfcluj.ro\\\/en\\\/\"},{\"@type\":\"ListItem\",\"position\":2,\"name\":\"University\",\"item\":\"https:\\\/\\\/umfcluj.ro\\\/en\\\/university\\\/\"},{\"@type\":\"ListItem\",\"position\":3,\"name\":\"Rectorate\",\"item\":\"https:\\\/\\\/umfcluj.ro\\\/en\\\/university\\\/rectorate\\\/\"},{\"@type\":\"ListItem\",\"position\":4,\"name\":\"International Students Department\",\"item\":\"https:\\\/\\\/umfcluj.ro\\\/en\\\/university\\\/rectorate\\\/international-students-department\\\/\"},{\"@type\":\"ListItem\",\"position\":5,\"name\":\"Admission of international candidates\",\"item\":\"https:\\\/\\\/umfcluj.ro\\\/en\\\/university\\\/rectorate\\\/international-students-department\\\/admission-international-candidates\\\/\"},{\"@type\":\"ListItem\",\"position\":6,\"name\":\"About UMF Iuliu Ha\u021bieganu\",\"item\":\"https:\\\/\\\/umfcluj.ro\\\/en\\\/university\\\/rectorate\\\/international-students-department\\\/admission-international-candidates\\\/about-umf-iuliu-hatieganu\\\/\"},{\"@type\":\"ListItem\",\"position\":7,\"name\":\"Faculty of Dental Medicine\"}]},{\"@type\":\"WebSite\",\"@id\":\"https:\\\/\\\/umfcluj.ro\\\/en\\\/#website\",\"url\":\"https:\\\/\\\/umfcluj.ro\\\/en\\\/\",\"name\":\"UMF Cluj\",\"description\":\"Universitatea de Medicina si Farmacie Iuliu Ha\u021bieganu Cluj Napoca\",\"publisher\":{\"@id\":\"https:\\\/\\\/umfcluj.ro\\\/en\\\/#organization\"},\"potentialAction\":[{\"@type\":\"SearchAction\",\"target\":{\"@type\":\"EntryPoint\",\"urlTemplate\":\"https:\\\/\\\/umfcluj.ro\\\/en\\\/?s={search_term_string}\"},\"query-input\":{\"@type\":\"PropertyValueSpecification\",\"valueRequired\":true,\"valueName\":\"search_term_string\"}}],\"inLanguage\":\"en-US\"},{\"@type\":\"Organization\",\"@id\":\"https:\\\/\\\/umfcluj.ro\\\/en\\\/#organization\",\"name\":\"UMF Cluj\",\"url\":\"https:\\\/\\\/umfcluj.ro\\\/en\\\/\",\"logo\":{\"@type\":\"ImageObject\",\"inLanguage\":\"en-US\",\"@id\":\"https:\\\/\\\/umfcluj.ro\\\/en\\\/#\\\/schema\\\/logo\\\/image\\\/\",\"url\":\"https:\\\/\\\/cdn.umfcluj.ro\\\/uploads\\\/2021\\\/05\\\/logo-umfcluj.svg\",\"contentUrl\":\"https:\\\/\\\/cdn.umfcluj.ro\\\/uploads\\\/2021\\\/05\\\/logo-umfcluj.svg\",\"width\":170,\"height\":77,\"caption\":\"UMF Cluj\"},\"image\":{\"@id\":\"https:\\\/\\\/umfcluj.ro\\\/en\\\/#\\\/schema\\\/logo\\\/image\\\/\"}}]}<\/script>\n<!-- \/ Yoast SEO plugin. -->","yoast_head_json":{"title":"Faculty of Dental Medicine - UMF Cluj","robots":{"index":"index","follow":"follow","max-snippet":"max-snippet:-1","max-image-preview":"max-image-preview:large","max-video-preview":"max-video-preview:-1"},"canonical":"https:\/\/umfcluj.ro\/en\/university\/rectorate\/international-students-department\/admission-international-candidates\/about-umf-iuliu-hatieganu\/faculty-dental-medicine\/","og_locale":"en_US","og_type":"article","og_title":"Faculty of Dental Medicine - UMF Cluj","og_description":"Peste 1350 de studen\u021bi sunt \u00eenscri\u0219i la Facultatea de Medicin\u0103 Dentara dintre care, peste 600 sunt studen\u021bi interna\u021bionali. \u00cen timp ce culturile \u0219i limbile lor ar putea fi diferite, tuturor studen\u021bilor li se prezint\u0103 secretele unei profesii unice care r\u0103spunde nevoilor pacientului, le restabile\u0219te s\u0103n\u0103tatea \u0219i le red\u0103 z\u00e2mbetul \u0219i fericirea. Cele 3 linii de [&hellip;]","og_url":"https:\/\/umfcluj.ro\/en\/university\/rectorate\/international-students-department\/admission-international-candidates\/about-umf-iuliu-hatieganu\/faculty-dental-medicine\/","og_site_name":"UMF Cluj","article_modified_time":"2024-03-28T01:18:44+00:00","og_image":[{"width":1300,"height":894,"url":"https:\/\/cdn.umfcluj.ro\/uploads\/2021\/09\/asse_15.jpg","type":"image\/jpeg"}],"twitter_card":"summary_large_image","twitter_misc":{"Est. reading time":"2 minutes"},"schema":{"@context":"https:\/\/schema.org","@graph":[{"@type":"WebPage","@id":"https:\/\/umfcluj.ro\/en\/university\/rectorate\/international-students-department\/admission-international-candidates\/about-umf-iuliu-hatieganu\/faculty-dental-medicine\/","url":"https:\/\/umfcluj.ro\/en\/university\/rectorate\/international-students-department\/admission-international-candidates\/about-umf-iuliu-hatieganu\/faculty-dental-medicine\/","name":"Faculty of Dental Medicine - UMF Cluj","isPartOf":{"@id":"https:\/\/umfcluj.ro\/en\/#website"},"primaryImageOfPage":{"@id":"https:\/\/umfcluj.ro\/en\/university\/rectorate\/international-students-department\/admission-international-candidates\/about-umf-iuliu-hatieganu\/faculty-dental-medicine\/#primaryimage"},"image":{"@id":"https:\/\/umfcluj.ro\/en\/university\/rectorate\/international-students-department\/admission-international-candidates\/about-umf-iuliu-hatieganu\/faculty-dental-medicine\/#primaryimage"},"thumbnailUrl":"https:\/\/cdn.umfcluj.ro\/uploads\/2021\/09\/asse_15.jpg","datePublished":"2022-09-01T04:57:14+00:00","dateModified":"2024-03-28T01:18:44+00:00","breadcrumb":{"@id":"https:\/\/umfcluj.ro\/en\/university\/rectorate\/international-students-department\/admission-international-candidates\/about-umf-iuliu-hatieganu\/faculty-dental-medicine\/#breadcrumb"},"inLanguage":"en-US","potentialAction":[{"@type":"ReadAction","target":["https:\/\/umfcluj.ro\/en\/university\/rectorate\/international-students-department\/admission-international-candidates\/about-umf-iuliu-hatieganu\/faculty-dental-medicine\/"]}]},{"@type":"ImageObject","inLanguage":"en-US","@id":"https:\/\/umfcluj.ro\/en\/university\/rectorate\/international-students-department\/admission-international-candidates\/about-umf-iuliu-hatieganu\/faculty-dental-medicine\/#primaryimage","url":"https:\/\/cdn.umfcluj.ro\/uploads\/2021\/09\/asse_15.jpg","contentUrl":"https:\/\/cdn.umfcluj.ro\/uploads\/2021\/09\/asse_15.jpg","width":1300,"height":894},{"@type":"BreadcrumbList","@id":"https:\/\/umfcluj.ro\/en\/university\/rectorate\/international-students-department\/admission-international-candidates\/about-umf-iuliu-hatieganu\/faculty-dental-medicine\/#breadcrumb","itemListElement":[{"@type":"ListItem","position":1,"name":"Home","item":"https:\/\/umfcluj.ro\/en\/"},{"@type":"ListItem","position":2,"name":"University","item":"https:\/\/umfcluj.ro\/en\/university\/"},{"@type":"ListItem","position":3,"name":"Rectorate","item":"https:\/\/umfcluj.ro\/en\/university\/rectorate\/"},{"@type":"ListItem","position":4,"name":"International Students Department","item":"https:\/\/umfcluj.ro\/en\/university\/rectorate\/international-students-department\/"},{"@type":"ListItem","position":5,"name":"Admission of international candidates","item":"https:\/\/umfcluj.ro\/en\/university\/rectorate\/international-students-department\/admission-international-candidates\/"},{"@type":"ListItem","position":6,"name":"About UMF Iuliu Ha\u021bieganu","item":"https:\/\/umfcluj.ro\/en\/university\/rectorate\/international-students-department\/admission-international-candidates\/about-umf-iuliu-hatieganu\/"},{"@type":"ListItem","position":7,"name":"Faculty of Dental Medicine"}]},{"@type":"WebSite","@id":"https:\/\/umfcluj.ro\/en\/#website","url":"https:\/\/umfcluj.ro\/en\/","name":"UMF Cluj","description":"Universitatea de Medicina si Farmacie Iuliu Ha\u021bieganu Cluj Napoca","publisher":{"@id":"https:\/\/umfcluj.ro\/en\/#organization"},"potentialAction":[{"@type":"SearchAction","target":{"@type":"EntryPoint","urlTemplate":"https:\/\/umfcluj.ro\/en\/?s={search_term_string}"},"query-input":{"@type":"PropertyValueSpecification","valueRequired":true,"valueName":"search_term_string"}}],"inLanguage":"en-US"},{"@type":"Organization","@id":"https:\/\/umfcluj.ro\/en\/#organization","name":"UMF Cluj","url":"https:\/\/umfcluj.ro\/en\/","logo":{"@type":"ImageObject","inLanguage":"en-US","@id":"https:\/\/umfcluj.ro\/en\/#\/schema\/logo\/image\/","url":"https:\/\/cdn.umfcluj.ro\/uploads\/2021\/05\/logo-umfcluj.svg","contentUrl":"https:\/\/cdn.umfcluj.ro\/uploads\/2021\/05\/logo-umfcluj.svg","width":170,"height":77,"caption":"UMF Cluj"},"image":{"@id":"https:\/\/umfcluj.ro\/en\/#\/schema\/logo\/image\/"}}]}},"_links":{"self":[{"href":"https:\/\/umfcluj.ro\/en\/wp-json\/wp\/v2\/unv\/44257","targetHints":{"allow":["GET"]}}],"collection":[{"href":"https:\/\/umfcluj.ro\/en\/wp-json\/wp\/v2\/unv"}],"about":[{"href":"https:\/\/umfcluj.ro\/en\/wp-json\/wp\/v2\/types\/unv"}],"version-history":[{"count":1,"href":"https:\/\/umfcluj.ro\/en\/wp-json\/wp\/v2\/unv\/44257\/revisions"}],"predecessor-version":[{"id":44309,"href":"https:\/\/umfcluj.ro\/en\/wp-json\/wp\/v2\/unv\/44257\/revisions\/44309"}],"up":[{"embeddable":true,"href":"https:\/\/umfcluj.ro\/en\/wp-json\/wp\/v2\/unv\/44253"}],"wp:featuredmedia":[{"embeddable":true,"href":"https:\/\/umfcluj.ro\/en\/wp-json\/wp\/v2\/media\/32700"}],"wp:attachment":[{"href":"https:\/\/umfcluj.ro\/en\/wp-json\/wp\/v2\/media?parent=44257"}],"curies":[{"name":"wp","href":"https:\/\/api.w.org\/{rel}","templated":true}]}}