{"id":46642,"date":"2022-02-22T11:00:45","date_gmt":"2022-02-22T09:00:45","guid":{"rendered":"https:\/\/umfcluj.ro\/meddent\/educatie\/studenti\/practica-medicala\/"},"modified":"2024-04-01T05:50:32","modified_gmt":"2024-04-01T02:50:32","slug":"summer-medical-practice","status":"publish","type":"dent","link":"https:\/\/umfcluj.ro\/en\/dental-medicine\/education\/students\/summer-medical-practice\/","title":{"rendered":"Summer medical practice"},"content":{"rendered":"<p><strong>INFORMA\u021aII REFERITOARE LA\u00a0<\/strong><strong>PRACTICA MEDICAL\u0102 DE SPECIALITATE<\/strong><\/p>\n<p><strong style=\"color: var( --e-global-color-text ); font-family: var( --e-global-typography-text-font-family ), Sans-serif; font-size: var( --e-global-typography-text-font-size );\">\u00a0<\/strong><\/p>\n<p><strong style=\"color: var( --e-global-color-text ); font-family: var( --e-global-typography-text-font-family ), Sans-serif; font-size: var( --e-global-typography-text-font-size );\">Ce este practica medical\u0103 de specialitate?<\/strong><\/p>\n<p>Practica medical\u0103 de specialitate este o activitate didactic\u0103 obligatorie \u00een curriculum-ul Facult\u0103\u021bii de Medicin\u0103 Dentar\u0103 \u00eencep\u00e2nd cu anul I \u0219i p\u00e2n\u0103 \u00een anul V specializarea Medicin\u0103 Dentar\u0103 respectiv anul II specializarea Tehnic\u0103 dentar\u0103.<\/p>\n<p>&nbsp;<\/p>\n<p><strong>Care este durata \u0219i perioada de desf\u0103\u0219urare a practicii clinice de specialitate?<\/strong><\/p>\n<p>Conform Planului de \u00eenv\u0103\u021b\u0103m\u00e2nt, num\u0103rul de ore de practic\u0103 de var\u0103 este de 100 (Tehnic\u0103 Dentar\u0103) sau 160 (Medicin\u0103 Dentar\u0103) de ore pentru fiecare an de studiu.<\/p>\n<p>Practica de var\u0103 se desf\u0103\u0219oar\u0103 pe o perioad\u0103 de\u00a0maxim\u00a0<strong>4 s\u0103pt\u0103m\u00e2ni,\u00a0<\/strong>timp de\u00a0maxim 8 ore\/zi.<\/p>\n<p>&nbsp;<\/p>\n<p><strong>Conven\u021bia-cadru privind efectuarea stagiilor de practic\u0103<\/strong><\/p>\n<p>Conven\u021biile-cadru se pot desc\u0103rca de pe site-ul Facult\u0103\u021bii de Medicin\u0103 Dentar\u0103. Ele vor fi semnate de partenerii de practic\u0103, de student \u0219i apoi de reprezentantul UMF. Studen\u021bii care efectueaz\u0103 practica de specialitate \u00een Rom\u00e2nia vor prezenta conven\u021bii \u00een\u00a0<em>limba rom\u00e2n\u0103<\/em>\u00a0(indiferent de linia de studiu: rom\u00e2n\u0103, francez\u0103 sau englez\u0103). Studen\u021bii care efectueaz\u0103 practica de specialitate \u00een afara Rom\u00e2niei, vor utiliza conven\u021biile-cadru \u00een limba francez\u0103 sau englez\u0103 dup\u0103 caz.<\/p>\n<p>&nbsp;<\/p>\n<p><strong>Unde se desf\u0103\u0219oar\u0103 practica medical\u0103 de specialitate?<\/strong><\/p>\n<p>Practica medical\u0103 de specialitate se desf\u0103\u0219oar\u0103 \u00een baza tematicii din raportul de practic\u0103 \u00een loca\u021bii din cadrul Facult\u0103\u021bii de Medicin\u0103 Dentar\u0103 sau \u00een cabinete stomatologice din Rom\u00e2nia sau alt\u0103 \u021bar\u0103.<\/p>\n<p>&nbsp;<\/p>\n<p><strong>Cine poate fi \u00eendrum\u0103tor de practic\u0103?<\/strong><\/p>\n<p>\u00cendrum\u0103torii de practic\u0103 medical\u0103 de specialitate trebuie s\u0103 fie medici speciali\u0219ti.<\/p>\n<p>&nbsp;<\/p>\n<p><strong>C\u00e2te credite num\u0103r\u0103 practica medical\u0103 de specialitate<\/strong>?<\/p>\n<p>Pentru aceast\u0103 activitate studen\u021bii vor primi\u00a0<em>2 credite<\/em>\u00a0pe an.<\/p>\n<p>&nbsp;<\/p>\n<p><strong>Cum este evaluat\u0103 practica medical\u0103 de specialitate?<\/strong><\/p>\n<p>Practica medical\u0103 de specialitate este notat\u0103 cu calificativul\u00a0<em>admis<\/em>\/<em>respins<\/em>\u00a0de c\u0103tre evaluatorul de practic\u0103 din anul universitar. Notarea \u0219i acordarea creditelor se efectueaz\u0103 \u00een perioada\u00a0<strong>_____________.<\/strong><\/p>\n<p>&nbsp;<\/p>\n<article data-dce-post-id=\"14050\" data-dce-post-index=\"0\">\n<style>.elementor-19794 .elementor-element.elementor-element-dbc1b28:not(.elementor-motion-effects-element-type-background), .elementor-19794 .elementor-element.elementor-element-dbc1b28 > .elementor-motion-effects-container > .elementor-motion-effects-layer{background-color:var( --e-global-color-6e08e71 );}.elementor-19794 .elementor-element.elementor-element-dbc1b28{transition:background 0.3s, border 0.3s, border-radius 0.3s, box-shadow 0.3s;}.elementor-19794 .elementor-element.elementor-element-dbc1b28 > .elementor-background-overlay{transition:background 0.3s, border-radius 0.3s, opacity 0.3s;}.elementor-19794 .elementor-element.elementor-element-c7c2f14 > .elementor-element-populated{border-style:solid;border-width:2px 2px 2px 2px;border-color:var( --e-global-color-515d68c );transition:background 0.3s, border 0.3s, border-radius 0.3s, box-shadow 0.3s;padding:10px 0px 10px 0px;}.elementor-19794 .elementor-element.elementor-element-c7c2f14 > .elementor-element-populated > .elementor-background-overlay{transition:background 0.3s, border-radius 0.3s, opacity 0.3s;}.elementor-19794 .elementor-element.elementor-element-d12a3d9 .elementor-heading-title{color:var( --e-global-color-74e0d80 );font-family:\"Montserrat\", Sans-serif;font-size:16px;font-weight:500;line-height:20px;}.elementor-19794 .elementor-element.elementor-element-d12a3d9 > .elementor-widget-container{padding:0px 10px 0px 10px;}.elementor-19794 .elementor-element.elementor-element-1da2066{margin-top:0px;margin-bottom:30px;}.elementor-19794 .elementor-element.elementor-element-9e76f53 > .elementor-widget-wrap > .elementor-widget:not(.elementor-widget__width-auto):not(.elementor-widget__width-initial):not(:last-child):not(.elementor-absolute){margin-bottom:0px;}.elementor-19794 .elementor-element.elementor-element-9e76f53 > .elementor-element-populated{padding:0px 0px 0px 0px;}.elementor-19794 .elementor-element.elementor-element-8dc89c9{text-align:left;}.elementor-19794 .elementor-element.elementor-element-8dc89c9 .elementor-heading-title{color:var( --e-global-color-74e0d80 );font-family:\"Montserrat\", Sans-serif;font-size:18px;font-weight:500;line-height:24px;}.elementor-19794 .elementor-element.elementor-element-8dc89c9 > .elementor-widget-container{margin:0px 0px 0px 0px;padding:20px 20px 20px 20px;background-color:#115F8D;}@media(max-width:1024px){.elementor-19794 .elementor-element.elementor-element-1da2066{margin-top:0px;margin-bottom:0px;}}@media(max-width:767px){.elementor-19794 .elementor-element.elementor-element-9e76f53 > .elementor-element-populated{margin:0px 5px 0px 0px;--e-column-margin-right:5px;--e-column-margin-left:0px;padding:0px 0px 20px 0px;}.elementor-19794 .elementor-element.elementor-element-8dc89c9 > .elementor-widget-container{margin:0px 0px 0px 0px;padding:10px 10px 10px 10px;}}<\/style>\n<section data-id=\"1da2066\" data-element_type=\"section\"><\/section>\n<\/article>\n<article data-dce-post-id=\"14052\" data-dce-post-index=\"1\">\n<style>.elementor-19794 .elementor-element.elementor-element-dbc1b28:not(.elementor-motion-effects-element-type-background), .elementor-19794 .elementor-element.elementor-element-dbc1b28 > .elementor-motion-effects-container > .elementor-motion-effects-layer{background-color:var( --e-global-color-6e08e71 );}.elementor-19794 .elementor-element.elementor-element-dbc1b28{transition:background 0.3s, border 0.3s, border-radius 0.3s, box-shadow 0.3s;}.elementor-19794 .elementor-element.elementor-element-dbc1b28 > .elementor-background-overlay{transition:background 0.3s, border-radius 0.3s, opacity 0.3s;}.elementor-19794 .elementor-element.elementor-element-c7c2f14 > .elementor-element-populated{border-style:solid;border-width:2px 2px 2px 2px;border-color:var( --e-global-color-515d68c );transition:background 0.3s, border 0.3s, border-radius 0.3s, box-shadow 0.3s;padding:10px 0px 10px 0px;}.elementor-19794 .elementor-element.elementor-element-c7c2f14 > .elementor-element-populated > .elementor-background-overlay{transition:background 0.3s, border-radius 0.3s, opacity 0.3s;}.elementor-19794 .elementor-element.elementor-element-d12a3d9 .elementor-heading-title{color:var( --e-global-color-74e0d80 );font-family:\"Montserrat\", Sans-serif;font-size:16px;font-weight:500;line-height:20px;}.elementor-19794 .elementor-element.elementor-element-d12a3d9 > .elementor-widget-container{padding:0px 10px 0px 10px;}.elementor-19794 .elementor-element.elementor-element-1da2066{margin-top:0px;margin-bottom:30px;}.elementor-19794 .elementor-element.elementor-element-9e76f53 > .elementor-widget-wrap > .elementor-widget:not(.elementor-widget__width-auto):not(.elementor-widget__width-initial):not(:last-child):not(.elementor-absolute){margin-bottom:0px;}.elementor-19794 .elementor-element.elementor-element-9e76f53 > .elementor-element-populated{padding:0px 0px 0px 0px;}.elementor-19794 .elementor-element.elementor-element-8dc89c9{text-align:left;}.elementor-19794 .elementor-element.elementor-element-8dc89c9 .elementor-heading-title{color:var( --e-global-color-74e0d80 );font-family:\"Montserrat\", Sans-serif;font-size:18px;font-weight:500;line-height:24px;}.elementor-19794 .elementor-element.elementor-element-8dc89c9 > .elementor-widget-container{margin:0px 0px 0px 0px;padding:20px 20px 20px 20px;background-color:#115F8D;}@media(max-width:1024px){.elementor-19794 .elementor-element.elementor-element-1da2066{margin-top:0px;margin-bottom:0px;}}@media(max-width:767px){.elementor-19794 .elementor-element.elementor-element-9e76f53 > .elementor-element-populated{margin:0px 5px 0px 0px;--e-column-margin-right:5px;--e-column-margin-left:0px;padding:0px 0px 20px 0px;}.elementor-19794 .elementor-element.elementor-element-8dc89c9 > .elementor-widget-container{margin:0px 0px 0px 0px;padding:10px 10px 10px 10px;}}<\/style>\n<section data-id=\"1da2066\" data-element_type=\"section\"><\/section>\n<\/article>\n","protected":false},"featured_media":39440,"parent":46630,"menu_order":7,"template":"","class_list":["post-46642","dent","type-dent","status-publish","has-post-thumbnail","hentry"],"acf":[],"yoast_head":"<!-- This site is optimized with the Yoast SEO plugin v27.5 - https:\/\/yoast.com\/product\/yoast-seo-wordpress\/ -->\n<title>Summer medical practice - UMF Cluj<\/title>\n<meta name=\"robots\" content=\"index, follow, max-snippet:-1, max-image-preview:large, max-video-preview:-1\" \/>\n<link rel=\"canonical\" href=\"https:\/\/umfcluj.ro\/en\/dental-medicine\/education\/students\/summer-medical-practice\/\" \/>\n<meta property=\"og:locale\" content=\"en_US\" \/>\n<meta property=\"og:type\" content=\"article\" \/>\n<meta property=\"og:title\" content=\"Summer medical practice - UMF Cluj\" \/>\n<meta property=\"og:description\" content=\"INFORMA\u021aII REFERITOARE LA\u00a0PRACTICA MEDICAL\u0102 DE SPECIALITATE \u00a0 Ce este practica medical\u0103 de specialitate? Practica medical\u0103 de specialitate este o activitate didactic\u0103 obligatorie \u00een curriculum-ul Facult\u0103\u021bii de Medicin\u0103 Dentar\u0103 \u00eencep\u00e2nd cu anul I \u0219i p\u00e2n\u0103 \u00een anul V specializarea Medicin\u0103 Dentar\u0103 respectiv anul II specializarea Tehnic\u0103 dentar\u0103. &nbsp; Care este durata \u0219i perioada de desf\u0103\u0219urare a [&hellip;]\" \/>\n<meta property=\"og:url\" content=\"https:\/\/umfcluj.ro\/en\/dental-medicine\/education\/students\/summer-medical-practice\/\" \/>\n<meta property=\"og:site_name\" content=\"UMF Cluj\" \/>\n<meta property=\"article:modified_time\" content=\"2024-04-01T02:50:32+00:00\" \/>\n<meta property=\"og:image\" content=\"https:\/\/cdn.umfcluj.ro\/uploads\/2022\/02\/Practica-de-vara-scaled.jpg\" \/>\n\t<meta property=\"og:image:width\" content=\"2560\" \/>\n\t<meta property=\"og:image:height\" content=\"1700\" \/>\n\t<meta property=\"og:image:type\" content=\"image\/jpeg\" \/>\n<meta name=\"twitter:card\" content=\"summary_large_image\" \/>\n<meta name=\"twitter:label1\" content=\"Est. reading time\" \/>\n\t<meta name=\"twitter:data1\" content=\"2 minutes\" \/>\n<script type=\"application\/ld+json\" class=\"yoast-schema-graph\">{\"@context\":\"https:\\\/\\\/schema.org\",\"@graph\":[{\"@type\":\"WebPage\",\"@id\":\"https:\\\/\\\/umfcluj.ro\\\/en\\\/dental-medicine\\\/education\\\/students\\\/summer-medical-practice\\\/\",\"url\":\"https:\\\/\\\/umfcluj.ro\\\/en\\\/dental-medicine\\\/education\\\/students\\\/summer-medical-practice\\\/\",\"name\":\"Summer medical practice - UMF Cluj\",\"isPartOf\":{\"@id\":\"https:\\\/\\\/umfcluj.ro\\\/en\\\/#website\"},\"primaryImageOfPage\":{\"@id\":\"https:\\\/\\\/umfcluj.ro\\\/en\\\/dental-medicine\\\/education\\\/students\\\/summer-medical-practice\\\/#primaryimage\"},\"image\":{\"@id\":\"https:\\\/\\\/umfcluj.ro\\\/en\\\/dental-medicine\\\/education\\\/students\\\/summer-medical-practice\\\/#primaryimage\"},\"thumbnailUrl\":\"https:\\\/\\\/cdn.umfcluj.ro\\\/uploads\\\/2022\\\/02\\\/Practica-de-vara-scaled.jpg\",\"datePublished\":\"2022-02-22T09:00:45+00:00\",\"dateModified\":\"2024-04-01T02:50:32+00:00\",\"breadcrumb\":{\"@id\":\"https:\\\/\\\/umfcluj.ro\\\/en\\\/dental-medicine\\\/education\\\/students\\\/summer-medical-practice\\\/#breadcrumb\"},\"inLanguage\":\"en-US\",\"potentialAction\":[{\"@type\":\"ReadAction\",\"target\":[\"https:\\\/\\\/umfcluj.ro\\\/en\\\/dental-medicine\\\/education\\\/students\\\/summer-medical-practice\\\/\"]}]},{\"@type\":\"ImageObject\",\"inLanguage\":\"en-US\",\"@id\":\"https:\\\/\\\/umfcluj.ro\\\/en\\\/dental-medicine\\\/education\\\/students\\\/summer-medical-practice\\\/#primaryimage\",\"url\":\"https:\\\/\\\/cdn.umfcluj.ro\\\/uploads\\\/2022\\\/02\\\/Practica-de-vara-scaled.jpg\",\"contentUrl\":\"https:\\\/\\\/cdn.umfcluj.ro\\\/uploads\\\/2022\\\/02\\\/Practica-de-vara-scaled.jpg\",\"width\":2560,\"height\":1700},{\"@type\":\"BreadcrumbList\",\"@id\":\"https:\\\/\\\/umfcluj.ro\\\/en\\\/dental-medicine\\\/education\\\/students\\\/summer-medical-practice\\\/#breadcrumb\",\"itemListElement\":[{\"@type\":\"ListItem\",\"position\":1,\"name\":\"Home\",\"item\":\"https:\\\/\\\/umfcluj.ro\\\/en\\\/\"},{\"@type\":\"ListItem\",\"position\":2,\"name\":\"Faculty of Dental Medicine\",\"item\":\"https:\\\/\\\/umfcluj.ro\\\/en\\\/dental-medicine\\\/\"},{\"@type\":\"ListItem\",\"position\":3,\"name\":\"Education\",\"item\":\"https:\\\/\\\/umfcluj.ro\\\/en\\\/dental-medicine\\\/education\\\/\"},{\"@type\":\"ListItem\",\"position\":4,\"name\":\"Students\",\"item\":\"https:\\\/\\\/umfcluj.ro\\\/en\\\/dental-medicine\\\/education\\\/students\\\/\"},{\"@type\":\"ListItem\",\"position\":5,\"name\":\"Summer medical practice\"}]},{\"@type\":\"WebSite\",\"@id\":\"https:\\\/\\\/umfcluj.ro\\\/en\\\/#website\",\"url\":\"https:\\\/\\\/umfcluj.ro\\\/en\\\/\",\"name\":\"UMF Cluj\",\"description\":\"Universitatea de Medicina si Farmacie Iuliu Ha\u021bieganu Cluj Napoca\",\"publisher\":{\"@id\":\"https:\\\/\\\/umfcluj.ro\\\/en\\\/#organization\"},\"potentialAction\":[{\"@type\":\"SearchAction\",\"target\":{\"@type\":\"EntryPoint\",\"urlTemplate\":\"https:\\\/\\\/umfcluj.ro\\\/en\\\/?s={search_term_string}\"},\"query-input\":{\"@type\":\"PropertyValueSpecification\",\"valueRequired\":true,\"valueName\":\"search_term_string\"}}],\"inLanguage\":\"en-US\"},{\"@type\":\"Organization\",\"@id\":\"https:\\\/\\\/umfcluj.ro\\\/en\\\/#organization\",\"name\":\"UMF Cluj\",\"url\":\"https:\\\/\\\/umfcluj.ro\\\/en\\\/\",\"logo\":{\"@type\":\"ImageObject\",\"inLanguage\":\"en-US\",\"@id\":\"https:\\\/\\\/umfcluj.ro\\\/en\\\/#\\\/schema\\\/logo\\\/image\\\/\",\"url\":\"https:\\\/\\\/cdn.umfcluj.ro\\\/uploads\\\/2021\\\/05\\\/logo-umfcluj.svg\",\"contentUrl\":\"https:\\\/\\\/cdn.umfcluj.ro\\\/uploads\\\/2021\\\/05\\\/logo-umfcluj.svg\",\"width\":170,\"height\":77,\"caption\":\"UMF Cluj\"},\"image\":{\"@id\":\"https:\\\/\\\/umfcluj.ro\\\/en\\\/#\\\/schema\\\/logo\\\/image\\\/\"}}]}<\/script>\n<!-- \/ Yoast SEO plugin. -->","yoast_head_json":{"title":"Summer medical practice - UMF Cluj","robots":{"index":"index","follow":"follow","max-snippet":"max-snippet:-1","max-image-preview":"max-image-preview:large","max-video-preview":"max-video-preview:-1"},"canonical":"https:\/\/umfcluj.ro\/en\/dental-medicine\/education\/students\/summer-medical-practice\/","og_locale":"en_US","og_type":"article","og_title":"Summer medical practice - UMF Cluj","og_description":"INFORMA\u021aII REFERITOARE LA\u00a0PRACTICA MEDICAL\u0102 DE SPECIALITATE \u00a0 Ce este practica medical\u0103 de specialitate? Practica medical\u0103 de specialitate este o activitate didactic\u0103 obligatorie \u00een curriculum-ul Facult\u0103\u021bii de Medicin\u0103 Dentar\u0103 \u00eencep\u00e2nd cu anul I \u0219i p\u00e2n\u0103 \u00een anul V specializarea Medicin\u0103 Dentar\u0103 respectiv anul II specializarea Tehnic\u0103 dentar\u0103. &nbsp; Care este durata \u0219i perioada de desf\u0103\u0219urare a [&hellip;]","og_url":"https:\/\/umfcluj.ro\/en\/dental-medicine\/education\/students\/summer-medical-practice\/","og_site_name":"UMF Cluj","article_modified_time":"2024-04-01T02:50:32+00:00","og_image":[{"width":2560,"height":1700,"url":"https:\/\/cdn.umfcluj.ro\/uploads\/2022\/02\/Practica-de-vara-scaled.jpg","type":"image\/jpeg"}],"twitter_card":"summary_large_image","twitter_misc":{"Est. reading time":"2 minutes"},"schema":{"@context":"https:\/\/schema.org","@graph":[{"@type":"WebPage","@id":"https:\/\/umfcluj.ro\/en\/dental-medicine\/education\/students\/summer-medical-practice\/","url":"https:\/\/umfcluj.ro\/en\/dental-medicine\/education\/students\/summer-medical-practice\/","name":"Summer medical practice - UMF Cluj","isPartOf":{"@id":"https:\/\/umfcluj.ro\/en\/#website"},"primaryImageOfPage":{"@id":"https:\/\/umfcluj.ro\/en\/dental-medicine\/education\/students\/summer-medical-practice\/#primaryimage"},"image":{"@id":"https:\/\/umfcluj.ro\/en\/dental-medicine\/education\/students\/summer-medical-practice\/#primaryimage"},"thumbnailUrl":"https:\/\/cdn.umfcluj.ro\/uploads\/2022\/02\/Practica-de-vara-scaled.jpg","datePublished":"2022-02-22T09:00:45+00:00","dateModified":"2024-04-01T02:50:32+00:00","breadcrumb":{"@id":"https:\/\/umfcluj.ro\/en\/dental-medicine\/education\/students\/summer-medical-practice\/#breadcrumb"},"inLanguage":"en-US","potentialAction":[{"@type":"ReadAction","target":["https:\/\/umfcluj.ro\/en\/dental-medicine\/education\/students\/summer-medical-practice\/"]}]},{"@type":"ImageObject","inLanguage":"en-US","@id":"https:\/\/umfcluj.ro\/en\/dental-medicine\/education\/students\/summer-medical-practice\/#primaryimage","url":"https:\/\/cdn.umfcluj.ro\/uploads\/2022\/02\/Practica-de-vara-scaled.jpg","contentUrl":"https:\/\/cdn.umfcluj.ro\/uploads\/2022\/02\/Practica-de-vara-scaled.jpg","width":2560,"height":1700},{"@type":"BreadcrumbList","@id":"https:\/\/umfcluj.ro\/en\/dental-medicine\/education\/students\/summer-medical-practice\/#breadcrumb","itemListElement":[{"@type":"ListItem","position":1,"name":"Home","item":"https:\/\/umfcluj.ro\/en\/"},{"@type":"ListItem","position":2,"name":"Faculty of Dental Medicine","item":"https:\/\/umfcluj.ro\/en\/dental-medicine\/"},{"@type":"ListItem","position":3,"name":"Education","item":"https:\/\/umfcluj.ro\/en\/dental-medicine\/education\/"},{"@type":"ListItem","position":4,"name":"Students","item":"https:\/\/umfcluj.ro\/en\/dental-medicine\/education\/students\/"},{"@type":"ListItem","position":5,"name":"Summer medical practice"}]},{"@type":"WebSite","@id":"https:\/\/umfcluj.ro\/en\/#website","url":"https:\/\/umfcluj.ro\/en\/","name":"UMF Cluj","description":"Universitatea de Medicina si Farmacie Iuliu Ha\u021bieganu Cluj Napoca","publisher":{"@id":"https:\/\/umfcluj.ro\/en\/#organization"},"potentialAction":[{"@type":"SearchAction","target":{"@type":"EntryPoint","urlTemplate":"https:\/\/umfcluj.ro\/en\/?s={search_term_string}"},"query-input":{"@type":"PropertyValueSpecification","valueRequired":true,"valueName":"search_term_string"}}],"inLanguage":"en-US"},{"@type":"Organization","@id":"https:\/\/umfcluj.ro\/en\/#organization","name":"UMF Cluj","url":"https:\/\/umfcluj.ro\/en\/","logo":{"@type":"ImageObject","inLanguage":"en-US","@id":"https:\/\/umfcluj.ro\/en\/#\/schema\/logo\/image\/","url":"https:\/\/cdn.umfcluj.ro\/uploads\/2021\/05\/logo-umfcluj.svg","contentUrl":"https:\/\/cdn.umfcluj.ro\/uploads\/2021\/05\/logo-umfcluj.svg","width":170,"height":77,"caption":"UMF Cluj"},"image":{"@id":"https:\/\/umfcluj.ro\/en\/#\/schema\/logo\/image\/"}}]}},"_links":{"self":[{"href":"https:\/\/umfcluj.ro\/en\/wp-json\/wp\/v2\/dent\/46642","targetHints":{"allow":["GET"]}}],"collection":[{"href":"https:\/\/umfcluj.ro\/en\/wp-json\/wp\/v2\/dent"}],"about":[{"href":"https:\/\/umfcluj.ro\/en\/wp-json\/wp\/v2\/types\/dent"}],"version-history":[{"count":2,"href":"https:\/\/umfcluj.ro\/en\/wp-json\/wp\/v2\/dent\/46642\/revisions"}],"predecessor-version":[{"id":46666,"href":"https:\/\/umfcluj.ro\/en\/wp-json\/wp\/v2\/dent\/46642\/revisions\/46666"}],"up":[{"embeddable":true,"href":"https:\/\/umfcluj.ro\/en\/wp-json\/wp\/v2\/dent\/46630"}],"wp:featuredmedia":[{"embeddable":true,"href":"https:\/\/umfcluj.ro\/en\/wp-json\/wp\/v2\/media\/39440"}],"wp:attachment":[{"href":"https:\/\/umfcluj.ro\/en\/wp-json\/wp\/v2\/media?parent=46642"}],"curies":[{"name":"wp","href":"https:\/\/api.w.org\/{rel}","templated":true}]}}